{"id":5773,"date":"2024-05-13T16:42:26","date_gmt":"2024-05-13T14:42:26","guid":{"rendered":"https:\/\/berner-neurologie.ch\/?page_id=5773"},"modified":"2026-01-30T14:35:09","modified_gmt":"2026-01-30T13:35:09","slug":"dr-med-ulfrid-amberger","status":"publish","type":"page","link":"https:\/\/berner-neurologie.ch\/fr\/dr-med-ulfrid-amberger\/","title":{"rendered":"Dr m\u00e9d. Ulfrid Amberger"},"content":{"rendered":"\t\t<div data-elementor-type=\"wp-page\" data-elementor-id=\"5773\" class=\"elementor elementor-5773 elementor-5350\" data-elementor-post-type=\"page\">\n\t\t\t\t\t\t<section class=\"elementor-section elementor-top-section elementor-element elementor-element-1dc46ce elementor-section-boxed elementor-section-height-default elementor-section-height-default\" data-id=\"1dc46ce\" data-element_type=\"section\" data-e-type=\"section\">\n\t\t\t\t\t\t<div class=\"elementor-container elementor-column-gap-default\">\n\t\t\t\t\t<div class=\"elementor-column elementor-col-100 elementor-top-column elementor-element elementor-element-5d653bd\" data-id=\"5d653bd\" data-element_type=\"column\" data-e-type=\"column\">\n\t\t\t<div class=\"elementor-widget-wrap elementor-element-populated\">\n\t\t\t\t\t\t<section class=\"elementor-section elementor-inner-section elementor-element elementor-element-f023436 elementor-section-full_width elementor-section-height-default elementor-section-height-default\" data-id=\"f023436\" data-element_type=\"section\" data-e-type=\"section\">\n\t\t\t\t\t\t<div class=\"elementor-container elementor-column-gap-default\">\n\t\t\t\t\t<div class=\"elementor-column elementor-col-50 elementor-inner-column elementor-element elementor-element-1df67f6\" data-id=\"1df67f6\" data-element_type=\"column\" data-e-type=\"column\">\n\t\t\t<div class=\"elementor-widget-wrap elementor-element-populated\">\n\t\t\t\t\t\t<div class=\"elementor-element elementor-element-76b15b3 elementor-widget elementor-widget-heading\" data-id=\"76b15b3\" data-element_type=\"widget\" data-e-type=\"widget\" data-widget_type=\"heading.default\">\n\t\t\t\t<div class=\"elementor-widget-container\">\n\t\t\t\t\t<h2 class=\"elementor-heading-title elementor-size-default\">Dr m\u00e9d. Ulfrid Amberger<\/h2>\t\t\t\t<\/div>\n\t\t\t\t<\/div>\n\t\t\t\t<div class=\"elementor-element elementor-element-560c407 elementor-widget-divider--view-line elementor-widget elementor-widget-divider\" data-id=\"560c407\" data-element_type=\"widget\" data-e-type=\"widget\" data-widget_type=\"divider.default\">\n\t\t\t\t<div class=\"elementor-widget-container\">\n\t\t\t\t\t\t\t<div class=\"elementor-divider\">\n\t\t\t<span class=\"elementor-divider-separator\">\n\t\t\t\t\t\t<\/span>\n\t\t<\/div>\n\t\t\t\t\t\t<\/div>\n\t\t\t\t<\/div>\n\t\t\t\t<div class=\"elementor-element elementor-element-6b8d429 elementor-widget elementor-widget-text-editor\" data-id=\"6b8d429\" data-element_type=\"widget\" data-e-type=\"widget\" data-widget_type=\"text-editor.default\">\n\t\t\t\t<div class=\"elementor-widget-container\">\n\t\t\t\t\t\t\t\t\t<p>Sp\u00e9cialiste en neurologie FMH<\/p>\n\t\t\t\t\t\t\t\t<\/div>\n\t\t\t\t<\/div>\n\t\t\t\t\t<\/div>\n\t\t<\/div>\n\t\t\t\t<div class=\"elementor-column elementor-col-50 elementor-inner-column elementor-element elementor-element-ddd4e1c\" data-id=\"ddd4e1c\" data-element_type=\"column\" data-e-type=\"column\">\n\t\t\t<div class=\"elementor-widget-wrap\">\n\t\t\t\t\t\t\t<\/div>\n\t\t<\/div>\n\t\t\t\t\t<\/div>\n\t\t<\/section>\n\t\t\t\t<section class=\"elementor-section elementor-inner-section elementor-element elementor-element-1738834 elementor-section-full_width elementor-section-height-default elementor-section-height-default\" data-id=\"1738834\" data-element_type=\"section\" data-e-type=\"section\">\n\t\t\t\t\t\t<div class=\"elementor-container elementor-column-gap-default\">\n\t\t\t\t\t<div class=\"elementor-column elementor-col-50 elementor-inner-column elementor-element elementor-element-4e50ed0\" data-id=\"4e50ed0\" data-element_type=\"column\" data-e-type=\"column\">\n\t\t\t<div class=\"elementor-widget-wrap elementor-element-populated\">\n\t\t\t\t\t\t<div class=\"elementor-element elementor-element-859bf5b elementor-widget elementor-widget-image\" data-id=\"859bf5b\" data-element_type=\"widget\" data-e-type=\"widget\" data-widget_type=\"image.default\">\n\t\t\t\t<div class=\"elementor-widget-container\">\n\t\t\t\t\t\t\t\t\t\t\t\t\t\t\t<img fetchpriority=\"high\" decoding=\"async\" width=\"751\" height=\"455\" src=\"https:\/\/berner-neurologie.ch\/wp-content\/uploads\/2024\/08\/NeurologierBern_Amberger_Ulfrid.jpg\" class=\"attachment-full size-full wp-image-6089\" alt=\"\" \/>\t\t\t\t\t\t\t\t\t\t\t\t\t\t\t<\/div>\n\t\t\t\t<\/div>\n\t\t\t\t<div class=\"elementor-element elementor-element-7433c37 elementor-widget elementor-widget-heading\" data-id=\"7433c37\" data-element_type=\"widget\" data-e-type=\"widget\" data-widget_type=\"heading.default\">\n\t\t\t\t<div class=\"elementor-widget-container\">\n\t\t\t\t\t<h3 class=\"elementor-heading-title elementor-size-default\">LANGUES<\/h3>\t\t\t\t<\/div>\n\t\t\t\t<\/div>\n\t\t\t\t<div class=\"elementor-element elementor-element-895a7cf elementor-widget elementor-widget-heading\" data-id=\"895a7cf\" data-element_type=\"widget\" data-e-type=\"widget\" data-widget_type=\"heading.default\">\n\t\t\t\t<div class=\"elementor-widget-container\">\n\t\t\t\t\t<h3 class=\"elementor-heading-title elementor-size-default\">Allemand, fran\u00e7ais, anglais<\/h3>\t\t\t\t<\/div>\n\t\t\t\t<\/div>\n\t\t\t\t\t<\/div>\n\t\t<\/div>\n\t\t\t\t<div class=\"elementor-column elementor-col-50 elementor-inner-column elementor-element elementor-element-baf9405\" data-id=\"baf9405\" data-element_type=\"column\" data-e-type=\"column\">\n\t\t\t<div class=\"elementor-widget-wrap elementor-element-populated\">\n\t\t\t\t\t\t<div class=\"elementor-element elementor-element-b757504 elementor-widget__width-initial elementor-widget-divider--view-line elementor-widget elementor-widget-divider\" data-id=\"b757504\" data-element_type=\"widget\" data-e-type=\"widget\" data-widget_type=\"divider.default\">\n\t\t\t\t<div class=\"elementor-widget-container\">\n\t\t\t\t\t\t\t<div class=\"elementor-divider\">\n\t\t\t<span class=\"elementor-divider-separator\">\n\t\t\t\t\t\t<\/span>\n\t\t<\/div>\n\t\t\t\t\t\t<\/div>\n\t\t\t\t<\/div>\n\t\t\t\t<div class=\"elementor-element elementor-element-141af9f elementor-widget__width-initial elementor-widget elementor-widget-heading\" data-id=\"141af9f\" data-element_type=\"widget\" data-e-type=\"widget\" data-widget_type=\"heading.default\">\n\t\t\t\t<div class=\"elementor-widget-container\">\n\t\t\t\t\t<h3 class=\"elementor-heading-title elementor-size-default\">COMP\u00c9TENCES DE BASE\n<\/h3>\t\t\t\t<\/div>\n\t\t\t\t<\/div>\n\t\t\t\t<div class=\"elementor-element elementor-element-df7678a elementor-widget elementor-widget-text-editor\" data-id=\"df7678a\" data-element_type=\"widget\" data-e-type=\"widget\" data-widget_type=\"text-editor.default\">\n\t\t\t\t<div class=\"elementor-widget-container\">\n\t\t\t\t\t\t\t\t\t<ul>\n<li>Maladies neuromusculaires\/maladies des nerfs p\u00e9riph\u00e9riques (notamment syndrome du canal carpien (CTS) et autres syndromes de compression, polyneuropathies, myosite\/dystrophies musculaires)<\/li>\n<li>Maladies de la colonne vert\u00e9brale\/diagnostic pr\u00e9op\u00e9ratoire de la colonne vert\u00e9brale<\/li>\n<li>\u00c9pilepsie<\/li>\n<li>Maux de t\u00eate, douleurs neuropathiques<\/li>\n<li>Vertiges et troubles de l\u2019\u00e9quilibre, troubles de la marche<\/li>\n<li>Scl\u00e9rose en plaques<\/li>\n<\/ul>\n\t\t\t\t\t\t\t\t<\/div>\n\t\t\t\t<\/div>\n\t\t\t\t\t<\/div>\n\t\t<\/div>\n\t\t\t\t\t<\/div>\n\t\t<\/section>\n\t\t\t\t\t<\/div>\n\t\t<\/div>\n\t\t\t\t\t<\/div>\n\t\t<\/section>\n\t\t\t\t<section class=\"elementor-section elementor-top-section elementor-element elementor-element-c4fe55a elementor-section-boxed elementor-section-height-default elementor-section-height-default\" data-id=\"c4fe55a\" data-element_type=\"section\" data-e-type=\"section\" data-settings=\"{&quot;background_background&quot;:&quot;classic&quot;}\">\n\t\t\t\t\t\t<div class=\"elementor-container elementor-column-gap-default\">\n\t\t\t\t\t<div class=\"elementor-column elementor-col-100 elementor-top-column elementor-element elementor-element-3126239\" data-id=\"3126239\" data-element_type=\"column\" data-e-type=\"column\">\n\t\t\t<div class=\"elementor-widget-wrap elementor-element-populated\">\n\t\t\t\t\t\t<div class=\"elementor-element elementor-element-fe7ba81 elementor-widget__width-initial elementor-widget-divider--view-line elementor-widget elementor-widget-divider\" data-id=\"fe7ba81\" data-element_type=\"widget\" data-e-type=\"widget\" data-widget_type=\"divider.default\">\n\t\t\t\t<div class=\"elementor-widget-container\">\n\t\t\t\t\t\t\t<div class=\"elementor-divider\">\n\t\t\t<span class=\"elementor-divider-separator\">\n\t\t\t\t\t\t<\/span>\n\t\t<\/div>\n\t\t\t\t\t\t<\/div>\n\t\t\t\t<\/div>\n\t\t\t\t<div class=\"elementor-element elementor-element-0cca358 elementor-widget__width-initial elementor-widget elementor-widget-heading\" data-id=\"0cca358\" data-element_type=\"widget\" data-e-type=\"widget\" data-widget_type=\"heading.default\">\n\t\t\t\t<div class=\"elementor-widget-container\">\n\t\t\t\t\t<h3 class=\"elementor-heading-title elementor-size-default\">PARCOURS PROFESSIONNEL<\/h3>\t\t\t\t<\/div>\n\t\t\t\t<\/div>\n\t\t\t\t<section class=\"elementor-section elementor-inner-section elementor-element elementor-element-d2571be elementor-section-full_width elementor-section-height-default elementor-section-height-default\" data-id=\"d2571be\" data-element_type=\"section\" data-e-type=\"section\">\n\t\t\t\t\t\t<div class=\"elementor-container elementor-column-gap-default\">\n\t\t\t\t\t<div class=\"elementor-column elementor-col-100 elementor-inner-column elementor-element elementor-element-ba2af2b\" data-id=\"ba2af2b\" data-element_type=\"column\" data-e-type=\"column\">\n\t\t\t<div class=\"elementor-widget-wrap elementor-element-populated\">\n\t\t\t\t\t\t<div class=\"elementor-element elementor-element-545aec7 elementor-widget__width-initial elementor-widget elementor-widget-text-editor\" data-id=\"545aec7\" data-element_type=\"widget\" data-e-type=\"widget\" data-widget_type=\"text-editor.default\">\n\t\t\t\t<div class=\"elementor-widget-container\">\n\t\t\t\t\t\t\t\t\t<table border=\"0\">\n<tbody>\n<tr>\n<td>2024<\/td>\n<td>Ouverture du cabinet \u00e0 la Berner Neurologie<\/td>\n<\/tr>\n<tr>\n<td>2021 &#8211; 24<\/td>\n<td>Responsable du domaine des expertises m\u00e9dicales \u00e0 la Clinique de neurologie, H\u00f4pital de l\u2019\u00cele, Berne<\/td>\n<\/tr>\n<tr>\n<td>2018 &#8211; 24<\/td>\n<td>\n<p>Chef de clinique \u00e0 la Clinique universitaire de neurologie, H\u00f4pital de l\u2019\u00cele, Berne,<\/p>\n<p>Centre neuromusculaire, service de neurologie stationnaire, service d\u2019urgence et de consultation neurologique<\/p>\n<\/td>\n<\/tr>\n<tr>\n<td>2013 &#8211; 18<\/td>\n<td>M\u00e9decin assistant \u00e0 la Clinique universitaire de neurologie, H\u00f4pital de l\u2019\u00cele, Berne<\/td>\n<\/tr>\n<tr>\n<td>2012 &#8211; 13<\/td>\n<td>M\u00e9decin assistant en m\u00e9decine interne, HFR Fribourg et HFR Morat-Meyriez<\/td>\n<\/tr>\n<tr>\n<td>2010 &#8211; 12<\/td>\n<td>M\u00e9decin en formation de m\u00e9decine g\u00e9n\u00e9rale \u00e0 Vienne<\/td>\n<\/tr>\n<\/tbody>\n<\/table>\t\t\t\t\t\t\t\t<\/div>\n\t\t\t\t<\/div>\n\t\t\t\t\t<\/div>\n\t\t<\/div>\n\t\t\t\t\t<\/div>\n\t\t<\/section>\n\t\t\t\t\t<\/div>\n\t\t<\/div>\n\t\t\t\t\t<\/div>\n\t\t<\/section>\n\t\t\t\t<section class=\"elementor-section elementor-top-section elementor-element elementor-element-7ded8fa elementor-section-boxed elementor-section-height-default elementor-section-height-default\" data-id=\"7ded8fa\" data-element_type=\"section\" data-e-type=\"section\" data-settings=\"{&quot;background_background&quot;:&quot;classic&quot;}\">\n\t\t\t\t\t\t<div class=\"elementor-container elementor-column-gap-default\">\n\t\t\t\t\t<div class=\"elementor-column elementor-col-100 elementor-top-column elementor-element elementor-element-c509db0\" data-id=\"c509db0\" data-element_type=\"column\" data-e-type=\"column\">\n\t\t\t<div class=\"elementor-widget-wrap elementor-element-populated\">\n\t\t\t\t\t\t<section class=\"elementor-section elementor-inner-section elementor-element elementor-element-65d50a6 elementor-section-full_width elementor-section-height-default elementor-section-height-default\" data-id=\"65d50a6\" data-element_type=\"section\" data-e-type=\"section\">\n\t\t\t\t\t\t<div class=\"elementor-container elementor-column-gap-default\">\n\t\t\t\t\t<div class=\"elementor-column elementor-col-50 elementor-inner-column elementor-element elementor-element-8e7f3a5\" data-id=\"8e7f3a5\" data-element_type=\"column\" data-e-type=\"column\">\n\t\t\t<div class=\"elementor-widget-wrap elementor-element-populated\">\n\t\t\t\t\t\t<div class=\"elementor-element elementor-element-960ecc5 elementor-widget__width-initial elementor-widget-divider--view-line elementor-widget elementor-widget-divider\" data-id=\"960ecc5\" data-element_type=\"widget\" data-e-type=\"widget\" data-widget_type=\"divider.default\">\n\t\t\t\t<div class=\"elementor-widget-container\">\n\t\t\t\t\t\t\t<div class=\"elementor-divider\">\n\t\t\t<span class=\"elementor-divider-separator\">\n\t\t\t\t\t\t<\/span>\n\t\t<\/div>\n\t\t\t\t\t\t<\/div>\n\t\t\t\t<\/div>\n\t\t\t\t<div class=\"elementor-element elementor-element-c41e3f2 elementor-widget__width-initial elementor-widget elementor-widget-heading\" data-id=\"c41e3f2\" data-element_type=\"widget\" data-e-type=\"widget\" data-widget_type=\"heading.default\">\n\t\t\t\t<div class=\"elementor-widget-container\">\n\t\t\t\t\t<h3 class=\"elementor-heading-title elementor-size-default\">DIPL\u00d4MES<\/h3>\t\t\t\t<\/div>\n\t\t\t\t<\/div>\n\t\t\t\t<div class=\"elementor-element elementor-element-853d9cd elementor-widget elementor-widget-text-editor\" data-id=\"853d9cd\" data-element_type=\"widget\" data-e-type=\"widget\" data-widget_type=\"text-editor.default\">\n\t\t\t\t<div class=\"elementor-widget-container\">\n\t\t\t\t\t\t\t\t\t<ul>\n<li>2021 Expert m\u00e9dical certifi\u00e9 SIM<\/li>\n<li>2020 Sp\u00e9cialiste en neurologie FMH<\/li>\n<li>2017 Certificat de capacit\u00e9 en \u00e9lectroenc\u00e9phalographie SSNC<\/li>\n<li>2016 Certificat de capacit\u00e9 en \u00e9lectroneuromyographie SSNC<\/li>\n<\/ul>\n\t\t\t\t\t\t\t\t<\/div>\n\t\t\t\t<\/div>\n\t\t\t\t\t<\/div>\n\t\t<\/div>\n\t\t\t\t<div class=\"elementor-column elementor-col-50 elementor-inner-column elementor-element elementor-element-1ee15a9\" data-id=\"1ee15a9\" data-element_type=\"column\" data-e-type=\"column\">\n\t\t\t<div class=\"elementor-widget-wrap elementor-element-populated\">\n\t\t\t\t\t\t<div class=\"elementor-element elementor-element-74ecfc8 elementor-widget__width-initial elementor-widget-divider--view-line elementor-widget elementor-widget-divider\" data-id=\"74ecfc8\" data-element_type=\"widget\" data-e-type=\"widget\" data-widget_type=\"divider.default\">\n\t\t\t\t<div class=\"elementor-widget-container\">\n\t\t\t\t\t\t\t<div class=\"elementor-divider\">\n\t\t\t<span class=\"elementor-divider-separator\">\n\t\t\t\t\t\t<\/span>\n\t\t<\/div>\n\t\t\t\t\t\t<\/div>\n\t\t\t\t<\/div>\n\t\t\t\t<div class=\"elementor-element elementor-element-a526f99 elementor-widget__width-initial elementor-widget elementor-widget-heading\" data-id=\"a526f99\" data-element_type=\"widget\" data-e-type=\"widget\" data-widget_type=\"heading.default\">\n\t\t\t\t<div class=\"elementor-widget-container\">\n\t\t\t\t\t<h3 class=\"elementor-heading-title elementor-size-default\">AFFILIATIONS PROFESSIONNELLES<\/h3>\t\t\t\t<\/div>\n\t\t\t\t<\/div>\n\t\t\t\t<div class=\"elementor-element elementor-element-979fb08 elementor-widget elementor-widget-text-editor\" data-id=\"979fb08\" data-element_type=\"widget\" data-e-type=\"widget\" data-widget_type=\"text-editor.default\">\n\t\t\t\t<div class=\"elementor-widget-container\">\n\t\t\t\t\t\t\t\t\t<ul><li>Soci\u00e9t\u00e9 Suisse de Neurologie SSN<\/li><li>Soci\u00e9t\u00e9 Suisse de neurophysiologie clinique<br \/>SSNC<\/li><\/ul>\t\t\t\t\t\t\t\t<\/div>\n\t\t\t\t<\/div>\n\t\t\t\t\t<\/div>\n\t\t<\/div>\n\t\t\t\t\t<\/div>\n\t\t<\/section>\n\t\t\t\t\t<\/div>\n\t\t<\/div>\n\t\t\t\t\t<\/div>\n\t\t<\/section>\n\t\t\t\t<\/div>\n\t\t","protected":false},"excerpt":{"rendered":"<p>Dr m\u00e9d. Ulfrid Amberger Sp\u00e9cialiste en neurologie FMH LANGUES Allemand, fran\u00e7ais, anglais COMP\u00c9TENCES DE BASE Maladies neuromusculaires\/maladies des nerfs p\u00e9riph\u00e9riques (notamment syndrome du canal carpien (CTS) et autres syndromes de compression, polyneuropathies, myosite\/dystrophies musculaires) Maladies de la colonne vert\u00e9brale\/diagnostic pr\u00e9op\u00e9ratoire de la colonne vert\u00e9brale \u00c9pilepsie Maux de t\u00eate, douleurs neuropathiques Vertiges et troubles de l\u2019\u00e9quilibre, [&hellip;]<\/p>\n","protected":false},"author":3,"featured_media":0,"parent":0,"menu_order":0,"comment_status":"closed","ping_status":"closed","template":"","meta":{"inline_featured_image":false,"site-sidebar-layout":"no-sidebar","site-content-layout":"page-builder","ast-site-content-layout":"full-width-container","site-content-style":"unboxed","site-sidebar-style":"unboxed","ast-global-header-display":"","ast-banner-title-visibility":"","ast-main-header-display":"","ast-hfb-above-header-display":"","ast-hfb-below-header-display":"","ast-hfb-mobile-header-display":"","site-post-title":"disabled","ast-breadcrumbs-content":"","ast-featured-img":"disabled","footer-sml-layout":"","ast-disable-related-posts":"","theme-transparent-header-meta":"","adv-header-id-meta":"","stick-header-meta":"","header-above-stick-meta":"","header-main-stick-meta":"","header-below-stick-meta":"","astra-migrate-meta-layouts":"set","ast-page-background-enabled":"default","ast-page-background-meta":{"desktop":{"background-color":"var(--ast-global-color-4)","background-image":"","background-repeat":"repeat","background-position":"center center","background-size":"auto","background-attachment":"scroll","background-type":"","background-media":"","overlay-type":"","overlay-color":"","overlay-opacity":"","overlay-gradient":""},"tablet":{"background-color":"","background-image":"","background-repeat":"repeat","background-position":"center center","background-size":"auto","background-attachment":"scroll","background-type":"","background-media":"","overlay-type":"","overlay-color":"","overlay-opacity":"","overlay-gradient":""},"mobile":{"background-color":"","background-image":"","background-repeat":"repeat","background-position":"center center","background-size":"auto","background-attachment":"scroll","background-type":"","background-media":"","overlay-type":"","overlay-color":"","overlay-opacity":"","overlay-gradient":""}},"ast-content-background-meta":{"desktop":{"background-color":"var(--ast-global-color-5)","background-image":"","background-repeat":"repeat","background-position":"center center","background-size":"auto","background-attachment":"scroll","background-type":"","background-media":"","overlay-type":"","overlay-color":"","overlay-opacity":"","overlay-gradient":""},"tablet":{"background-color":"var(--ast-global-color-5)","background-image":"","background-repeat":"repeat","background-position":"center center","background-size":"auto","background-attachment":"scroll","background-type":"","background-media":"","overlay-type":"","overlay-color":"","overlay-opacity":"","overlay-gradient":""},"mobile":{"background-color":"var(--ast-global-color-5)","background-image":"","background-repeat":"repeat","background-position":"center center","background-size":"auto","background-attachment":"scroll","background-type":"","background-media":"","overlay-type":"","overlay-color":"","overlay-opacity":"","overlay-gradient":""}},"footnotes":""},"class_list":["post-5773","page","type-page","status-publish","hentry"],"yoast_head":"<!-- This site is optimized with the Yoast SEO plugin v27.5 - https:\/\/yoast.com\/product\/yoast-seo-wordpress\/ -->\n<title>Dr m\u00e9d. Ulfrid Amberger - Berner Neurologie Praxis<\/title>\n<meta name=\"robots\" content=\"index, follow, max-snippet:-1, max-image-preview:large, max-video-preview:-1\" \/>\n<link rel=\"canonical\" href=\"https:\/\/berner-neurologie.ch\/fr\/dr-med-ulfrid-amberger\/\" \/>\n<meta property=\"og:locale\" content=\"fr_FR\" \/>\n<meta property=\"og:type\" content=\"article\" \/>\n<meta property=\"og:title\" content=\"Dr m\u00e9d. Ulfrid Amberger - Berner Neurologie Praxis\" \/>\n<meta property=\"og:description\" content=\"Dr m\u00e9d. Ulfrid Amberger Sp\u00e9cialiste en neurologie FMH LANGUES Allemand, fran\u00e7ais, anglais COMP\u00c9TENCES DE BASE Maladies neuromusculaires\/maladies des nerfs p\u00e9riph\u00e9riques (notamment syndrome du canal carpien (CTS) et autres syndromes de compression, polyneuropathies, myosite\/dystrophies musculaires) Maladies de la colonne vert\u00e9brale\/diagnostic pr\u00e9op\u00e9ratoire de la colonne vert\u00e9brale \u00c9pilepsie Maux de t\u00eate, douleurs neuropathiques Vertiges et troubles de l\u2019\u00e9quilibre, [&hellip;]\" \/>\n<meta property=\"og:url\" content=\"https:\/\/berner-neurologie.ch\/fr\/dr-med-ulfrid-amberger\/\" \/>\n<meta property=\"og:site_name\" content=\"Berner Neurologie Praxis\" \/>\n<meta property=\"article:modified_time\" content=\"2026-01-30T13:35:09+00:00\" \/>\n<meta property=\"og:image\" content=\"https:\/\/berner-neurologie.ch\/wp-content\/uploads\/2024\/08\/NeurologierBern_Amberger_Ulfrid.jpg\" \/>\n\t<meta property=\"og:image:width\" content=\"751\" \/>\n\t<meta property=\"og:image:height\" content=\"455\" \/>\n\t<meta property=\"og:image:type\" content=\"image\/jpeg\" \/>\n<meta name=\"twitter:card\" content=\"summary_large_image\" \/>\n<meta name=\"twitter:label1\" content=\"Dur\u00e9e de lecture estim\u00e9e\" \/>\n\t<meta name=\"twitter:data1\" content=\"2 minutes\" \/>\n<script type=\"application\/ld+json\" class=\"yoast-schema-graph\">{\"@context\":\"https:\\\/\\\/schema.org\",\"@graph\":[{\"@type\":\"WebPage\",\"@id\":\"https:\\\/\\\/berner-neurologie.ch\\\/fr\\\/dr-med-ulfrid-amberger\\\/\",\"url\":\"https:\\\/\\\/berner-neurologie.ch\\\/fr\\\/dr-med-ulfrid-amberger\\\/\",\"name\":\"Dr m\u00e9d. Ulfrid Amberger - Berner Neurologie Praxis\",\"isPartOf\":{\"@id\":\"https:\\\/\\\/berner-neurologie.ch\\\/fr\\\/#website\"},\"primaryImageOfPage\":{\"@id\":\"https:\\\/\\\/berner-neurologie.ch\\\/fr\\\/dr-med-ulfrid-amberger\\\/#primaryimage\"},\"image\":{\"@id\":\"https:\\\/\\\/berner-neurologie.ch\\\/fr\\\/dr-med-ulfrid-amberger\\\/#primaryimage\"},\"thumbnailUrl\":\"https:\\\/\\\/berner-neurologie.ch\\\/wp-content\\\/uploads\\\/2024\\\/08\\\/NeurologierBern_Amberger_Ulfrid.jpg\",\"datePublished\":\"2024-05-13T14:42:26+00:00\",\"dateModified\":\"2026-01-30T13:35:09+00:00\",\"breadcrumb\":{\"@id\":\"https:\\\/\\\/berner-neurologie.ch\\\/fr\\\/dr-med-ulfrid-amberger\\\/#breadcrumb\"},\"inLanguage\":\"fr-FR\",\"potentialAction\":[{\"@type\":\"ReadAction\",\"target\":[\"https:\\\/\\\/berner-neurologie.ch\\\/fr\\\/dr-med-ulfrid-amberger\\\/\"]}]},{\"@type\":\"ImageObject\",\"inLanguage\":\"fr-FR\",\"@id\":\"https:\\\/\\\/berner-neurologie.ch\\\/fr\\\/dr-med-ulfrid-amberger\\\/#primaryimage\",\"url\":\"https:\\\/\\\/berner-neurologie.ch\\\/wp-content\\\/uploads\\\/2024\\\/08\\\/NeurologierBern_Amberger_Ulfrid.jpg\",\"contentUrl\":\"https:\\\/\\\/berner-neurologie.ch\\\/wp-content\\\/uploads\\\/2024\\\/08\\\/NeurologierBern_Amberger_Ulfrid.jpg\"},{\"@type\":\"BreadcrumbList\",\"@id\":\"https:\\\/\\\/berner-neurologie.ch\\\/fr\\\/dr-med-ulfrid-amberger\\\/#breadcrumb\",\"itemListElement\":[{\"@type\":\"ListItem\",\"position\":1,\"name\":\"Startseite\",\"item\":\"https:\\\/\\\/berner-neurologie.ch\\\/fr\\\/\"},{\"@type\":\"ListItem\",\"position\":2,\"name\":\"Dr m\u00e9d. Ulfrid Amberger\"}]},{\"@type\":\"WebSite\",\"@id\":\"https:\\\/\\\/berner-neurologie.ch\\\/fr\\\/#website\",\"url\":\"https:\\\/\\\/berner-neurologie.ch\\\/fr\\\/\",\"name\":\"Berner Neurologie - Kompetenzzentrum f\u00fcr Neurologie\",\"description\":\"\",\"publisher\":{\"@id\":\"https:\\\/\\\/berner-neurologie.ch\\\/fr\\\/#organization\"},\"potentialAction\":[{\"@type\":\"SearchAction\",\"target\":{\"@type\":\"EntryPoint\",\"urlTemplate\":\"https:\\\/\\\/berner-neurologie.ch\\\/fr\\\/?s={search_term_string}\"},\"query-input\":{\"@type\":\"PropertyValueSpecification\",\"valueRequired\":true,\"valueName\":\"search_term_string\"}}],\"inLanguage\":\"fr-FR\"},{\"@type\":\"Organization\",\"@id\":\"https:\\\/\\\/berner-neurologie.ch\\\/fr\\\/#organization\",\"name\":\"Berner Neurologie - Kompetenzzentrum f\u00fcr Neurologie\",\"url\":\"https:\\\/\\\/berner-neurologie.ch\\\/fr\\\/\",\"logo\":{\"@type\":\"ImageObject\",\"inLanguage\":\"fr-FR\",\"@id\":\"https:\\\/\\\/berner-neurologie.ch\\\/fr\\\/#\\\/schema\\\/logo\\\/image\\\/\",\"url\":\"https:\\\/\\\/berner-neurologie.ch\\\/wp-content\\\/uploads\\\/2023\\\/09\\\/NeurologieBern_Petersen_Jens_cta.png\",\"contentUrl\":\"https:\\\/\\\/berner-neurologie.ch\\\/wp-content\\\/uploads\\\/2023\\\/09\\\/NeurologieBern_Petersen_Jens_cta.png\",\"width\":696,\"height\":696,\"caption\":\"Berner Neurologie - Kompetenzzentrum f\u00fcr Neurologie\"},\"image\":{\"@id\":\"https:\\\/\\\/berner-neurologie.ch\\\/fr\\\/#\\\/schema\\\/logo\\\/image\\\/\"}}]}<\/script>\n<!-- \/ Yoast SEO plugin. -->","yoast_head_json":{"title":"Dr m\u00e9d. Ulfrid Amberger - Berner Neurologie Praxis","robots":{"index":"index","follow":"follow","max-snippet":"max-snippet:-1","max-image-preview":"max-image-preview:large","max-video-preview":"max-video-preview:-1"},"canonical":"https:\/\/berner-neurologie.ch\/fr\/dr-med-ulfrid-amberger\/","og_locale":"fr_FR","og_type":"article","og_title":"Dr m\u00e9d. Ulfrid Amberger - Berner Neurologie Praxis","og_description":"Dr m\u00e9d. Ulfrid Amberger Sp\u00e9cialiste en neurologie FMH LANGUES Allemand, fran\u00e7ais, anglais COMP\u00c9TENCES DE BASE Maladies neuromusculaires\/maladies des nerfs p\u00e9riph\u00e9riques (notamment syndrome du canal carpien (CTS) et autres syndromes de compression, polyneuropathies, myosite\/dystrophies musculaires) Maladies de la colonne vert\u00e9brale\/diagnostic pr\u00e9op\u00e9ratoire de la colonne vert\u00e9brale \u00c9pilepsie Maux de t\u00eate, douleurs neuropathiques Vertiges et troubles de l\u2019\u00e9quilibre, [&hellip;]","og_url":"https:\/\/berner-neurologie.ch\/fr\/dr-med-ulfrid-amberger\/","og_site_name":"Berner Neurologie Praxis","article_modified_time":"2026-01-30T13:35:09+00:00","og_image":[{"width":751,"height":455,"url":"https:\/\/berner-neurologie.ch\/wp-content\/uploads\/2024\/08\/NeurologierBern_Amberger_Ulfrid.jpg","type":"image\/jpeg"}],"twitter_card":"summary_large_image","twitter_misc":{"Dur\u00e9e de lecture estim\u00e9e":"2 minutes"},"schema":{"@context":"https:\/\/schema.org","@graph":[{"@type":"WebPage","@id":"https:\/\/berner-neurologie.ch\/fr\/dr-med-ulfrid-amberger\/","url":"https:\/\/berner-neurologie.ch\/fr\/dr-med-ulfrid-amberger\/","name":"Dr m\u00e9d. Ulfrid Amberger - Berner Neurologie Praxis","isPartOf":{"@id":"https:\/\/berner-neurologie.ch\/fr\/#website"},"primaryImageOfPage":{"@id":"https:\/\/berner-neurologie.ch\/fr\/dr-med-ulfrid-amberger\/#primaryimage"},"image":{"@id":"https:\/\/berner-neurologie.ch\/fr\/dr-med-ulfrid-amberger\/#primaryimage"},"thumbnailUrl":"https:\/\/berner-neurologie.ch\/wp-content\/uploads\/2024\/08\/NeurologierBern_Amberger_Ulfrid.jpg","datePublished":"2024-05-13T14:42:26+00:00","dateModified":"2026-01-30T13:35:09+00:00","breadcrumb":{"@id":"https:\/\/berner-neurologie.ch\/fr\/dr-med-ulfrid-amberger\/#breadcrumb"},"inLanguage":"fr-FR","potentialAction":[{"@type":"ReadAction","target":["https:\/\/berner-neurologie.ch\/fr\/dr-med-ulfrid-amberger\/"]}]},{"@type":"ImageObject","inLanguage":"fr-FR","@id":"https:\/\/berner-neurologie.ch\/fr\/dr-med-ulfrid-amberger\/#primaryimage","url":"https:\/\/berner-neurologie.ch\/wp-content\/uploads\/2024\/08\/NeurologierBern_Amberger_Ulfrid.jpg","contentUrl":"https:\/\/berner-neurologie.ch\/wp-content\/uploads\/2024\/08\/NeurologierBern_Amberger_Ulfrid.jpg"},{"@type":"BreadcrumbList","@id":"https:\/\/berner-neurologie.ch\/fr\/dr-med-ulfrid-amberger\/#breadcrumb","itemListElement":[{"@type":"ListItem","position":1,"name":"Startseite","item":"https:\/\/berner-neurologie.ch\/fr\/"},{"@type":"ListItem","position":2,"name":"Dr m\u00e9d. Ulfrid Amberger"}]},{"@type":"WebSite","@id":"https:\/\/berner-neurologie.ch\/fr\/#website","url":"https:\/\/berner-neurologie.ch\/fr\/","name":"Berner Neurologie - Kompetenzzentrum f\u00fcr Neurologie","description":"","publisher":{"@id":"https:\/\/berner-neurologie.ch\/fr\/#organization"},"potentialAction":[{"@type":"SearchAction","target":{"@type":"EntryPoint","urlTemplate":"https:\/\/berner-neurologie.ch\/fr\/?s={search_term_string}"},"query-input":{"@type":"PropertyValueSpecification","valueRequired":true,"valueName":"search_term_string"}}],"inLanguage":"fr-FR"},{"@type":"Organization","@id":"https:\/\/berner-neurologie.ch\/fr\/#organization","name":"Berner Neurologie - Kompetenzzentrum f\u00fcr Neurologie","url":"https:\/\/berner-neurologie.ch\/fr\/","logo":{"@type":"ImageObject","inLanguage":"fr-FR","@id":"https:\/\/berner-neurologie.ch\/fr\/#\/schema\/logo\/image\/","url":"https:\/\/berner-neurologie.ch\/wp-content\/uploads\/2023\/09\/NeurologieBern_Petersen_Jens_cta.png","contentUrl":"https:\/\/berner-neurologie.ch\/wp-content\/uploads\/2023\/09\/NeurologieBern_Petersen_Jens_cta.png","width":696,"height":696,"caption":"Berner Neurologie - Kompetenzzentrum f\u00fcr Neurologie"},"image":{"@id":"https:\/\/berner-neurologie.ch\/fr\/#\/schema\/logo\/image\/"}}]}},"_links":{"self":[{"href":"https:\/\/berner-neurologie.ch\/fr\/wp-json\/wp\/v2\/pages\/5773","targetHints":{"allow":["GET"]}}],"collection":[{"href":"https:\/\/berner-neurologie.ch\/fr\/wp-json\/wp\/v2\/pages"}],"about":[{"href":"https:\/\/berner-neurologie.ch\/fr\/wp-json\/wp\/v2\/types\/page"}],"author":[{"embeddable":true,"href":"https:\/\/berner-neurologie.ch\/fr\/wp-json\/wp\/v2\/users\/3"}],"replies":[{"embeddable":true,"href":"https:\/\/berner-neurologie.ch\/fr\/wp-json\/wp\/v2\/comments?post=5773"}],"version-history":[{"count":25,"href":"https:\/\/berner-neurologie.ch\/fr\/wp-json\/wp\/v2\/pages\/5773\/revisions"}],"predecessor-version":[{"id":6960,"href":"https:\/\/berner-neurologie.ch\/fr\/wp-json\/wp\/v2\/pages\/5773\/revisions\/6960"}],"wp:attachment":[{"href":"https:\/\/berner-neurologie.ch\/fr\/wp-json\/wp\/v2\/media?parent=5773"}],"curies":[{"name":"wp","href":"https:\/\/api.w.org\/{rel}","templated":true}]}}