{"id":5512,"date":"2023-09-13T09:23:39","date_gmt":"2023-09-13T07:23:39","guid":{"rendered":"https:\/\/berner-neurologie.ch\/maladie-de-parkinson-troubles-du-mouvement\/"},"modified":"2024-07-24T17:06:41","modified_gmt":"2024-07-24T15:06:41","slug":"maladie-de-parkinson-troubles-du-mouvement","status":"publish","type":"page","link":"https:\/\/berner-neurologie.ch\/fr\/maladie-de-parkinson-troubles-du-mouvement\/","title":{"rendered":"Maladie de Parkinson, troubles du mouvement"},"content":{"rendered":"\t\t<div data-elementor-type=\"wp-page\" data-elementor-id=\"5512\" class=\"elementor elementor-5512 elementor-3832\" data-elementor-post-type=\"page\">\n\t\t\t\t\t\t<section class=\"elementor-section elementor-top-section elementor-element elementor-element-42e9b1f elementor-section-boxed elementor-section-height-default elementor-section-height-default\" data-id=\"42e9b1f\" data-element_type=\"section\" data-e-type=\"section\">\n\t\t\t\t\t\t<div class=\"elementor-container elementor-column-gap-default\">\n\t\t\t\t\t<div class=\"elementor-column elementor-col-100 elementor-top-column elementor-element elementor-element-0215357\" data-id=\"0215357\" data-element_type=\"column\" data-e-type=\"column\">\n\t\t\t<div class=\"elementor-widget-wrap elementor-element-populated\">\n\t\t\t\t\t\t<section class=\"elementor-section elementor-inner-section elementor-element elementor-element-0185388 elementor-section-full_width elementor-section-height-default elementor-section-height-default\" data-id=\"0185388\" data-element_type=\"section\" data-e-type=\"section\">\n\t\t\t\t\t\t<div class=\"elementor-container elementor-column-gap-default\">\n\t\t\t\t\t<div class=\"elementor-column elementor-col-50 elementor-inner-column elementor-element elementor-element-3222446\" data-id=\"3222446\" data-element_type=\"column\" data-e-type=\"column\">\n\t\t\t<div class=\"elementor-widget-wrap elementor-element-populated\">\n\t\t\t\t\t\t<div class=\"elementor-element elementor-element-2264e47 elementor-widget__width-inherit elementor-hidden-desktop elementor-hidden-tablet elementor-widget elementor-widget-image\" data-id=\"2264e47\" data-element_type=\"widget\" data-e-type=\"widget\" data-widget_type=\"image.default\">\n\t\t\t\t<div class=\"elementor-widget-container\">\n\t\t\t\t\t\t\t\t\t\t\t\t<figure class=\"wp-caption\">\n\t\t\t\t\t\t\t\t\t\t<img fetchpriority=\"high\" decoding=\"async\" width=\"800\" height=\"800\" src=\"https:\/\/berner-neurologie.ch\/wp-content\/uploads\/2023\/09\/benu_angebot_icon_parkinson_bewegungsstoerungen.svg\" class=\"attachment-medium size-medium wp-image-4044\" alt=\"Icon Parkinson, Bewegungsst\u00f6rungen\" \/>\t\t\t\t\t\t\t\t\t\t\t<figcaption class=\"widget-image-caption wp-caption-text\"><\/figcaption>\n\t\t\t\t\t\t\t\t\t\t<\/figure>\n\t\t\t\t\t\t\t\t\t<\/div>\n\t\t\t\t<\/div>\n\t\t\t\t<div class=\"elementor-element elementor-element-2a98363 elementor-widget__width-initial elementor-widget-mobile__width-inherit elementor-widget elementor-widget-heading\" data-id=\"2a98363\" data-element_type=\"widget\" data-e-type=\"widget\" data-widget_type=\"heading.default\">\n\t\t\t\t<div class=\"elementor-widget-container\">\n\t\t\t\t\t<h2 class=\"elementor-heading-title elementor-size-default\">Maladie de Parkinson,<br>troubles du mouvement<\/h2>\t\t\t\t<\/div>\n\t\t\t\t<\/div>\n\t\t\t\t<div class=\"elementor-element elementor-element-959b572 elementor-widget__width-initial elementor-hidden-mobile elementor-widget elementor-widget-image\" data-id=\"959b572\" data-element_type=\"widget\" data-e-type=\"widget\" data-widget_type=\"image.default\">\n\t\t\t\t<div class=\"elementor-widget-container\">\n\t\t\t\t\t\t\t\t\t\t\t\t<figure class=\"wp-caption\">\n\t\t\t\t\t\t\t\t\t\t<img fetchpriority=\"high\" decoding=\"async\" width=\"800\" height=\"800\" src=\"https:\/\/berner-neurologie.ch\/wp-content\/uploads\/2023\/09\/benu_angebot_icon_parkinson_bewegungsstoerungen.svg\" class=\"attachment-medium size-medium wp-image-4044\" alt=\"Icon Parkinson, Bewegungsst\u00f6rungen\" \/>\t\t\t\t\t\t\t\t\t\t\t<figcaption class=\"widget-image-caption wp-caption-text\"><\/figcaption>\n\t\t\t\t\t\t\t\t\t\t<\/figure>\n\t\t\t\t\t\t\t\t\t<\/div>\n\t\t\t\t<\/div>\n\t\t\t\t<div class=\"elementor-element elementor-element-03dae23 elementor-widget-divider--view-line elementor-widget elementor-widget-divider\" data-id=\"03dae23\" data-element_type=\"widget\" data-e-type=\"widget\" data-widget_type=\"divider.default\">\n\t\t\t\t<div class=\"elementor-widget-container\">\n\t\t\t\t\t\t\t<div class=\"elementor-divider\">\n\t\t\t<span class=\"elementor-divider-separator\">\n\t\t\t\t\t\t<\/span>\n\t\t<\/div>\n\t\t\t\t\t\t<\/div>\n\t\t\t\t<\/div>\n\t\t\t\t<div class=\"elementor-element elementor-element-63dc7a9 elementor-widget elementor-widget-text-editor\" data-id=\"63dc7a9\" data-element_type=\"widget\" data-e-type=\"widget\" data-widget_type=\"text-editor.default\">\n\t\t\t\t<div class=\"elementor-widget-container\">\n\t\t\t\t\t\t\t\t\tLa maladie de Parkinson est une maladie neurologique chronique qui affecte le mouvement et le contr\u00f4le musculaire. Elle entra\u00eene des troubles tels que tremblements, raideur, lenteur des mouvements et probl\u00e8mes d\u2019\u00e9quilibre. D\u2019autres troubles du mouvement, dont le tremor (tremblements), la dystonie et la chor\u00e9e, peuvent pr\u00e9senter des sympt\u00f4mes en partie similaires.\n<br><br>\nUne d\u00e9tection pr\u00e9coce et un diagnostic pr\u00e9cis sont essentiels. Nous proposons des examens et des tests sp\u00e9cifiques pour d\u00e9terminer la nature et la gravit\u00e9 de votre trouble moteur. Ainsi, nous pouvons planifier un traitement adapt\u00e9 \u00e0 vos besoins.\n<br><br>\nBien que la maladie de Parkinson et les autres troubles du mouvement soient g\u00e9n\u00e9ralement incurables, il existe de nombreuses options de traitement qui peuvent contribuer \u00e0 contr\u00f4ler les sympt\u00f4mes et \u00e0 am\u00e9liorer la qualit\u00e9 de vie. Nous d\u00e9veloppons une approche de traitement sur mesure qui r\u00e9pond \u00e0 vos besoins individuels. En font partie la physioth\u00e9rapie, l\u2019ergoth\u00e9rapie, un traitement m\u00e9dicamenteux et une aide \u00e0 l\u2019am\u00e9nagement du mode de vie.\n<br><br>\nSi vous avez des questions sur la maladie de Parkinson ou d\u2019autres troubles du mouvement, ou si vous avez besoin de soutien, n\u2019h\u00e9sitez pas \u00e0 nous contacter. Notre objectif est de pr\u00e9server votre qualit\u00e9 de vie en contr\u00f4lant vos sympt\u00f4mes, en favorisant votre mobilit\u00e9 et votre autonomie, ainsi qu\u2019en vous donnant les outils et les ressources n\u00e9cessaires pour faire face aux d\u00e9fis de votre maladie.\t\t\t\t\t\t\t\t<\/div>\n\t\t\t\t<\/div>\n\t\t\t\t\t<\/div>\n\t\t<\/div>\n\t\t\t\t<div class=\"elementor-column elementor-col-50 elementor-inner-column elementor-element elementor-element-5314456\" data-id=\"5314456\" data-element_type=\"column\" data-e-type=\"column\">\n\t\t\t<div class=\"elementor-widget-wrap elementor-element-populated\">\n\t\t\t\t\t\t<div class=\"elementor-element elementor-element-5506fe8 elementor-widget elementor-widget-text-editor\" data-id=\"5506fe8\" data-element_type=\"widget\" data-e-type=\"widget\" data-widget_type=\"text-editor.default\">\n\t\t\t\t<div class=\"elementor-widget-container\">\n\t\t\t\t\t\t\t\t\t<p><strong>TROUBLES NEUROLOGIQUES<\/strong><\/p>\n\t\t\t\t\t\t\t\t<\/div>\n\t\t\t\t<\/div>\n\t\t\t\t<div class=\"elementor-element elementor-element-3599646 elementor-nav-menu--dropdown-none elementor-widget elementor-widget-global elementor-global-5770 elementor-global-4750 elementor-widget-nav-menu\" data-id=\"3599646\" data-element_type=\"widget\" data-e-type=\"widget\" data-settings=\"{&quot;layout&quot;:&quot;vertical&quot;,&quot;submenu_icon&quot;:{&quot;value&quot;:&quot;fas fa-caret-down&quot;,&quot;library&quot;:&quot;fa-solid&quot;}}\" data-widget_type=\"nav-menu.default\">\n\t\t\t\t<div class=\"elementor-widget-container\">\n\t\t\t\t\t\t\t\t<nav aria-label=\"Menu\" class=\"elementor-nav-menu--main elementor-nav-menu__container elementor-nav-menu--layout-vertical e--pointer-text e--animation-none\">\n\t\t\t\t<ul id=\"menu-1-3599646\" class=\"elementor-nav-menu sm-vertical\"><li class=\"menu-item menu-item-type-post_type menu-item-object-page menu-item-6065\"><a href=\"https:\/\/berner-neurologie.ch\/fr\/hernie-discale\/\" class=\"elementor-item menu-link\">Hernie discale<\/a><\/li>\n<li class=\"menu-item menu-item-type-post_type menu-item-object-page menu-item-6066\"><a href=\"https:\/\/berner-neurologie.ch\/fr\/traitements-a-la-toxine-botulique\/\" class=\"elementor-item menu-link\">Traitements \u00e0 la toxine botulique<\/a><\/li>\n<li class=\"menu-item menu-item-type-post_type menu-item-object-page menu-item-6067\"><a href=\"https:\/\/berner-neurologie.ch\/fr\/epilepsie-evanouissement\/\" class=\"elementor-item menu-link\">\u00c9pilepsie, \u00e9vanouissement<\/a><\/li>\n<li class=\"menu-item menu-item-type-post_type menu-item-object-page menu-item-6068\"><a href=\"https:\/\/berner-neurologie.ch\/fr\/troubles-de-la-memoire\/\" class=\"elementor-item menu-link\">Troubles de la m\u00e9moire<\/a><\/li>\n<li class=\"menu-item menu-item-type-post_type menu-item-object-page menu-item-6069\"><a href=\"https:\/\/berner-neurologie.ch\/fr\/maux-de-tete\/\" class=\"elementor-item menu-link\">Maux de t\u00eate<\/a><\/li>\n<li class=\"menu-item menu-item-type-post_type menu-item-object-page menu-item-6070\"><a href=\"https:\/\/berner-neurologie.ch\/fr\/sclerose-en-plaques\/\" class=\"elementor-item menu-link\">Scl\u00e9rose en plaques<\/a><\/li>\n<li class=\"menu-item menu-item-type-post_type menu-item-object-page menu-item-6071\"><a href=\"https:\/\/berner-neurologie.ch\/fr\/maladies-nerveuses-musculaires\/\" class=\"elementor-item menu-link\">Maladies des nerfs et des muscles<\/a><\/li>\n<li class=\"menu-item menu-item-type-post_type menu-item-object-page menu-item-6072\"><a href=\"https:\/\/berner-neurologie.ch\/fr\/maladie-de-parkinson-troubles-du-mouvement\/\" class=\"elementor-item menu-link\">Maladie de Parkinson, troubles du mouvement<\/a><\/li>\n<li class=\"menu-item menu-item-type-post_type menu-item-object-page menu-item-6073\"><a href=\"https:\/\/berner-neurologie.ch\/fr\/accident-vasculaire-cerebral\/\" class=\"elementor-item menu-link\">Accident vasculaire c\u00e9r\u00e9bral<\/a><\/li>\n<li class=\"menu-item menu-item-type-post_type menu-item-object-page menu-item-6074\"><a href=\"https:\/\/berner-neurologie.ch\/fr\/vertiges-troubles-de-lequilibre\/\" class=\"elementor-item menu-link\">Vertiges, troubles de l\u2019\u00e9quilibre<\/a><\/li>\n<\/ul>\t\t\t<\/nav>\n\t\t\t\t\t\t<nav class=\"elementor-nav-menu--dropdown elementor-nav-menu__container\" aria-hidden=\"true\">\n\t\t\t\t<ul id=\"menu-2-3599646\" class=\"elementor-nav-menu sm-vertical\"><li class=\"menu-item menu-item-type-post_type menu-item-object-page menu-item-6065\"><a href=\"https:\/\/berner-neurologie.ch\/fr\/hernie-discale\/\" class=\"elementor-item menu-link\" tabindex=\"-1\">Hernie discale<\/a><\/li>\n<li class=\"menu-item menu-item-type-post_type menu-item-object-page menu-item-6066\"><a href=\"https:\/\/berner-neurologie.ch\/fr\/traitements-a-la-toxine-botulique\/\" class=\"elementor-item menu-link\" tabindex=\"-1\">Traitements \u00e0 la toxine botulique<\/a><\/li>\n<li class=\"menu-item menu-item-type-post_type menu-item-object-page menu-item-6067\"><a href=\"https:\/\/berner-neurologie.ch\/fr\/epilepsie-evanouissement\/\" class=\"elementor-item menu-link\" tabindex=\"-1\">\u00c9pilepsie, \u00e9vanouissement<\/a><\/li>\n<li class=\"menu-item menu-item-type-post_type menu-item-object-page menu-item-6068\"><a href=\"https:\/\/berner-neurologie.ch\/fr\/troubles-de-la-memoire\/\" class=\"elementor-item menu-link\" tabindex=\"-1\">Troubles de la m\u00e9moire<\/a><\/li>\n<li class=\"menu-item menu-item-type-post_type menu-item-object-page menu-item-6069\"><a href=\"https:\/\/berner-neurologie.ch\/fr\/maux-de-tete\/\" class=\"elementor-item menu-link\" tabindex=\"-1\">Maux de t\u00eate<\/a><\/li>\n<li class=\"menu-item menu-item-type-post_type menu-item-object-page menu-item-6070\"><a href=\"https:\/\/berner-neurologie.ch\/fr\/sclerose-en-plaques\/\" class=\"elementor-item menu-link\" tabindex=\"-1\">Scl\u00e9rose en plaques<\/a><\/li>\n<li class=\"menu-item menu-item-type-post_type menu-item-object-page menu-item-6071\"><a href=\"https:\/\/berner-neurologie.ch\/fr\/maladies-nerveuses-musculaires\/\" class=\"elementor-item menu-link\" tabindex=\"-1\">Maladies des nerfs et des muscles<\/a><\/li>\n<li class=\"menu-item menu-item-type-post_type menu-item-object-page menu-item-6072\"><a href=\"https:\/\/berner-neurologie.ch\/fr\/maladie-de-parkinson-troubles-du-mouvement\/\" class=\"elementor-item menu-link\" tabindex=\"-1\">Maladie de Parkinson, troubles du mouvement<\/a><\/li>\n<li class=\"menu-item menu-item-type-post_type menu-item-object-page menu-item-6073\"><a href=\"https:\/\/berner-neurologie.ch\/fr\/accident-vasculaire-cerebral\/\" class=\"elementor-item menu-link\" tabindex=\"-1\">Accident vasculaire c\u00e9r\u00e9bral<\/a><\/li>\n<li class=\"menu-item menu-item-type-post_type menu-item-object-page menu-item-6074\"><a href=\"https:\/\/berner-neurologie.ch\/fr\/vertiges-troubles-de-lequilibre\/\" class=\"elementor-item menu-link\" tabindex=\"-1\">Vertiges, troubles de l\u2019\u00e9quilibre<\/a><\/li>\n<\/ul>\t\t\t<\/nav>\n\t\t\t\t\t\t<\/div>\n\t\t\t\t<\/div>\n\t\t\t\t\t<\/div>\n\t\t<\/div>\n\t\t\t\t\t<\/div>\n\t\t<\/section>\n\t\t\t\t\t<\/div>\n\t\t<\/div>\n\t\t\t\t\t<\/div>\n\t\t<\/section>\n\t\t\t\t<section class=\"elementor-section elementor-top-section elementor-element elementor-element-a5f10f0 elementor-section-full_width elementor-section-height-default elementor-section-height-default\" data-id=\"a5f10f0\" data-element_type=\"section\" data-e-type=\"section\">\n\t\t\t\t\t\t<div class=\"elementor-container elementor-column-gap-default\">\n\t\t\t\t\t<div class=\"elementor-column elementor-col-100 elementor-top-column elementor-element elementor-element-f53c444\" data-id=\"f53c444\" data-element_type=\"column\" data-e-type=\"column\">\n\t\t\t<div class=\"elementor-widget-wrap elementor-element-populated\">\n\t\t\t\t\t\t<div class=\"elementor-element elementor-element-17ab208 elementor-widget__width-inherit elementor-widget elementor-widget-template\" data-id=\"17ab208\" data-element_type=\"widget\" data-e-type=\"widget\" data-widget_type=\"template.default\">\n\t\t\t\t<div class=\"elementor-widget-container\">\n\t\t\t\t\t\t\t<div class=\"elementor-template\">\n\t\t\t\t\t<div data-elementor-type=\"section\" data-elementor-id=\"5765\" class=\"elementor elementor-5765 elementor-4385 elementor-4385\" data-elementor-post-type=\"elementor_library\">\n\t\t\t\t\t<section class=\"elementor-section elementor-top-section elementor-element elementor-element-4ad8b784 elementor-section-boxed elementor-section-height-default elementor-section-height-default\" data-id=\"4ad8b784\" data-element_type=\"section\" data-e-type=\"section\" data-settings=\"{&quot;background_background&quot;:&quot;classic&quot;}\">\n\t\t\t\t\t\t<div class=\"elementor-container elementor-column-gap-default\">\n\t\t\t\t\t<div class=\"elementor-column elementor-col-50 elementor-top-column elementor-element elementor-element-38824d30\" data-id=\"38824d30\" data-element_type=\"column\" data-e-type=\"column\">\n\t\t\t<div class=\"elementor-widget-wrap elementor-element-populated\">\n\t\t\t\t\t\t<div class=\"elementor-element elementor-element-4072a2f9 elementor-widget elementor-widget-heading\" data-id=\"4072a2f9\" data-element_type=\"widget\" data-e-type=\"widget\" data-widget_type=\"heading.default\">\n\t\t\t\t<div class=\"elementor-widget-container\">\n\t\t\t\t\t<h2 class=\"elementor-heading-title elementor-size-default\">Vous pr\u00e9sentez des troubles neurologiques?<\/h2>\t\t\t\t<\/div>\n\t\t\t\t<\/div>\n\t\t\t\t<div class=\"elementor-element elementor-element-4dcbac74 elementor-widget elementor-widget-text-editor\" data-id=\"4dcbac74\" data-element_type=\"widget\" data-e-type=\"widget\" data-widget_type=\"text-editor.default\">\n\t\t\t\t<div class=\"elementor-widget-container\">\n\t\t\t\t\t\t\t\t\t<p>Prenez rendez-vous avec nous. <br \/>Nous disposons de l\u2019expertise et de l\u2019exp\u00e9rience n\u00e9cessaires.<\/p>\n\t\t\t\t\t\t\t\t<\/div>\n\t\t\t\t<\/div>\n\t\t\t\t<div class=\"elementor-element elementor-element-440ec48 elementor-mobile-align-center elementor-widget__width-auto elementor-widget elementor-widget-button\" data-id=\"440ec48\" data-element_type=\"widget\" data-e-type=\"widget\" data-widget_type=\"button.default\">\n\t\t\t\t<div class=\"elementor-widget-container\">\n\t\t\t\t\t\t\t\t\t<div class=\"elementor-button-wrapper\">\n\t\t\t\t\t<a class=\"elementor-button elementor-button-link elementor-size-sm\" href=\"\">\n\t\t\t\t\t\t<span class=\"elementor-button-content-wrapper\">\n\t\t\t\t\t\t\t\t\t<span class=\"elementor-button-text\">+41 31 310 48 58<\/span>\n\t\t\t\t\t<\/span>\n\t\t\t\t\t<\/a>\n\t\t\t\t<\/div>\n\t\t\t\t\t\t\t\t<\/div>\n\t\t\t\t<\/div>\n\t\t\t\t<div class=\"elementor-element elementor-element-403f466 elementor-mobile-align-center elementor-widget__width-auto elementor-widget elementor-widget-button\" data-id=\"403f466\" data-element_type=\"widget\" data-e-type=\"widget\" data-widget_type=\"button.default\">\n\t\t\t\t<div class=\"elementor-widget-container\">\n\t\t\t\t\t\t\t\t\t<div class=\"elementor-button-wrapper\">\n\t\t\t\t\t<a class=\"elementor-button elementor-button-link elementor-size-sm\" href=\"mailto:%20berner-neurologie@hin.ch\">\n\t\t\t\t\t\t<span class=\"elementor-button-content-wrapper\">\n\t\t\t\t\t\t\t\t\t<span class=\"elementor-button-text\">Envoyer un e-mail<\/span>\n\t\t\t\t\t<\/span>\n\t\t\t\t\t<\/a>\n\t\t\t\t<\/div>\n\t\t\t\t\t\t\t\t<\/div>\n\t\t\t\t<\/div>\n\t\t\t\t\t<\/div>\n\t\t<\/div>\n\t\t\t\t<div class=\"elementor-column elementor-col-50 elementor-top-column elementor-element elementor-element-52ef8a4c\" data-id=\"52ef8a4c\" data-element_type=\"column\" data-e-type=\"column\">\n\t\t\t<div class=\"elementor-widget-wrap elementor-element-populated\">\n\t\t\t\t\t\t<div class=\"elementor-element elementor-element-f4197fa elementor-arrows-position-inside elementor-pagination-position-outside elementor-widget elementor-widget-image-carousel\" data-id=\"f4197fa\" data-element_type=\"widget\" data-e-type=\"widget\" data-settings=\"{&quot;slides_to_show&quot;:&quot;1&quot;,&quot;speed&quot;:1500,&quot;navigation&quot;:&quot;both&quot;,&quot;autoplay&quot;:&quot;yes&quot;,&quot;pause_on_hover&quot;:&quot;yes&quot;,&quot;pause_on_interaction&quot;:&quot;yes&quot;,&quot;autoplay_speed&quot;:5000,&quot;infinite&quot;:&quot;yes&quot;,&quot;effect&quot;:&quot;slide&quot;}\" data-widget_type=\"image-carousel.default\">\n\t\t\t\t<div class=\"elementor-widget-container\">\n\t\t\t\t\t\t\t<div class=\"elementor-image-carousel-wrapper swiper\" role=\"region\" aria-roledescription=\"carousel\" aria-label=\"Bild Karussell\" dir=\"ltr\">\n\t\t\t<div class=\"elementor-image-carousel swiper-wrapper swiper-image-stretch\" aria-live=\"off\">\n\t\t\t\t\t\t\t\t<div class=\"swiper-slide\" role=\"group\" aria-roledescription=\"slide\" aria-label=\"1 sur 4\"><figure class=\"swiper-slide-inner\"><img decoding=\"async\" class=\"swiper-slide-image\" src=\"https:\/\/berner-neurologie.ch\/wp-content\/uploads\/2024\/08\/NeurologieBern_Petersen_Jens_cta.png\" alt=\"Dr m\u00e9d. Jens Petersen\" \/><figcaption class=\"elementor-image-carousel-caption\">Dr m\u00e9d. Jens Petersen<\/figcaption><\/figure><\/div><div class=\"swiper-slide\" role=\"group\" aria-roledescription=\"slide\" aria-label=\"2 sur 4\"><figure class=\"swiper-slide-inner\"><img decoding=\"async\" class=\"swiper-slide-image\" src=\"https:\/\/berner-neurologie.ch\/wp-content\/uploads\/2024\/08\/NeurologierBern_Amberger_Ulfrid_cta.png\" alt=\"Dr m\u00e9d. Ulfrid Amberger\" \/><figcaption class=\"elementor-image-carousel-caption\">Dr m\u00e9d. Ulfrid Amberger<\/figcaption><\/figure><\/div><div class=\"swiper-slide\" role=\"group\" aria-roledescription=\"slide\" aria-label=\"3 sur 4\"><figure class=\"swiper-slide-inner\"><img decoding=\"async\" class=\"swiper-slide-image\" src=\"https:\/\/berner-neurologie.ch\/wp-content\/uploads\/2026\/01\/NeurologierBern_Marisa_Blanquet_cta.png\" alt=\"NeurologierBern_Marisa_Blanquet_cta.png\" \/><\/figure><\/div><div class=\"swiper-slide\" role=\"group\" aria-roledescription=\"slide\" aria-label=\"4 sur 4\"><figure class=\"swiper-slide-inner\"><img decoding=\"async\" class=\"swiper-slide-image\" src=\"https:\/\/berner-neurologie.ch\/wp-content\/uploads\/2026\/01\/NeurologieBern_Gropp_Claire-Marie_cta.png\" alt=\"NeurologieBern_Gropp_Claire-Marie_cta.png\" \/><\/figure><\/div>\t\t\t<\/div>\n\t\t\t\t\t\t\t\t\t\t\t\t<div class=\"elementor-swiper-button elementor-swiper-button-prev\" role=\"button\" tabindex=\"0\">\n\t\t\t\t\t\t<i aria-hidden=\"true\" class=\"eicon-chevron-left\"><\/i>\t\t\t\t\t<\/div>\n\t\t\t\t\t<div class=\"elementor-swiper-button elementor-swiper-button-next\" role=\"button\" tabindex=\"0\">\n\t\t\t\t\t\t<i aria-hidden=\"true\" class=\"eicon-chevron-right\"><\/i>\t\t\t\t\t<\/div>\n\t\t\t\t\n\t\t\t\t\t\t\t\t\t<div class=\"swiper-pagination\"><\/div>\n\t\t\t\t\t\t\t\t\t<\/div>\n\t\t\t\t\t\t<\/div>\n\t\t\t\t<\/div>\n\t\t\t\t\t<\/div>\n\t\t<\/div>\n\t\t\t\t\t<\/div>\n\t\t<\/section>\n\t\t\t\t<\/div>\n\t\t\t\t<\/div>\n\t\t\t\t\t\t<\/div>\n\t\t\t\t<\/div>\n\t\t\t\t\t<\/div>\n\t\t<\/div>\n\t\t\t\t\t<\/div>\n\t\t<\/section>\n\t\t\t\t<\/div>\n\t\t","protected":false},"excerpt":{"rendered":"<p>Maladie de Parkinson,troubles du mouvement La maladie de Parkinson est une maladie neurologique chronique qui affecte le mouvement et le contr\u00f4le musculaire. Elle entra\u00eene des troubles tels que tremblements, raideur, lenteur des mouvements et probl\u00e8mes d\u2019\u00e9quilibre. D\u2019autres troubles du mouvement, dont le tremor (tremblements), la dystonie et la chor\u00e9e, peuvent pr\u00e9senter des sympt\u00f4mes en partie [&hellip;]<\/p>\n","protected":false},"author":3,"featured_media":0,"parent":0,"menu_order":0,"comment_status":"closed","ping_status":"closed","template":"","meta":{"inline_featured_image":false,"site-sidebar-layout":"no-sidebar","site-content-layout":"page-builder","ast-site-content-layout":"default","site-content-style":"default","site-sidebar-style":"default","ast-global-header-display":"","ast-banner-title-visibility":"","ast-main-header-display":"","ast-hfb-above-header-display":"","ast-hfb-below-header-display":"","ast-hfb-mobile-header-display":"","site-post-title":"disabled","ast-breadcrumbs-content":"","ast-featured-img":"disabled","footer-sml-layout":"","ast-disable-related-posts":"","theme-transparent-header-meta":"disabled","adv-header-id-meta":"","stick-header-meta":"","header-above-stick-meta":"","header-main-stick-meta":"","header-below-stick-meta":"","astra-migrate-meta-layouts":"default","ast-page-background-enabled":"default","ast-page-background-meta":{"desktop":{"background-color":"var(--ast-global-color-4)","background-image":"","background-repeat":"repeat","background-position":"center center","background-size":"auto","background-attachment":"scroll","background-type":"","background-media":"","overlay-type":"","overlay-color":"","overlay-opacity":"","overlay-gradient":""},"tablet":{"background-color":"","background-image":"","background-repeat":"repeat","background-position":"center center","background-size":"auto","background-attachment":"scroll","background-type":"","background-media":"","overlay-type":"","overlay-color":"","overlay-opacity":"","overlay-gradient":""},"mobile":{"background-color":"","background-image":"","background-repeat":"repeat","background-position":"center center","background-size":"auto","background-attachment":"scroll","background-type":"","background-media":"","overlay-type":"","overlay-color":"","overlay-opacity":"","overlay-gradient":""}},"ast-content-background-meta":{"desktop":{"background-color":"var(--ast-global-color-5)","background-image":"","background-repeat":"repeat","background-position":"center center","background-size":"auto","background-attachment":"scroll","background-type":"","background-media":"","overlay-type":"","overlay-color":"","overlay-opacity":"","overlay-gradient":""},"tablet":{"background-color":"var(--ast-global-color-5)","background-image":"","background-repeat":"repeat","background-position":"center center","background-size":"auto","background-attachment":"scroll","background-type":"","background-media":"","overlay-type":"","overlay-color":"","overlay-opacity":"","overlay-gradient":""},"mobile":{"background-color":"var(--ast-global-color-5)","background-image":"","background-repeat":"repeat","background-position":"center center","background-size":"auto","background-attachment":"scroll","background-type":"","background-media":"","overlay-type":"","overlay-color":"","overlay-opacity":"","overlay-gradient":""}},"footnotes":""},"class_list":["post-5512","page","type-page","status-publish","hentry"],"yoast_head":"<!-- This site is optimized with the Yoast SEO plugin v27.5 - https:\/\/yoast.com\/product\/yoast-seo-wordpress\/ -->\n<title>Maladie de Parkinson, troubles du mouvement - Berner Neurologie Praxis<\/title>\n<meta name=\"robots\" content=\"index, follow, max-snippet:-1, max-image-preview:large, max-video-preview:-1\" \/>\n<link rel=\"canonical\" href=\"https:\/\/berner-neurologie.ch\/fr\/maladie-de-parkinson-troubles-du-mouvement\/\" \/>\n<meta property=\"og:locale\" content=\"fr_FR\" \/>\n<meta property=\"og:type\" content=\"article\" \/>\n<meta property=\"og:title\" content=\"Maladie de Parkinson, troubles du mouvement - Berner Neurologie Praxis\" \/>\n<meta property=\"og:description\" content=\"Maladie de Parkinson,troubles du mouvement La maladie de Parkinson est une maladie neurologique chronique qui affecte le mouvement et le contr\u00f4le musculaire. Elle entra\u00eene des troubles tels que tremblements, raideur, lenteur des mouvements et probl\u00e8mes d\u2019\u00e9quilibre. D\u2019autres troubles du mouvement, dont le tremor (tremblements), la dystonie et la chor\u00e9e, peuvent pr\u00e9senter des sympt\u00f4mes en partie [&hellip;]\" \/>\n<meta property=\"og:url\" content=\"https:\/\/berner-neurologie.ch\/fr\/maladie-de-parkinson-troubles-du-mouvement\/\" \/>\n<meta property=\"og:site_name\" content=\"Berner Neurologie Praxis\" \/>\n<meta property=\"article:modified_time\" content=\"2024-07-24T15:06:41+00:00\" \/>\n<meta property=\"og:image\" content=\"https:\/\/berner-neurologie.ch\/wp-content\/uploads\/2023\/09\/benu_angebot_icon_parkinson_bewegungsstoerungen.svg\" \/>\n<meta name=\"twitter:card\" content=\"summary_large_image\" \/>\n<meta name=\"twitter:label1\" content=\"Dur\u00e9e de lecture estim\u00e9e\" \/>\n\t<meta name=\"twitter:data1\" content=\"1 minute\" \/>\n<script type=\"application\/ld+json\" class=\"yoast-schema-graph\">{\"@context\":\"https:\\\/\\\/schema.org\",\"@graph\":[{\"@type\":\"WebPage\",\"@id\":\"https:\\\/\\\/berner-neurologie.ch\\\/fr\\\/maladie-de-parkinson-troubles-du-mouvement\\\/\",\"url\":\"https:\\\/\\\/berner-neurologie.ch\\\/fr\\\/maladie-de-parkinson-troubles-du-mouvement\\\/\",\"name\":\"Maladie de Parkinson, troubles du mouvement - Berner Neurologie Praxis\",\"isPartOf\":{\"@id\":\"https:\\\/\\\/berner-neurologie.ch\\\/fr\\\/#website\"},\"primaryImageOfPage\":{\"@id\":\"https:\\\/\\\/berner-neurologie.ch\\\/fr\\\/maladie-de-parkinson-troubles-du-mouvement\\\/#primaryimage\"},\"image\":{\"@id\":\"https:\\\/\\\/berner-neurologie.ch\\\/fr\\\/maladie-de-parkinson-troubles-du-mouvement\\\/#primaryimage\"},\"thumbnailUrl\":\"https:\\\/\\\/berner-neurologie.ch\\\/wp-content\\\/uploads\\\/2023\\\/09\\\/benu_angebot_icon_parkinson_bewegungsstoerungen.svg\",\"datePublished\":\"2023-09-13T07:23:39+00:00\",\"dateModified\":\"2024-07-24T15:06:41+00:00\",\"breadcrumb\":{\"@id\":\"https:\\\/\\\/berner-neurologie.ch\\\/fr\\\/maladie-de-parkinson-troubles-du-mouvement\\\/#breadcrumb\"},\"inLanguage\":\"fr-FR\",\"potentialAction\":[{\"@type\":\"ReadAction\",\"target\":[\"https:\\\/\\\/berner-neurologie.ch\\\/fr\\\/maladie-de-parkinson-troubles-du-mouvement\\\/\"]}]},{\"@type\":\"ImageObject\",\"inLanguage\":\"fr-FR\",\"@id\":\"https:\\\/\\\/berner-neurologie.ch\\\/fr\\\/maladie-de-parkinson-troubles-du-mouvement\\\/#primaryimage\",\"url\":\"https:\\\/\\\/berner-neurologie.ch\\\/wp-content\\\/uploads\\\/2023\\\/09\\\/benu_angebot_icon_parkinson_bewegungsstoerungen.svg\",\"contentUrl\":\"https:\\\/\\\/berner-neurologie.ch\\\/wp-content\\\/uploads\\\/2023\\\/09\\\/benu_angebot_icon_parkinson_bewegungsstoerungen.svg\"},{\"@type\":\"BreadcrumbList\",\"@id\":\"https:\\\/\\\/berner-neurologie.ch\\\/fr\\\/maladie-de-parkinson-troubles-du-mouvement\\\/#breadcrumb\",\"itemListElement\":[{\"@type\":\"ListItem\",\"position\":1,\"name\":\"Startseite\",\"item\":\"https:\\\/\\\/berner-neurologie.ch\\\/fr\\\/\"},{\"@type\":\"ListItem\",\"position\":2,\"name\":\"Maladie de Parkinson, troubles du mouvement\"}]},{\"@type\":\"WebSite\",\"@id\":\"https:\\\/\\\/berner-neurologie.ch\\\/fr\\\/#website\",\"url\":\"https:\\\/\\\/berner-neurologie.ch\\\/fr\\\/\",\"name\":\"Berner Neurologie - Kompetenzzentrum f\u00fcr Neurologie\",\"description\":\"\",\"publisher\":{\"@id\":\"https:\\\/\\\/berner-neurologie.ch\\\/fr\\\/#organization\"},\"potentialAction\":[{\"@type\":\"SearchAction\",\"target\":{\"@type\":\"EntryPoint\",\"urlTemplate\":\"https:\\\/\\\/berner-neurologie.ch\\\/fr\\\/?s={search_term_string}\"},\"query-input\":{\"@type\":\"PropertyValueSpecification\",\"valueRequired\":true,\"valueName\":\"search_term_string\"}}],\"inLanguage\":\"fr-FR\"},{\"@type\":\"Organization\",\"@id\":\"https:\\\/\\\/berner-neurologie.ch\\\/fr\\\/#organization\",\"name\":\"Berner Neurologie - Kompetenzzentrum f\u00fcr Neurologie\",\"url\":\"https:\\\/\\\/berner-neurologie.ch\\\/fr\\\/\",\"logo\":{\"@type\":\"ImageObject\",\"inLanguage\":\"fr-FR\",\"@id\":\"https:\\\/\\\/berner-neurologie.ch\\\/fr\\\/#\\\/schema\\\/logo\\\/image\\\/\",\"url\":\"https:\\\/\\\/berner-neurologie.ch\\\/wp-content\\\/uploads\\\/2023\\\/09\\\/NeurologieBern_Petersen_Jens_cta.png\",\"contentUrl\":\"https:\\\/\\\/berner-neurologie.ch\\\/wp-content\\\/uploads\\\/2023\\\/09\\\/NeurologieBern_Petersen_Jens_cta.png\",\"width\":696,\"height\":696,\"caption\":\"Berner Neurologie - Kompetenzzentrum f\u00fcr Neurologie\"},\"image\":{\"@id\":\"https:\\\/\\\/berner-neurologie.ch\\\/fr\\\/#\\\/schema\\\/logo\\\/image\\\/\"}}]}<\/script>\n<!-- \/ Yoast SEO plugin. -->","yoast_head_json":{"title":"Maladie de Parkinson, troubles du mouvement - Berner Neurologie Praxis","robots":{"index":"index","follow":"follow","max-snippet":"max-snippet:-1","max-image-preview":"max-image-preview:large","max-video-preview":"max-video-preview:-1"},"canonical":"https:\/\/berner-neurologie.ch\/fr\/maladie-de-parkinson-troubles-du-mouvement\/","og_locale":"fr_FR","og_type":"article","og_title":"Maladie de Parkinson, troubles du mouvement - Berner Neurologie Praxis","og_description":"Maladie de Parkinson,troubles du mouvement La maladie de Parkinson est une maladie neurologique chronique qui affecte le mouvement et le contr\u00f4le musculaire. Elle entra\u00eene des troubles tels que tremblements, raideur, lenteur des mouvements et probl\u00e8mes d\u2019\u00e9quilibre. D\u2019autres troubles du mouvement, dont le tremor (tremblements), la dystonie et la chor\u00e9e, peuvent pr\u00e9senter des sympt\u00f4mes en partie [&hellip;]","og_url":"https:\/\/berner-neurologie.ch\/fr\/maladie-de-parkinson-troubles-du-mouvement\/","og_site_name":"Berner Neurologie Praxis","article_modified_time":"2024-07-24T15:06:41+00:00","og_image":[{"url":"https:\/\/berner-neurologie.ch\/wp-content\/uploads\/2023\/09\/benu_angebot_icon_parkinson_bewegungsstoerungen.svg","type":"","width":"","height":""}],"twitter_card":"summary_large_image","twitter_misc":{"Dur\u00e9e de lecture estim\u00e9e":"1 minute"},"schema":{"@context":"https:\/\/schema.org","@graph":[{"@type":"WebPage","@id":"https:\/\/berner-neurologie.ch\/fr\/maladie-de-parkinson-troubles-du-mouvement\/","url":"https:\/\/berner-neurologie.ch\/fr\/maladie-de-parkinson-troubles-du-mouvement\/","name":"Maladie de Parkinson, troubles du mouvement - Berner Neurologie Praxis","isPartOf":{"@id":"https:\/\/berner-neurologie.ch\/fr\/#website"},"primaryImageOfPage":{"@id":"https:\/\/berner-neurologie.ch\/fr\/maladie-de-parkinson-troubles-du-mouvement\/#primaryimage"},"image":{"@id":"https:\/\/berner-neurologie.ch\/fr\/maladie-de-parkinson-troubles-du-mouvement\/#primaryimage"},"thumbnailUrl":"https:\/\/berner-neurologie.ch\/wp-content\/uploads\/2023\/09\/benu_angebot_icon_parkinson_bewegungsstoerungen.svg","datePublished":"2023-09-13T07:23:39+00:00","dateModified":"2024-07-24T15:06:41+00:00","breadcrumb":{"@id":"https:\/\/berner-neurologie.ch\/fr\/maladie-de-parkinson-troubles-du-mouvement\/#breadcrumb"},"inLanguage":"fr-FR","potentialAction":[{"@type":"ReadAction","target":["https:\/\/berner-neurologie.ch\/fr\/maladie-de-parkinson-troubles-du-mouvement\/"]}]},{"@type":"ImageObject","inLanguage":"fr-FR","@id":"https:\/\/berner-neurologie.ch\/fr\/maladie-de-parkinson-troubles-du-mouvement\/#primaryimage","url":"https:\/\/berner-neurologie.ch\/wp-content\/uploads\/2023\/09\/benu_angebot_icon_parkinson_bewegungsstoerungen.svg","contentUrl":"https:\/\/berner-neurologie.ch\/wp-content\/uploads\/2023\/09\/benu_angebot_icon_parkinson_bewegungsstoerungen.svg"},{"@type":"BreadcrumbList","@id":"https:\/\/berner-neurologie.ch\/fr\/maladie-de-parkinson-troubles-du-mouvement\/#breadcrumb","itemListElement":[{"@type":"ListItem","position":1,"name":"Startseite","item":"https:\/\/berner-neurologie.ch\/fr\/"},{"@type":"ListItem","position":2,"name":"Maladie de Parkinson, troubles du mouvement"}]},{"@type":"WebSite","@id":"https:\/\/berner-neurologie.ch\/fr\/#website","url":"https:\/\/berner-neurologie.ch\/fr\/","name":"Berner Neurologie - Kompetenzzentrum f\u00fcr Neurologie","description":"","publisher":{"@id":"https:\/\/berner-neurologie.ch\/fr\/#organization"},"potentialAction":[{"@type":"SearchAction","target":{"@type":"EntryPoint","urlTemplate":"https:\/\/berner-neurologie.ch\/fr\/?s={search_term_string}"},"query-input":{"@type":"PropertyValueSpecification","valueRequired":true,"valueName":"search_term_string"}}],"inLanguage":"fr-FR"},{"@type":"Organization","@id":"https:\/\/berner-neurologie.ch\/fr\/#organization","name":"Berner Neurologie - Kompetenzzentrum f\u00fcr Neurologie","url":"https:\/\/berner-neurologie.ch\/fr\/","logo":{"@type":"ImageObject","inLanguage":"fr-FR","@id":"https:\/\/berner-neurologie.ch\/fr\/#\/schema\/logo\/image\/","url":"https:\/\/berner-neurologie.ch\/wp-content\/uploads\/2023\/09\/NeurologieBern_Petersen_Jens_cta.png","contentUrl":"https:\/\/berner-neurologie.ch\/wp-content\/uploads\/2023\/09\/NeurologieBern_Petersen_Jens_cta.png","width":696,"height":696,"caption":"Berner Neurologie - Kompetenzzentrum f\u00fcr Neurologie"},"image":{"@id":"https:\/\/berner-neurologie.ch\/fr\/#\/schema\/logo\/image\/"}}]}},"_links":{"self":[{"href":"https:\/\/berner-neurologie.ch\/fr\/wp-json\/wp\/v2\/pages\/5512","targetHints":{"allow":["GET"]}}],"collection":[{"href":"https:\/\/berner-neurologie.ch\/fr\/wp-json\/wp\/v2\/pages"}],"about":[{"href":"https:\/\/berner-neurologie.ch\/fr\/wp-json\/wp\/v2\/types\/page"}],"author":[{"embeddable":true,"href":"https:\/\/berner-neurologie.ch\/fr\/wp-json\/wp\/v2\/users\/3"}],"replies":[{"embeddable":true,"href":"https:\/\/berner-neurologie.ch\/fr\/wp-json\/wp\/v2\/comments?post=5512"}],"version-history":[{"count":3,"href":"https:\/\/berner-neurologie.ch\/fr\/wp-json\/wp\/v2\/pages\/5512\/revisions"}],"predecessor-version":[{"id":5754,"href":"https:\/\/berner-neurologie.ch\/fr\/wp-json\/wp\/v2\/pages\/5512\/revisions\/5754"}],"wp:attachment":[{"href":"https:\/\/berner-neurologie.ch\/fr\/wp-json\/wp\/v2\/media?parent=5512"}],"curies":[{"name":"wp","href":"https:\/\/api.w.org\/{rel}","templated":true}]}}