{"id":2322,"date":"2021-11-21T15:12:46","date_gmt":"2021-11-21T14:12:46","guid":{"rendered":"https:\/\/berner-neurologie.ch\/angebot\/"},"modified":"2026-07-01T12:45:26","modified_gmt":"2026-07-01T10:45:26","slug":"angebot","status":"publish","type":"page","link":"https:\/\/berner-neurologie.ch\/fr\/angebot\/","title":{"rendered":"Offre"},"content":{"rendered":"\t\t<div data-elementor-type=\"wp-page\" data-elementor-id=\"2322\" class=\"elementor elementor-2322 elementor-11\" data-elementor-post-type=\"page\">\n\t\t\t\t\t\t<section class=\"elementor-section elementor-top-section elementor-element elementor-element-318e646 elementor-section-boxed elementor-section-height-default elementor-section-height-default\" data-id=\"318e646\" data-element_type=\"section\" data-e-type=\"section\">\n\t\t\t\t\t\t<div class=\"elementor-container elementor-column-gap-default\">\n\t\t\t\t\t<div class=\"elementor-column elementor-col-50 elementor-top-column elementor-element elementor-element-52243aa\" data-id=\"52243aa\" data-element_type=\"column\" data-e-type=\"column\">\n\t\t\t<div class=\"elementor-widget-wrap elementor-element-populated\">\n\t\t\t\t\t\t<div class=\"elementor-element elementor-element-3bedfab elementor-widget elementor-widget-heading\" data-id=\"3bedfab\" data-element_type=\"widget\" data-e-type=\"widget\" data-widget_type=\"heading.default\">\n\t\t\t\t<div class=\"elementor-widget-container\">\n\t\t\t\t\t<h2 class=\"elementor-heading-title elementor-size-default\">\u00c0 propos de Berner Neurologie<\/h2>\t\t\t\t<\/div>\n\t\t\t\t<\/div>\n\t\t\t\t<div class=\"elementor-element elementor-element-0fa60ac elementor-widget-divider--view-line elementor-widget elementor-widget-divider\" data-id=\"0fa60ac\" data-element_type=\"widget\" data-e-type=\"widget\" data-widget_type=\"divider.default\">\n\t\t\t\t<div class=\"elementor-widget-container\">\n\t\t\t\t\t\t\t<div class=\"elementor-divider\">\n\t\t\t<span class=\"elementor-divider-separator\">\n\t\t\t\t\t\t<\/span>\n\t\t<\/div>\n\t\t\t\t\t\t<\/div>\n\t\t\t\t<\/div>\n\t\t\t\t<div class=\"elementor-element elementor-element-39a4d61 elementor-widget elementor-widget-text-editor\" data-id=\"39a4d61\" data-element_type=\"widget\" data-e-type=\"widget\" data-widget_type=\"text-editor.default\">\n\t\t\t\t<div class=\"elementor-widget-container\">\n\t\t\t\t\t\t\t\t\t<p>Nous proposons une large gamme de services m\u00e9dicaux, notamment le diagnostic et le traitement de maladies neurologiques telles que les maux de t\u00eate, les maladies des nerfs et des muscles, les vertiges, la scl\u00e9rose en plaques et bien plus encore. Nous utilisons des m\u00e9thodes de diagnostic de pointe et des approches th\u00e9rapeutiques innovantes afin d\u2019assurer les meilleurs soins possibles \u00e0 nos patients. <\/p>\t\t\t\t\t\t\t\t<\/div>\n\t\t\t\t<\/div>\n\t\t\t\t\t<\/div>\n\t\t<\/div>\n\t\t\t\t<div class=\"elementor-column elementor-col-50 elementor-top-column elementor-element elementor-element-1d95093\" data-id=\"1d95093\" data-element_type=\"column\" data-e-type=\"column\">\n\t\t\t<div class=\"elementor-widget-wrap elementor-element-populated\">\n\t\t\t\t\t\t<div class=\"elementor-element elementor-element-12cdd92 elementor-arrows-position-inside elementor-pagination-position-outside elementor-widget elementor-widget-image-carousel\" data-id=\"12cdd92\" data-element_type=\"widget\" data-e-type=\"widget\" data-settings=\"{&quot;slides_to_show&quot;:&quot;1&quot;,&quot;speed&quot;:1500,&quot;navigation&quot;:&quot;both&quot;,&quot;autoplay&quot;:&quot;yes&quot;,&quot;pause_on_hover&quot;:&quot;yes&quot;,&quot;pause_on_interaction&quot;:&quot;yes&quot;,&quot;autoplay_speed&quot;:5000,&quot;infinite&quot;:&quot;yes&quot;,&quot;effect&quot;:&quot;slide&quot;}\" data-widget_type=\"image-carousel.default\">\n\t\t\t\t<div class=\"elementor-widget-container\">\n\t\t\t\t\t\t\t<div class=\"elementor-image-carousel-wrapper swiper\" role=\"region\" aria-roledescription=\"carousel\" aria-label=\"Bild Karussell\" dir=\"ltr\">\n\t\t\t<div class=\"elementor-image-carousel swiper-wrapper swiper-image-stretch\" aria-live=\"off\">\n\t\t\t\t\t\t\t\t<div class=\"swiper-slide\" role=\"group\" aria-roledescription=\"slide\" aria-label=\"1 sur 4\"><figure class=\"swiper-slide-inner\"><img decoding=\"async\" class=\"swiper-slide-image\" src=\"https:\/\/berner-neurologie.ch\/wp-content\/uploads\/2023\/09\/NeurologieBern_Petersen_Jens_cta.png\" alt=\"PD Dr m\u00e9d. Jens Petersen\" \/><figcaption class=\"elementor-image-carousel-caption\">PD Dr m\u00e9d. Jens Petersen<\/figcaption><\/figure><\/div><div class=\"swiper-slide\" role=\"group\" aria-roledescription=\"slide\" aria-label=\"2 sur 4\"><figure class=\"swiper-slide-inner\"><img decoding=\"async\" class=\"swiper-slide-image\" src=\"https:\/\/berner-neurologie.ch\/wp-content\/uploads\/2023\/10\/NeurologierBern_Amberger_Ulfrid_cta.png\" alt=\"Dr. med. Ulfrid Amberger\" \/><figcaption class=\"elementor-image-carousel-caption\">Dr. med. Ulfrid Amberger<\/figcaption><\/figure><\/div><div class=\"swiper-slide\" role=\"group\" aria-roledescription=\"slide\" aria-label=\"3 sur 4\"><figure class=\"swiper-slide-inner\"><img decoding=\"async\" class=\"swiper-slide-image\" src=\"https:\/\/berner-neurologie.ch\/wp-content\/uploads\/2025\/07\/NeurologierBern_Marisa_Blanquet_cta.png\" alt=\"Dr m\u00e9d. Marisa Blanquet\" \/><figcaption class=\"elementor-image-carousel-caption\">Dr m\u00e9d. Marisa Blanquet  <\/figcaption><\/figure><\/div><div class=\"swiper-slide\" role=\"group\" aria-roledescription=\"slide\" aria-label=\"4 sur 4\"><figure class=\"swiper-slide-inner\"><img decoding=\"async\" class=\"swiper-slide-image\" src=\"https:\/\/berner-neurologie.ch\/wp-content\/uploads\/2025\/09\/NeurologieBern_Gropp_Claire-Marie_cta.png\" alt=\"Dr. med. Claire-Marie Gropp\" \/><figcaption class=\"elementor-image-carousel-caption\">Dr. med. Claire-Marie Gropp<\/figcaption><\/figure><\/div>\t\t\t<\/div>\n\t\t\t\t\t\t\t\t\t\t\t\t<div class=\"elementor-swiper-button elementor-swiper-button-prev\" role=\"button\" tabindex=\"0\">\n\t\t\t\t\t\t<svg aria-hidden=\"true\" class=\"e-font-icon-svg e-eicon-chevron-left\" viewBox=\"0 0 1000 1000\" xmlns=\"http:\/\/www.w3.org\/2000\/svg\"><path d=\"M646 125C629 125 613 133 604 142L308 442C296 454 292 471 292 487 292 504 296 521 308 533L604 854C617 867 629 875 646 875 663 875 679 871 692 858 704 846 713 829 713 812 713 796 708 779 692 767L438 487 692 225C700 217 708 204 708 187 708 171 704 154 692 142 675 129 663 125 646 125Z\"><\/path><\/svg>\t\t\t\t\t<\/div>\n\t\t\t\t\t<div class=\"elementor-swiper-button elementor-swiper-button-next\" role=\"button\" tabindex=\"0\">\n\t\t\t\t\t\t<svg aria-hidden=\"true\" class=\"e-font-icon-svg e-eicon-chevron-right\" viewBox=\"0 0 1000 1000\" xmlns=\"http:\/\/www.w3.org\/2000\/svg\"><path d=\"M696 533C708 521 713 504 713 487 713 471 708 454 696 446L400 146C388 133 375 125 354 125 338 125 325 129 313 142 300 154 292 171 292 187 292 204 296 221 308 233L563 492 304 771C292 783 288 800 288 817 288 833 296 850 308 863 321 871 338 875 354 875 371 875 388 867 400 854L696 533Z\"><\/path><\/svg>\t\t\t\t\t<\/div>\n\t\t\t\t\n\t\t\t\t\t\t\t\t\t<div class=\"swiper-pagination\"><\/div>\n\t\t\t\t\t\t\t\t\t<\/div>\n\t\t\t\t\t\t<\/div>\n\t\t\t\t<\/div>\n\t\t\t\t\t<\/div>\n\t\t<\/div>\n\t\t\t\t\t<\/div>\n\t\t<\/section>\n\t\t\t\t<section class=\"elementor-section elementor-top-section elementor-element elementor-element-0df1cee elementor-section-boxed elementor-section-height-default elementor-section-height-default\" data-id=\"0df1cee\" data-element_type=\"section\" data-e-type=\"section\" data-settings=\"{&quot;background_background&quot;:&quot;classic&quot;}\">\n\t\t\t\t\t\t<div class=\"elementor-container elementor-column-gap-default\">\n\t\t\t\t\t<div class=\"elementor-column elementor-col-100 elementor-top-column elementor-element elementor-element-cc7c62b\" data-id=\"cc7c62b\" data-element_type=\"column\" data-e-type=\"column\">\n\t\t\t<div class=\"elementor-widget-wrap elementor-element-populated\">\n\t\t\t\t\t\t<div class=\"elementor-element elementor-element-1b9b90b elementor-widget__width-initial elementor-widget-divider--view-line elementor-widget elementor-widget-divider\" data-id=\"1b9b90b\" data-element_type=\"widget\" data-e-type=\"widget\" data-widget_type=\"divider.default\">\n\t\t\t\t<div class=\"elementor-widget-container\">\n\t\t\t\t\t\t\t<div class=\"elementor-divider\">\n\t\t\t<span class=\"elementor-divider-separator\">\n\t\t\t\t\t\t<\/span>\n\t\t<\/div>\n\t\t\t\t\t\t<\/div>\n\t\t\t\t<\/div>\n\t\t\t\t<div class=\"elementor-element elementor-element-dc3a295 elementor-widget__width-initial elementor-widget elementor-widget-heading\" data-id=\"dc3a295\" data-element_type=\"widget\" data-e-type=\"widget\" data-widget_type=\"heading.default\">\n\t\t\t\t<div class=\"elementor-widget-container\">\n\t\t\t\t\t<h3 class=\"elementor-heading-title elementor-size-default\">EXPERTISE DE PREMIER PLAN<\/h3>\t\t\t\t<\/div>\n\t\t\t\t<\/div>\n\t\t\t\t<div class=\"elementor-element elementor-element-234c072 elementor-widget elementor-widget-spacer\" data-id=\"234c072\" data-element_type=\"widget\" data-e-type=\"widget\" data-widget_type=\"spacer.default\">\n\t\t\t\t<div class=\"elementor-widget-container\">\n\t\t\t\t\t\t\t<div class=\"elementor-spacer\">\n\t\t\t<div class=\"elementor-spacer-inner\"><\/div>\n\t\t<\/div>\n\t\t\t\t\t\t<\/div>\n\t\t\t\t<\/div>\n\t\t\t\t<div class=\"elementor-element elementor-element-9d1956a elementor-widget elementor-widget-heading\" data-id=\"9d1956a\" data-element_type=\"widget\" data-e-type=\"widget\" data-widget_type=\"heading.default\">\n\t\t\t\t<div class=\"elementor-widget-container\">\n\t\t\t\t\t<h2 class=\"elementor-heading-title elementor-size-default\">Nos domaines de sp\u00e9cialisation.<\/h2>\t\t\t\t<\/div>\n\t\t\t\t<\/div>\n\t\t\t\t<section class=\"elementor-section elementor-inner-section elementor-element elementor-element-3ec8f1e elementor-section-full_width elementor-section-height-default elementor-section-height-default\" data-id=\"3ec8f1e\" data-element_type=\"section\" data-e-type=\"section\">\n\t\t\t\t\t\t<div class=\"elementor-container elementor-column-gap-default\">\n\t\t\t\t\t<div class=\"elementor-column elementor-col-100 elementor-inner-column elementor-element elementor-element-d32f98a\" data-id=\"d32f98a\" data-element_type=\"column\" data-e-type=\"column\">\n\t\t\t<div class=\"elementor-widget-wrap elementor-element-populated\">\n\t\t\t\t\t\t<div class=\"elementor-element elementor-element-7c9705b elementor-widget elementor-widget-adduse_card_scroller\" data-id=\"7c9705b\" data-element_type=\"widget\" data-e-type=\"widget\" data-widget_type=\"adduse_card_scroller.default\">\n\t\t\t\t<div class=\"elementor-widget-container\">\n\t\t\t\t\t\t\t<div class=\"adduse-cs adduse-cs--grid\" style=\"--adduse-cs-cpv: 2.5; --adduse-cs-cpv-tablet: 1.8; --adduse-cs-cpv-mobile: 1.15; --adduse-cs-cols: 3; --adduse-cs-cols-tablet: 2; --adduse-cs-cols-mobile: 1;\" data-layout=\"grid\" data-snap=\"no\" data-show-scrollbar=\"no\" data-bleed-right=\"no\">\n\t\t\t\n\t\t\t<div class=\"adduse-cs__track\" id=\"adduse-cs-track-7c9705b\">\n\t\t\t\t\t\t\t\t\t\t\t<a class=\"adduse-cs__card adduse-cs__card--link\" href=\"https:\/\/berner-neurologie.ch\/fr\/maladies-neuromusculaires-et-affections-de-la-colonne-vertebrale\/\">\n\t\t\t\t\t\t\t<span class=\"adduse-cs__plus\" aria-hidden=\"true\"><\/span>\n\t\t\t\n\t\t\t\t\t\t\t\t\t\t\t\t\t<div class=\"adduse-cs__icon-wrap adduse-cs__icon-wrap--image\">\n\t\t\t\t\t<img decoding=\"async\" class=\"adduse-cs__icon-img\" src=\"https:\/\/berner-neurologie.ch\/wp-content\/uploads\/2026\/05\/benu_icon_ruckenmarksverletzung_42x42px.svg\" alt=\"\" loading=\"lazy\" \/>\n\t\t\t\t<\/div>\n\t\t\t\n\t\t\t\t\t\t\t<h3 class=\"adduse-cs__title\">Maladies neuromusculaires et affections de la colonne vert\u00e9brale<\/h3>\n\t\t\t\t\t<\/a>\n\t\t\t\t\t\t\t\t\t\t\t\t\t<a class=\"adduse-cs__card adduse-cs__card--link\" href=\"https:\/\/berner-neurologie.ch\/fr\/maux-de-tete\/\">\n\t\t\t\t\t\t\t<span class=\"adduse-cs__plus\" aria-hidden=\"true\"><\/span>\n\t\t\t\n\t\t\t\t\t\t\t\t\t\t\t\t\t<div class=\"adduse-cs__icon-wrap adduse-cs__icon-wrap--image\">\n\t\t\t\t\t<img decoding=\"async\" class=\"adduse-cs__icon-img\" src=\"https:\/\/berner-neurologie.ch\/wp-content\/uploads\/2026\/05\/benu_icon_kopfschmerzen_42x42px.svg\" alt=\"\" loading=\"lazy\" \/>\n\t\t\t\t<\/div>\n\t\t\t\n\t\t\t\t\t\t\t<h3 class=\"adduse-cs__title\">Maux de t\u00eate<\/h3>\n\t\t\t\t\t<\/a>\n\t\t\t\t\t\t\t\t\t\t\t\t\t<a class=\"adduse-cs__card adduse-cs__card--link\" href=\"https:\/\/berner-neurologie.ch\/fr\/epilepsie-et-medecine-du-sommeil\/\">\n\t\t\t\t\t\t\t<span class=\"adduse-cs__plus\" aria-hidden=\"true\"><\/span>\n\t\t\t\n\t\t\t\t\t\t\t\t\t\t\t\t\t<div class=\"adduse-cs__icon-wrap adduse-cs__icon-wrap--image\">\n\t\t\t\t\t<img decoding=\"async\" class=\"adduse-cs__icon-img\" src=\"https:\/\/berner-neurologie.ch\/wp-content\/uploads\/2026\/05\/benu_icon_epilepsie_ohnmacht_42x42px.svg\" alt=\"\" loading=\"lazy\" \/>\n\t\t\t\t<\/div>\n\t\t\t\n\t\t\t\t\t\t\t<h3 class=\"adduse-cs__title\">\u00c9pilepsie et m\u00e9decine du sommeil<\/h3>\n\t\t\t\t\t<\/a>\n\t\t\t\t\t\t\t\t\t\t\t\t\t<a class=\"adduse-cs__card adduse-cs__card--link\" href=\"https:\/\/berner-neurologie.ch\/fr\/neuro-immunologie-et-sclerose-en-plaques\/\">\n\t\t\t\t\t\t\t<span class=\"adduse-cs__plus\" aria-hidden=\"true\"><\/span>\n\t\t\t\n\t\t\t\t\t\t\t\t\t\t\t\t\t<div class=\"adduse-cs__icon-wrap adduse-cs__icon-wrap--image\">\n\t\t\t\t\t<img decoding=\"async\" class=\"adduse-cs__icon-img\" src=\"https:\/\/berner-neurologie.ch\/wp-content\/uploads\/2026\/05\/benu_icon_neuroimmunologie_ms_42x42px.svg\" alt=\"\" loading=\"lazy\" \/>\n\t\t\t\t<\/div>\n\t\t\t\n\t\t\t\t\t\t\t<h3 class=\"adduse-cs__title\">Neuro-immunologie et scl\u00e9rose en plaques<\/h3>\n\t\t\t\t\t<\/a>\n\t\t\t\t\t\t\t\t\t\t\t\t\t<a class=\"adduse-cs__card adduse-cs__card--link\" href=\"https:\/\/berner-neurologie.ch\/fr\/diagnostic-neurologique-des-symptomes-complexes\/\">\n\t\t\t\t\t\t\t<span class=\"adduse-cs__plus\" aria-hidden=\"true\"><\/span>\n\t\t\t\n\t\t\t\t\t\t\t\t\t\t\t\t\t<div class=\"adduse-cs__icon-wrap adduse-cs__icon-wrap--image\">\n\t\t\t\t\t<img decoding=\"async\" class=\"adduse-cs__icon-img\" src=\"https:\/\/berner-neurologie.ch\/wp-content\/uploads\/2026\/05\/benu_icon_neurologische_diagnostik_42x42px.svg\" alt=\"\" loading=\"lazy\" \/>\n\t\t\t\t<\/div>\n\t\t\t\n\t\t\t\t\t\t\t<h3 class=\"adduse-cs__title\">Diagnostic neurologique des sympt\u00f4mes complexes<\/h3>\n\t\t\t\t\t<\/a>\n\t\t\t\t\t\t\t\t\t<\/div>\n\t\t<\/div>\n\t\t\t\t\t\t<\/div>\n\t\t\t\t<\/div>\n\t\t\t\t\t<\/div>\n\t\t<\/div>\n\t\t\t\t\t<\/div>\n\t\t<\/section>\n\t\t\t\t\t<\/div>\n\t\t<\/div>\n\t\t\t\t\t<\/div>\n\t\t<\/section>\n\t\t\t\t<section class=\"elementor-section elementor-top-section elementor-element elementor-element-f50f4e4 elementor-section-boxed elementor-section-height-default elementor-section-height-default\" data-id=\"f50f4e4\" data-element_type=\"section\" data-e-type=\"section\">\n\t\t\t\t\t\t<div class=\"elementor-container elementor-column-gap-default\">\n\t\t\t\t\t<div class=\"elementor-column elementor-col-100 elementor-top-column elementor-element elementor-element-4c52659\" data-id=\"4c52659\" data-element_type=\"column\" data-e-type=\"column\">\n\t\t\t<div class=\"elementor-widget-wrap elementor-element-populated\">\n\t\t\t\t\t\t<div class=\"elementor-element elementor-element-2e7bac3 elementor-widget elementor-widget-heading\" data-id=\"2e7bac3\" data-element_type=\"widget\" data-e-type=\"widget\" data-widget_type=\"heading.default\">\n\t\t\t\t<div class=\"elementor-widget-container\">\n\t\t\t\t\t<h2 class=\"elementor-heading-title elementor-size-default\">\u00abGr\u00e2ce \u00e0 notre longue exp\u00e9rience, vous \u00eates chez nous entre de bonnes mains. Nous vous garantissons un traitement personnalis\u00e9 et respectueux.\u00bb<\/h2>\t\t\t\t<\/div>\n\t\t\t\t<\/div>\n\t\t\t\t\t<\/div>\n\t\t<\/div>\n\t\t\t\t\t<\/div>\n\t\t<\/section>\n\t\t\t\t<section class=\"elementor-section elementor-top-section elementor-element elementor-element-2de6107 elementor-section-boxed elementor-section-height-default elementor-section-height-default\" data-id=\"2de6107\" data-element_type=\"section\" data-e-type=\"section\" data-settings=\"{&quot;background_background&quot;:&quot;classic&quot;}\">\n\t\t\t\t\t\t<div class=\"elementor-container elementor-column-gap-default\">\n\t\t\t\t\t<div class=\"elementor-column elementor-col-100 elementor-top-column elementor-element elementor-element-924846f\" data-id=\"924846f\" data-element_type=\"column\" data-e-type=\"column\">\n\t\t\t<div class=\"elementor-widget-wrap elementor-element-populated\">\n\t\t\t\t\t\t<div class=\"elementor-element elementor-element-a4cae23 elementor-widget__width-initial elementor-widget-divider--view-line elementor-widget elementor-widget-divider\" data-id=\"a4cae23\" data-element_type=\"widget\" data-e-type=\"widget\" data-widget_type=\"divider.default\">\n\t\t\t\t<div class=\"elementor-widget-container\">\n\t\t\t\t\t\t\t<div class=\"elementor-divider\">\n\t\t\t<span class=\"elementor-divider-separator\">\n\t\t\t\t\t\t<\/span>\n\t\t<\/div>\n\t\t\t\t\t\t<\/div>\n\t\t\t\t<\/div>\n\t\t\t\t<div class=\"elementor-element elementor-element-0efa6e7 elementor-widget__width-initial elementor-widget elementor-widget-heading\" data-id=\"0efa6e7\" data-element_type=\"widget\" data-e-type=\"widget\" data-widget_type=\"heading.default\">\n\t\t\t\t<div class=\"elementor-widget-container\">\n\t\t\t\t\t<h3 class=\"elementor-heading-title elementor-size-default\">OFFRE<\/h3>\t\t\t\t<\/div>\n\t\t\t\t<\/div>\n\t\t\t\t<div class=\"elementor-element elementor-element-13faf97 elementor-widget elementor-widget-spacer\" data-id=\"13faf97\" data-element_type=\"widget\" data-e-type=\"widget\" data-widget_type=\"spacer.default\">\n\t\t\t\t<div class=\"elementor-widget-container\">\n\t\t\t\t\t\t\t<div class=\"elementor-spacer\">\n\t\t\t<div class=\"elementor-spacer-inner\"><\/div>\n\t\t<\/div>\n\t\t\t\t\t\t<\/div>\n\t\t\t\t<\/div>\n\t\t\t\t<div class=\"elementor-element elementor-element-4a8a16a elementor-widget elementor-widget-heading\" data-id=\"4a8a16a\" data-element_type=\"widget\" data-e-type=\"widget\" data-widget_type=\"heading.default\">\n\t\t\t\t<div class=\"elementor-widget-container\">\n\t\t\t\t\t<h2 class=\"elementor-heading-title elementor-size-default\">Troubles neurologiques <\/h2>\t\t\t\t<\/div>\n\t\t\t\t<\/div>\n\t\t\t\t<section class=\"elementor-section elementor-inner-section elementor-element elementor-element-c3b2f33 elementor-section-boxed elementor-section-height-default elementor-section-height-default\" data-id=\"c3b2f33\" data-element_type=\"section\" data-e-type=\"section\">\n\t\t\t\t\t\t<div class=\"elementor-container elementor-column-gap-default\">\n\t\t\t\t\t<div class=\"elementor-column elementor-col-100 elementor-inner-column elementor-element elementor-element-515f0db\" data-id=\"515f0db\" data-element_type=\"column\" data-e-type=\"column\">\n\t\t\t<div class=\"elementor-widget-wrap elementor-element-populated\">\n\t\t\t\t\t\t<div class=\"elementor-element elementor-element-4009bf8 elementor-widget__width-initial elementor-position-top elementor-widget elementor-widget-global elementor-global-5427 elementor-global-3296 elementor-widget-image-box\" data-id=\"4009bf8\" data-element_type=\"widget\" data-e-type=\"widget\" data-widget_type=\"image-box.default\">\n\t\t\t\t<div class=\"elementor-widget-container\">\n\t\t\t\t\t<div class=\"elementor-image-box-wrapper\"><figure class=\"elementor-image-box-img\"><a href=\"https:\/\/berner-neurologie.ch\/fr\/maux-de-tete\/\" tabindex=\"-1\"><img fetchpriority=\"high\" decoding=\"async\" width=\"1200\" height=\"1200\" src=\"https:\/\/berner-neurologie.ch\/wp-content\/uploads\/2023\/09\/benu_angebot_icon_kopfschmerzen.svg\" class=\"elementor-animation-float attachment-full size-full wp-image-3931\" alt=\"Icon Maux de t\u00eate\" \/><\/a><\/figure><div class=\"elementor-image-box-content\"><h3 class=\"elementor-image-box-title\"><a href=\"https:\/\/berner-neurologie.ch\/fr\/maux-de-tete\/\">Maux de t\u00eate<\/a><\/h3><\/div><\/div>\t\t\t\t<\/div>\n\t\t\t\t<\/div>\n\t\t\t\t<div class=\"elementor-element elementor-element-d64b7ea elementor-widget__width-initial elementor-position-top elementor-widget elementor-widget-global elementor-global-5430 elementor-global-3305 elementor-widget-image-box\" data-id=\"d64b7ea\" data-element_type=\"widget\" data-e-type=\"widget\" data-widget_type=\"image-box.default\">\n\t\t\t\t<div class=\"elementor-widget-container\">\n\t\t\t\t\t<div class=\"elementor-image-box-wrapper\"><figure class=\"elementor-image-box-img\"><a href=\"https:\/\/berner-neurologie.ch\/fr\/maladies-nerveuses-musculaires\/\" tabindex=\"-1\"><img decoding=\"async\" width=\"1200\" height=\"1200\" src=\"https:\/\/berner-neurologie.ch\/wp-content\/uploads\/2023\/09\/benu_angebot_icon_nerven_muskelerkrankungen.svg\" class=\"elementor-animation-float attachment-full size-full wp-image-3942\" alt=\"Icon Maladies des nerfs et des muscles\" \/><\/a><\/figure><div class=\"elementor-image-box-content\"><h3 class=\"elementor-image-box-title\"><a href=\"https:\/\/berner-neurologie.ch\/fr\/maladies-nerveuses-musculaires\/\">Maladies des nerfs et des muscles<\/a><\/h3><\/div><\/div>\t\t\t\t<\/div>\n\t\t\t\t<\/div>\n\t\t\t\t<div class=\"elementor-element elementor-element-bfda35b elementor-widget__width-initial elementor-position-top elementor-widget elementor-widget-global elementor-global-5433 elementor-global-3308 elementor-widget-image-box\" data-id=\"bfda35b\" data-element_type=\"widget\" data-e-type=\"widget\" data-widget_type=\"image-box.default\">\n\t\t\t\t<div class=\"elementor-widget-container\">\n\t\t\t\t\t<div class=\"elementor-image-box-wrapper\"><figure class=\"elementor-image-box-img\"><a href=\"https:\/\/berner-neurologie.ch\/fr\/hernie-discale\/\" tabindex=\"-1\"><img decoding=\"async\" width=\"1200\" height=\"1200\" src=\"https:\/\/berner-neurologie.ch\/wp-content\/uploads\/2023\/09\/benu_angebot_icon_bandscheibenvorfall.svg\" class=\"elementor-animation-float attachment-full size-full wp-image-7765\" alt=\"Icon Hernie discale, douleurs dorsales\" \/><\/a><\/figure><div class=\"elementor-image-box-content\"><h3 class=\"elementor-image-box-title\"><a href=\"https:\/\/berner-neurologie.ch\/fr\/hernie-discale\/\">Hernie discale, <br \/>douleurs dorsales<\/a><\/h3><\/div><\/div>\t\t\t\t<\/div>\n\t\t\t\t<\/div>\n\t\t\t\t<div class=\"elementor-element elementor-element-c9acd7d elementor-widget__width-initial elementor-position-top elementor-widget elementor-widget-global elementor-global-5436 elementor-global-3311 elementor-widget-image-box\" data-id=\"c9acd7d\" data-element_type=\"widget\" data-e-type=\"widget\" data-widget_type=\"image-box.default\">\n\t\t\t\t<div class=\"elementor-widget-container\">\n\t\t\t\t\t<div class=\"elementor-image-box-wrapper\"><figure class=\"elementor-image-box-img\"><a href=\"https:\/\/berner-neurologie.ch\/fr\/vertiges-troubles-de-lequilibre\/\" tabindex=\"-1\"><img loading=\"lazy\" decoding=\"async\" width=\"1200\" height=\"1200\" src=\"https:\/\/berner-neurologie.ch\/wp-content\/uploads\/2023\/09\/benu_angebot_icon_schwindel_gleichgewichtsstoerungen.svg\" class=\"elementor-animation-float attachment-full size-full wp-image-3978\" alt=\"Icon Schwindel, Gleichgewichtsst\u00f6rungen\" \/><\/a><\/figure><div class=\"elementor-image-box-content\"><h3 class=\"elementor-image-box-title\"><a href=\"https:\/\/berner-neurologie.ch\/fr\/vertiges-troubles-de-lequilibre\/\">Vertiges, <br \/>troubles <br \/>de l'\u00e9quilibre<\/a><\/h3><\/div><\/div>\t\t\t\t<\/div>\n\t\t\t\t<\/div>\n\t\t\t\t<div class=\"elementor-element elementor-element-b7a911d elementor-widget__width-initial elementor-position-top elementor-widget elementor-widget-global elementor-global-5439 elementor-global-3314 elementor-widget-image-box\" data-id=\"b7a911d\" data-element_type=\"widget\" data-e-type=\"widget\" data-widget_type=\"image-box.default\">\n\t\t\t\t<div class=\"elementor-widget-container\">\n\t\t\t\t\t<div class=\"elementor-image-box-wrapper\"><figure class=\"elementor-image-box-img\"><a href=\"https:\/\/berner-neurologie.ch\/fr\/epilepsie-evanouissement\/\" tabindex=\"-1\"><img loading=\"lazy\" decoding=\"async\" width=\"1200\" height=\"1200\" src=\"https:\/\/berner-neurologie.ch\/wp-content\/uploads\/2023\/09\/benu_angebot_icon_epilepsie_ohnmacht.svg\" class=\"elementor-animation-float attachment-full size-full wp-image-7759\" alt=\"Icon \u00c9pilepsie, \u00e9vanouissement\" \/><\/a><\/figure><div class=\"elementor-image-box-content\"><h3 class=\"elementor-image-box-title\"><a href=\"https:\/\/berner-neurologie.ch\/fr\/epilepsie-evanouissement\/\">\u00c9pilepsie, <br \/>\u00e9vanouissement<\/a><\/h3><\/div><\/div>\t\t\t\t<\/div>\n\t\t\t\t<\/div>\n\t\t\t\t\t<\/div>\n\t\t<\/div>\n\t\t\t\t\t<\/div>\n\t\t<\/section>\n\t\t\t\t<section class=\"elementor-section elementor-inner-section elementor-element elementor-element-d6b548c elementor-section-boxed elementor-section-height-default elementor-section-height-default\" data-id=\"d6b548c\" data-element_type=\"section\" data-e-type=\"section\">\n\t\t\t\t\t\t<div class=\"elementor-container elementor-column-gap-default\">\n\t\t\t\t\t<div class=\"elementor-column elementor-col-100 elementor-inner-column elementor-element elementor-element-f7dfb17\" data-id=\"f7dfb17\" data-element_type=\"column\" data-e-type=\"column\">\n\t\t\t<div class=\"elementor-widget-wrap elementor-element-populated\">\n\t\t\t\t\t\t<div class=\"elementor-element elementor-element-a35f405 elementor-widget__width-initial elementor-position-top elementor-widget elementor-widget-global elementor-global-5442 elementor-global-3317 elementor-widget-image-box\" data-id=\"a35f405\" data-element_type=\"widget\" data-e-type=\"widget\" data-widget_type=\"image-box.default\">\n\t\t\t\t<div class=\"elementor-widget-container\">\n\t\t\t\t\t<div class=\"elementor-image-box-wrapper\"><figure class=\"elementor-image-box-img\"><a href=\"https:\/\/berner-neurologie.ch\/fr\/sclerose-en-plaques\/\" tabindex=\"-1\"><img loading=\"lazy\" decoding=\"async\" width=\"1200\" height=\"1200\" src=\"https:\/\/berner-neurologie.ch\/wp-content\/uploads\/2023\/09\/benu_angebot_icon_multiple_sklerose.svg\" class=\"elementor-animation-float attachment-full size-full wp-image-4000\" alt=\"Icon Multiple Sklerose\" \/><\/a><\/figure><div class=\"elementor-image-box-content\"><h3 class=\"elementor-image-box-title\"><a href=\"https:\/\/berner-neurologie.ch\/fr\/sclerose-en-plaques\/\">Scl\u00e9rose en plaques<\/a><\/h3><\/div><\/div>\t\t\t\t<\/div>\n\t\t\t\t<\/div>\n\t\t\t\t<div class=\"elementor-element elementor-element-8de342a elementor-widget__width-initial elementor-position-top elementor-widget elementor-widget-global elementor-global-5445 elementor-global-3320 elementor-widget-image-box\" data-id=\"8de342a\" data-element_type=\"widget\" data-e-type=\"widget\" data-widget_type=\"image-box.default\">\n\t\t\t\t<div class=\"elementor-widget-container\">\n\t\t\t\t\t<div class=\"elementor-image-box-wrapper\"><figure class=\"elementor-image-box-img\"><a href=\"https:\/\/berner-neurologie.ch\/fr\/traitements-a-la-toxine-botulique\/\" tabindex=\"-1\"><img loading=\"lazy\" decoding=\"async\" width=\"1200\" height=\"1200\" src=\"https:\/\/berner-neurologie.ch\/wp-content\/uploads\/2023\/11\/benu_angebot_icon_bot-behandlungen.svg\" class=\"elementor-animation-float attachment-full size-full wp-image-5265\" alt=\"Icon Traitements \u00e0 la toxine botulique\" \/><\/a><\/figure><div class=\"elementor-image-box-content\"><h3 class=\"elementor-image-box-title\"><a href=\"https:\/\/berner-neurologie.ch\/fr\/traitements-a-la-toxine-botulique\/\">Traitements \u00e0 la toxine botulique<\/a><\/h3><\/div><\/div>\t\t\t\t<\/div>\n\t\t\t\t<\/div>\n\t\t\t\t<div class=\"elementor-element elementor-element-f25957d elementor-widget__width-initial elementor-position-top elementor-widget elementor-widget-global elementor-global-5448 elementor-global-3323 elementor-widget-image-box\" data-id=\"f25957d\" data-element_type=\"widget\" data-e-type=\"widget\" data-widget_type=\"image-box.default\">\n\t\t\t\t<div class=\"elementor-widget-container\">\n\t\t\t\t\t<div class=\"elementor-image-box-wrapper\"><figure class=\"elementor-image-box-img\"><a href=\"https:\/\/berner-neurologie.ch\/fr\/troubles-de-la-memoire\/\" tabindex=\"-1\"><img loading=\"lazy\" decoding=\"async\" width=\"1200\" height=\"1200\" src=\"https:\/\/berner-neurologie.ch\/wp-content\/uploads\/2023\/09\/benu_angebot_icon_gedaechtnisstoerungen.svg\" class=\"elementor-animation-float attachment-full size-full wp-image-7747\" alt=\"Icon Troubles de la m\u00e9moire\" \/><\/a><\/figure><div class=\"elementor-image-box-content\"><h3 class=\"elementor-image-box-title\"><a href=\"https:\/\/berner-neurologie.ch\/fr\/troubles-de-la-memoire\/\">Troubles de <br \/>la m\u00e9moire<\/a><\/h3><\/div><\/div>\t\t\t\t<\/div>\n\t\t\t\t<\/div>\n\t\t\t\t<div class=\"elementor-element elementor-element-eb53bd1 elementor-widget__width-initial elementor-position-top elementor-widget elementor-widget-global elementor-global-5451 elementor-global-3326 elementor-widget-image-box\" data-id=\"eb53bd1\" data-element_type=\"widget\" data-e-type=\"widget\" data-widget_type=\"image-box.default\">\n\t\t\t\t<div class=\"elementor-widget-container\">\n\t\t\t\t\t<div class=\"elementor-image-box-wrapper\"><figure class=\"elementor-image-box-img\"><a href=\"https:\/\/berner-neurologie.ch\/fr\/accident-vasculaire-cerebral\/\" tabindex=\"-1\"><img loading=\"lazy\" decoding=\"async\" width=\"1200\" height=\"1200\" src=\"https:\/\/berner-neurologie.ch\/wp-content\/uploads\/2023\/09\/benu_angebot_icon_schlaganfall.svg\" class=\"elementor-animation-float attachment-full size-full wp-image-7753\" alt=\"Icon Accident vasculaire c\u00e9r\u00e9bral\" \/><\/a><\/figure><div class=\"elementor-image-box-content\"><h3 class=\"elementor-image-box-title\"><a href=\"https:\/\/berner-neurologie.ch\/fr\/accident-vasculaire-cerebral\/\">Accident vasculaire c\u00e9r\u00e9bral<\/a><\/h3><\/div><\/div>\t\t\t\t<\/div>\n\t\t\t\t<\/div>\n\t\t\t\t<div class=\"elementor-element elementor-element-d4087a2 elementor-widget__width-initial elementor-position-top elementor-widget elementor-widget-global elementor-global-5454 elementor-global-3329 elementor-widget-image-box\" data-id=\"d4087a2\" data-element_type=\"widget\" data-e-type=\"widget\" data-widget_type=\"image-box.default\">\n\t\t\t\t<div class=\"elementor-widget-container\">\n\t\t\t\t\t<div class=\"elementor-image-box-wrapper\"><figure class=\"elementor-image-box-img\"><a href=\"https:\/\/berner-neurologie.ch\/fr\/maladie-de-parkinson-troubles-du-mouvement\/\" tabindex=\"-1\"><img loading=\"lazy\" decoding=\"async\" width=\"1200\" height=\"1200\" src=\"https:\/\/berner-neurologie.ch\/wp-content\/uploads\/2023\/09\/benu_angebot_icon_parkinson_bewegungsstoerungen.svg\" class=\"elementor-animation-float attachment-full size-full wp-image-7749\" alt=\"icon Maladie de Parkinson, troubles du mouvement\" \/><\/a><\/figure><div class=\"elementor-image-box-content\"><h3 class=\"elementor-image-box-title\"><a href=\"https:\/\/berner-neurologie.ch\/fr\/maladie-de-parkinson-troubles-du-mouvement\/\">Maladie de Parkinson, troubles du mouvement<\/a><\/h3><\/div><\/div>\t\t\t\t<\/div>\n\t\t\t\t<\/div>\n\t\t\t\t\t<\/div>\n\t\t<\/div>\n\t\t\t\t\t<\/div>\n\t\t<\/section>\n\t\t\t\t\t<\/div>\n\t\t<\/div>\n\t\t\t\t\t<\/div>\n\t\t<\/section>\n\t\t\t\t<section class=\"elementor-section elementor-top-section elementor-element elementor-element-1cd890b elementor-section-boxed elementor-section-height-default elementor-section-height-default\" data-id=\"1cd890b\" data-element_type=\"section\" data-e-type=\"section\" id=\"diagnostik\" data-settings=\"{&quot;background_background&quot;:&quot;classic&quot;}\">\n\t\t\t\t\t\t<div class=\"elementor-container elementor-column-gap-default\">\n\t\t\t\t\t<div class=\"elementor-column elementor-col-100 elementor-top-column elementor-element elementor-element-30497b1\" data-id=\"30497b1\" data-element_type=\"column\" data-e-type=\"column\">\n\t\t\t<div class=\"elementor-widget-wrap elementor-element-populated\">\n\t\t\t\t\t\t<div class=\"elementor-element elementor-element-3667ac3 elementor-widget__width-initial elementor-widget-divider--view-line elementor-widget elementor-widget-divider\" data-id=\"3667ac3\" data-element_type=\"widget\" data-e-type=\"widget\" data-widget_type=\"divider.default\">\n\t\t\t\t<div class=\"elementor-widget-container\">\n\t\t\t\t\t\t\t<div class=\"elementor-divider\">\n\t\t\t<span class=\"elementor-divider-separator\">\n\t\t\t\t\t\t<\/span>\n\t\t<\/div>\n\t\t\t\t\t\t<\/div>\n\t\t\t\t<\/div>\n\t\t\t\t<div class=\"elementor-element elementor-element-71bcfee elementor-widget__width-initial elementor-widget elementor-widget-heading\" data-id=\"71bcfee\" data-element_type=\"widget\" data-e-type=\"widget\" data-widget_type=\"heading.default\">\n\t\t\t\t<div class=\"elementor-widget-container\">\n\t\t\t\t\t<h3 class=\"elementor-heading-title elementor-size-default\">\u00c0 PROPOS DE NOUS<\/h3>\t\t\t\t<\/div>\n\t\t\t\t<\/div>\n\t\t\t\t<div class=\"elementor-element elementor-element-ddb99f3 elementor-widget elementor-widget-spacer\" data-id=\"ddb99f3\" data-element_type=\"widget\" data-e-type=\"widget\" data-widget_type=\"spacer.default\">\n\t\t\t\t<div class=\"elementor-widget-container\">\n\t\t\t\t\t\t\t<div class=\"elementor-spacer\">\n\t\t\t<div class=\"elementor-spacer-inner\"><\/div>\n\t\t<\/div>\n\t\t\t\t\t\t<\/div>\n\t\t\t\t<\/div>\n\t\t\t\t<div class=\"elementor-element elementor-element-31ae51b elementor-widget elementor-widget-global elementor-global-5421 elementor-global-3217 elementor-widget-heading\" data-id=\"31ae51b\" data-element_type=\"widget\" data-e-type=\"widget\" data-widget_type=\"heading.default\">\n\t\t\t\t<div class=\"elementor-widget-container\">\n\t\t\t\t\t<h2 class=\"elementor-heading-title elementor-size-default\">Diagnostic et th\u00e9rapie intraveineuse<br>\ndirectement sur place<\/h2>\t\t\t\t<\/div>\n\t\t\t\t<\/div>\n\t\t\t\t<section class=\"elementor-section elementor-inner-section elementor-element elementor-element-964f066 elementor-section-full_width elementor-section-height-default elementor-section-height-default\" data-id=\"964f066\" data-element_type=\"section\" data-e-type=\"section\">\n\t\t\t\t\t\t<div class=\"elementor-container elementor-column-gap-default\">\n\t\t\t\t\t<div class=\"elementor-column elementor-col-50 elementor-inner-column elementor-element elementor-element-221bb16\" data-id=\"221bb16\" data-element_type=\"column\" data-e-type=\"column\">\n\t\t\t<div class=\"elementor-widget-wrap elementor-element-populated\">\n\t\t\t\t\t\t<div class=\"elementor-element elementor-element-1866ed4 elementor-widget elementor-widget-global elementor-global-5424 elementor-global-3226 elementor-widget-text-editor\" data-id=\"1866ed4\" data-element_type=\"widget\" data-e-type=\"widget\" data-widget_type=\"text-editor.default\">\n\t\t\t\t<div class=\"elementor-widget-container\">\n\t\t\t\t\t\t\t\t\t<p>En r\u00e8gle g\u00e9n\u00e9rale, tous les examens n\u00e9cessaires<br \/>peuvent \u00eatre r\u00e9alis\u00e9s en ambulatoire et en quelques jours,<br \/>ce qui vous permet d\u2019\u00e9conomiser du temps et des efforts. Souvent, il n\u2019est m\u00eame pas n\u00e9cessaire de se rendre \u00e0 l\u2019h\u00f4pital.<\/p>\n\t\t\t\t\t\t\t\t<\/div>\n\t\t\t\t<\/div>\n\t\t\t\t\t<\/div>\n\t\t<\/div>\n\t\t\t\t<div class=\"elementor-column elementor-col-50 elementor-inner-column elementor-element elementor-element-bd1a2ed\" data-id=\"bd1a2ed\" data-element_type=\"column\" data-e-type=\"column\">\n\t\t\t<div class=\"elementor-widget-wrap\">\n\t\t\t\t\t\t\t<\/div>\n\t\t<\/div>\n\t\t\t\t\t<\/div>\n\t\t<\/section>\n\t\t\t\t<section class=\"elementor-section elementor-inner-section elementor-element elementor-element-e69b004 elementor-section-full_width elementor-section-height-default elementor-section-height-default\" data-id=\"e69b004\" data-element_type=\"section\" data-e-type=\"section\">\n\t\t\t\t\t\t<div class=\"elementor-container elementor-column-gap-default\">\n\t\t\t\t\t<div class=\"elementor-column elementor-col-50 elementor-inner-column elementor-element elementor-element-c00c326\" data-id=\"c00c326\" data-element_type=\"column\" data-e-type=\"column\">\n\t\t\t<div class=\"elementor-widget-wrap elementor-element-populated\">\n\t\t\t\t\t\t<div class=\"elementor-element elementor-element-1250acf align-at-right elementor-widget__width-initial uael-faq-box-layout-yes elementor-widget elementor-widget-global elementor-global-5460 elementor-global-3665 elementor-widget-uael-faq\" data-id=\"1250acf\" data-element_type=\"widget\" data-e-type=\"widget\" data-widget_type=\"uael-faq.default\">\n\t\t\t\t<div class=\"elementor-widget-container\">\n\t\t\t\t\t\n\t\t\t<div id='uael-faq-wrapper-192' class=\"uael-faq-wrapper\">\n\t\t\t\t<div class=\"uael-faq-container uael-faq-layout-accordion\" data-layout=\"accordion\" >\n\t\t\t\t\t\t\t\t\t\t\t\t<div id=\"uael-accordion-5ba5c9f\" class=\"uael-faq-accordion\" role=\"tablist\">\n\t\t\t\t\t\t\t\t<div class= \"uael-accordion-title\" aria-expanded=\"false\" role=\"tab\">\n\t\t\t\t\t\t\t\t\t<span class=\"uael-accordion-icon uael-accordion-icon-right\">\n\t\t\t\t\t\t\t\t\t\t<span class=\"uael-accordion-icon-closed\"><svg class=\"e-font-icon-svg e-fas-plus\" viewBox=\"0 0 448 512\" xmlns=\"http:\/\/www.w3.org\/2000\/svg\"><path d=\"M416 208H272V64c0-17.67-14.33-32-32-32h-32c-17.67 0-32 14.33-32 32v144H32c-17.67 0-32 14.33-32 32v32c0 17.67 14.33 32 32 32h144v144c0 17.67 14.33 32 32 32h32c17.67 0 32-14.33 32-32V304h144c17.67 0 32-14.33 32-32v-32c0-17.67-14.33-32-32-32z\"><\/path><\/svg><\/span>\n\t\t\t\t\t\t\t\t\t\t<span class=\"uael-accordion-icon-opened\"><svg class=\"e-font-icon-svg e-fas-minus\" viewBox=\"0 0 448 512\" xmlns=\"http:\/\/www.w3.org\/2000\/svg\"><path d=\"M416 208H32c-17.67 0-32 14.33-32 32v32c0 17.67 14.33 32 32 32h384c17.67 0 32-14.33 32-32v-32c0-17.67-14.33-32-32-32z\"><\/path><\/svg><\/span>\n\t\t\t\t\t\t\t\t\t<\/span>\n\t\t\t\t\t\t\t\t\t<h4 class=\"uael-question-5ba5c9f uael-question-span\" tabindex=\"0\" id=\"uael-faq-1-6a96799504c39\">EEG \u2013 \u00e9lectroenc\u00e9phalographie<br>Mesure et enregistrement de l'activit\u00e9 \u00e9lectrique du cerveau<br> <\/h4>\n\t\t\t\t\t\t\t\t<\/div>\n\t\t\t\t\t\t\t\t<div class=\"uael-accordion-content\" role=\"tabpanel\">\n\t\t\t\t\t\t\t\t\t<span>\n\t\t\t\t\t\t\t\t\t<span><p>L\u2019EEG est un examen indolore qui mesure l\u2019activit\u00e9 \u00e9lectrique de votre cerveau. Vous n\u2019avez besoin d\u2019aucune pr\u00e9paration et restez confortablement assis pendant l\u2019examen. Des \u00e9lectrodes appliqu\u00e9es sur votre cuir chevelu enregistrent les ondes c\u00e9r\u00e9brales. Cet examen nous sert \u00e0 d\u00e9tecter d\u2019\u00e9ventuels troubles neurologiques comme l\u2019\u00e9pilepsie ou les troubles du sommeil. Les r\u00e9sultats sont essentiels pour \u00e9tablir un diagnostic pr\u00e9cis et \u00e9laborer un plan de traitement personnalis\u00e9.<\/p><\/span>\t\t\t\t\t\t\t\t\t<\/span>\n\t\t\t\t\t\t\t\t<\/div>\n\t\t\t\t\t\t\t<\/div>\n\t\t\t\t\t\t\t\t\t\t\t\t\t\t<div id=\"uael-accordion-bb67842\" class=\"uael-faq-accordion\" role=\"tablist\">\n\t\t\t\t\t\t\t\t<div class= \"uael-accordion-title\" aria-expanded=\"false\" role=\"tab\">\n\t\t\t\t\t\t\t\t\t<span class=\"uael-accordion-icon uael-accordion-icon-right\">\n\t\t\t\t\t\t\t\t\t\t<span class=\"uael-accordion-icon-closed\"><svg class=\"e-font-icon-svg e-fas-plus\" viewBox=\"0 0 448 512\" xmlns=\"http:\/\/www.w3.org\/2000\/svg\"><path d=\"M416 208H272V64c0-17.67-14.33-32-32-32h-32c-17.67 0-32 14.33-32 32v144H32c-17.67 0-32 14.33-32 32v32c0 17.67 14.33 32 32 32h144v144c0 17.67 14.33 32 32 32h32c17.67 0 32-14.33 32-32V304h144c17.67 0 32-14.33 32-32v-32c0-17.67-14.33-32-32-32z\"><\/path><\/svg><\/span>\n\t\t\t\t\t\t\t\t\t\t<span class=\"uael-accordion-icon-opened\"><svg class=\"e-font-icon-svg e-fas-minus\" viewBox=\"0 0 448 512\" xmlns=\"http:\/\/www.w3.org\/2000\/svg\"><path d=\"M416 208H32c-17.67 0-32 14.33-32 32v32c0 17.67 14.33 32 32 32h384c17.67 0 32-14.33 32-32v-32c0-17.67-14.33-32-32-32z\"><\/path><\/svg><\/span>\n\t\t\t\t\t\t\t\t\t<\/span>\n\t\t\t\t\t\t\t\t\t<h4 class=\"uael-question-bb67842 uael-question-span\" tabindex=\"0\" id=\"uael-faq-2-6a96799504e69\">ENMG \u2013 \u00e9lectroneuromyographie <br>Mesure de l'activit\u00e9 \u00e9lectrique des nerfs et des muscles<\/h4>\n\t\t\t\t\t\t\t\t<\/div>\n\t\t\t\t\t\t\t\t<div class=\"uael-accordion-content\" role=\"tabpanel\">\n\t\t\t\t\t\t\t\t\t<span>\n\t\t\t\t\t\t\t\t\t<span><p>L\u2019ENG et l\u2019EMG sont des proc\u00e9dures permettant d\u2019\u00e9valuer la sant\u00e9 des nerfs et des muscles. \u00c0 l\u2019aide d\u2019\u00e9lectrodes et de fines aiguilles, nous mesurons l\u2019activit\u00e9 \u00e9lectrique dans vos muscles et vos nerfs. Ces tests permettent de diagnostiquer des probl\u00e8mes tels que les neuropathies ou les maladies musculaires. \u00a0<\/p><\/span>\t\t\t\t\t\t\t\t\t<\/span>\n\t\t\t\t\t\t\t\t<\/div>\n\t\t\t\t\t\t\t<\/div>\n\t\t\t\t\t\t\t\t\t\t\t\t\t\t<div id=\"uael-accordion-9041761\" class=\"uael-faq-accordion\" role=\"tablist\">\n\t\t\t\t\t\t\t\t<div class= \"uael-accordion-title\" aria-expanded=\"false\" role=\"tab\">\n\t\t\t\t\t\t\t\t\t<span class=\"uael-accordion-icon uael-accordion-icon-right\">\n\t\t\t\t\t\t\t\t\t\t<span class=\"uael-accordion-icon-closed\"><svg class=\"e-font-icon-svg e-fas-plus\" viewBox=\"0 0 448 512\" xmlns=\"http:\/\/www.w3.org\/2000\/svg\"><path d=\"M416 208H272V64c0-17.67-14.33-32-32-32h-32c-17.67 0-32 14.33-32 32v144H32c-17.67 0-32 14.33-32 32v32c0 17.67 14.33 32 32 32h144v144c0 17.67 14.33 32 32 32h32c17.67 0 32-14.33 32-32V304h144c17.67 0 32-14.33 32-32v-32c0-17.67-14.33-32-32-32z\"><\/path><\/svg><\/span>\n\t\t\t\t\t\t\t\t\t\t<span class=\"uael-accordion-icon-opened\"><svg class=\"e-font-icon-svg e-fas-minus\" viewBox=\"0 0 448 512\" xmlns=\"http:\/\/www.w3.org\/2000\/svg\"><path d=\"M416 208H32c-17.67 0-32 14.33-32 32v32c0 17.67 14.33 32 32 32h384c17.67 0 32-14.33 32-32v-32c0-17.67-14.33-32-32-32z\"><\/path><\/svg><\/span>\n\t\t\t\t\t\t\t\t\t<\/span>\n\t\t\t\t\t\t\t\t\t<h4 class=\"uael-question-9041761 uael-question-span\" tabindex=\"0\" id=\"uael-faq-3-6a96799504eb1\">PE \u2013 Potentiels \u00e9voqu\u00e9s <br> Mesure des voies nerveuses (vision, sensation et mouvement)<\/h4>\n\t\t\t\t\t\t\t\t<\/div>\n\t\t\t\t\t\t\t\t<div class=\"uael-accordion-content\" role=\"tabpanel\">\n\t\t\t\t\t\t\t\t\t<span>\n\t\t\t\t\t\t\t\t\t<span><p>L\u2019examen des potentiels \u00e9voqu\u00e9s (PE) est une m\u00e9thode de diagnostic qui nous aide \u00e0 diagnostiquer diff\u00e9rentes maladies neurologiques telles que la scl\u00e9rose en plaques, les neuropathies ou les l\u00e9sions de la moelle \u00e9pini\u00e8re, et \u00e0 \u00e9valuer l\u2019\u00e9volution de votre traitement. Il existe diff\u00e9rents types de PE, notamment les potentiels \u00e9voqu\u00e9s sensitifs (PES), les potentiels \u00e9voqu\u00e9s moteurs (PEM) et les potentiels \u00e9voqu\u00e9s visuels (PEV).<\/p><p>L\u2019examen des PES consiste \u00e0 appliquer des \u00e9lectrodes sur la peau pour mesurer la r\u00e9action de vos nerfs aux stimuli. Les PEM, quant \u00e0 eux, mesurent l\u2019activit\u00e9 de vos muscles en r\u00e9ponse \u00e0 des stimuli. Les PEV examinent les r\u00e9ponses de vos nerfs optiques \u00e0 des stimuli visuels.<\/p><\/span>\t\t\t\t\t\t\t\t\t<\/span>\n\t\t\t\t\t\t\t\t<\/div>\n\t\t\t\t\t\t\t<\/div>\n\t\t\t\t\t\t\t\t\t\t\t<\/div>\n\t\t\t<\/div>\n\t\t\t\t\t\t\t<\/div>\n\t\t\t\t<\/div>\n\t\t\t\t\t<\/div>\n\t\t<\/div>\n\t\t\t\t<div class=\"elementor-column elementor-col-50 elementor-inner-column elementor-element elementor-element-a4b21e5\" data-id=\"a4b21e5\" data-element_type=\"column\" data-e-type=\"column\">\n\t\t\t<div class=\"elementor-widget-wrap elementor-element-populated\">\n\t\t\t\t\t\t<div class=\"elementor-element elementor-element-b56c474 align-at-right uael-faq-box-layout-yes elementor-widget elementor-widget-global elementor-global-5463 elementor-global-3668 elementor-widget-uael-faq\" data-id=\"b56c474\" data-element_type=\"widget\" data-e-type=\"widget\" data-widget_type=\"uael-faq.default\">\n\t\t\t\t<div class=\"elementor-widget-container\">\n\t\t\t\t\t\n\t\t\t<div id='uael-faq-wrapper-190' class=\"uael-faq-wrapper\">\n\t\t\t\t<div class=\"uael-faq-container uael-faq-layout-accordion\" data-layout=\"accordion\" >\n\t\t\t\t\t\t\t\t\t\t\t\t<div id=\"uael-accordion-5ba5c9f\" class=\"uael-faq-accordion\" role=\"tablist\">\n\t\t\t\t\t\t\t\t<div class= \"uael-accordion-title\" aria-expanded=\"false\" role=\"tab\">\n\t\t\t\t\t\t\t\t\t<span class=\"uael-accordion-icon uael-accordion-icon-right\">\n\t\t\t\t\t\t\t\t\t\t<span class=\"uael-accordion-icon-closed\"><svg class=\"e-font-icon-svg e-fas-plus\" viewBox=\"0 0 448 512\" xmlns=\"http:\/\/www.w3.org\/2000\/svg\"><path d=\"M416 208H272V64c0-17.67-14.33-32-32-32h-32c-17.67 0-32 14.33-32 32v144H32c-17.67 0-32 14.33-32 32v32c0 17.67 14.33 32 32 32h144v144c0 17.67 14.33 32 32 32h32c17.67 0 32-14.33 32-32V304h144c17.67 0 32-14.33 32-32v-32c0-17.67-14.33-32-32-32z\"><\/path><\/svg><\/span>\n\t\t\t\t\t\t\t\t\t\t<span class=\"uael-accordion-icon-opened\"><svg class=\"e-font-icon-svg e-fas-minus\" viewBox=\"0 0 448 512\" xmlns=\"http:\/\/www.w3.org\/2000\/svg\"><path d=\"M416 208H32c-17.67 0-32 14.33-32 32v32c0 17.67 14.33 32 32 32h384c17.67 0 32-14.33 32-32v-32c0-17.67-14.33-32-32-32z\"><\/path><\/svg><\/span>\n\t\t\t\t\t\t\t\t\t<\/span>\n\t\t\t\t\t\t\t\t\t<h4 class=\"uael-question-5ba5c9f uael-question-span\" tabindex=\"0\" id=\"uael-faq-1-6a96799505e5a\">Ponction lombaire<br>Pr\u00e9l\u00e8vement de liquide c\u00e9phalo-rachidien dans le canal m\u00e9dullaire <\/h4>\n\t\t\t\t\t\t\t\t<\/div>\n\t\t\t\t\t\t\t\t<div class=\"uael-accordion-content\" role=\"tabpanel\">\n\t\t\t\t\t\t\t\t\t<span>\n\t\t\t\t\t\t\t\t\t<span><p>La ponction lombaire, \u00e9galement connue sous le nom de ponction du liquide c\u00e9phalo-rachidien, est une proc\u00e9dure de diagnostic consistant \u00e0 pr\u00e9lever une petite quantit\u00e9 de votre liquide c\u00e9phalo-rachidien (LCR). Elle permet d\u2019obtenir des informations sur l\u2019\u00e9tat de votre syst\u00e8me nerveux.<\/p><p>Pendant l\u2019examen, vous \u00eates allong\u00e9 sur le c\u00f4t\u00e9 ou assis sur la table d\u2019examen, et un neurologue exp\u00e9riment\u00e9 ins\u00e8re une fine aiguille entre deux vert\u00e8bres dans le bas du dos pour pr\u00e9lever du liquide c\u00e9phalo-rachidien. Cette proc\u00e9dure ne prend g\u00e9n\u00e9ralement que quelques minutes.<\/p><p>La ponction lombaire peut contribuer au diagnostic de diff\u00e9rentes maladies neurologiques telles que la scl\u00e9rose en plaques, la m\u00e9ningite ou les inflammations nerveuses. Votre s\u00e9curit\u00e9 et votre bien-\u00eatre sont nos priorit\u00e9s et nous veillons \u00e0 ce que vous vous sentiez \u00e0 l\u2019aise et entre de bonnes mains pendant l\u2019intervention.<\/p><\/span>\t\t\t\t\t\t\t\t\t<\/span>\n\t\t\t\t\t\t\t\t<\/div>\n\t\t\t\t\t\t\t<\/div>\n\t\t\t\t\t\t\t\t\t\t\t\t\t\t<div id=\"uael-accordion-bb67842\" class=\"uael-faq-accordion\" role=\"tablist\">\n\t\t\t\t\t\t\t\t<div class= \"uael-accordion-title\" aria-expanded=\"false\" role=\"tab\">\n\t\t\t\t\t\t\t\t\t<span class=\"uael-accordion-icon uael-accordion-icon-right\">\n\t\t\t\t\t\t\t\t\t\t<span class=\"uael-accordion-icon-closed\"><svg class=\"e-font-icon-svg e-fas-plus\" viewBox=\"0 0 448 512\" xmlns=\"http:\/\/www.w3.org\/2000\/svg\"><path d=\"M416 208H272V64c0-17.67-14.33-32-32-32h-32c-17.67 0-32 14.33-32 32v144H32c-17.67 0-32 14.33-32 32v32c0 17.67 14.33 32 32 32h144v144c0 17.67 14.33 32 32 32h32c17.67 0 32-14.33 32-32V304h144c17.67 0 32-14.33 32-32v-32c0-17.67-14.33-32-32-32z\"><\/path><\/svg><\/span>\n\t\t\t\t\t\t\t\t\t\t<span class=\"uael-accordion-icon-opened\"><svg class=\"e-font-icon-svg e-fas-minus\" viewBox=\"0 0 448 512\" xmlns=\"http:\/\/www.w3.org\/2000\/svg\"><path d=\"M416 208H32c-17.67 0-32 14.33-32 32v32c0 17.67 14.33 32 32 32h384c17.67 0 32-14.33 32-32v-32c0-17.67-14.33-32-32-32z\"><\/path><\/svg><\/span>\n\t\t\t\t\t\t\t\t\t<\/span>\n\t\t\t\t\t\t\t\t\t<h4 class=\"uael-question-bb67842 uael-question-span\" tabindex=\"0\" id=\"uael-faq-2-6a96799505ecf\">\u00c9chographie neuromusculaire <br>Imagerie des nerfs et des muscles <\/h4>\n\t\t\t\t\t\t\t\t<\/div>\n\t\t\t\t\t\t\t\t<div class=\"uael-accordion-content\" role=\"tabpanel\">\n\t\t\t\t\t\t\t\t\t<span>\n\t\t\t\t\t\t\t\t\t<span><p>L\u2019\u00e9chographie neuromusculaire est une technique d\u2019imagerie diagnostique utilis\u00e9e en neurologie pour \u00e9valuer les muscles, les nerfs et les tissus mous du corps. Cette m\u00e9thode permet aux neurologues de d\u00e9tecter des changements structurels ou des anomalies au niveau des nerfs et des muscles.<\/p><p>Pendant l\u2019examen, un appareil \u00e0 ultrasons est utilis\u00e9 pour envoyer des ondes sonores \u00e0 haute fr\u00e9quence \u00e0 travers la peau dans le corps. Ces ondes sonores sont r\u00e9fl\u00e9chies par les tissus du corps et converties en images par un ordinateur en temps r\u00e9el. Le m\u00e9decin peut ainsi visualiser les muscles, les nerfs et les tendons, et rechercher des signes de l\u00e9sions, d\u2019inflammation, de tumeurs ou d\u2019autres anomalies.<\/p><p>L\u2019\u00e9chographie neuromusculaire est particuli\u00e8rement utile pour \u00e9valuer les syndromes de compression nerveuse tels que le syndrome du canal carpien, pour rechercher une atrophie musculaire ou des maladies musculaires telles que la dystrophie musculaire, ainsi que pour diagnostiquer les inflammations nerveuses.<\/p><p>Cette m\u00e9thode d\u2019examen est indolore et ne n\u00e9cessite g\u00e9n\u00e9ralement aucune pr\u00e9paration particuli\u00e8re. Elle permet d\u2019\u00e9valuer le syst\u00e8me neuromusculaire et aide les neurologues \u00e0 poser des diagnostics pr\u00e9cis et \u00e0 \u00e9laborer des plans de traitement personnalis\u00e9s.<\/p><\/span>\t\t\t\t\t\t\t\t\t<\/span>\n\t\t\t\t\t\t\t\t<\/div>\n\t\t\t\t\t\t\t<\/div>\n\t\t\t\t\t\t\t\t\t\t\t\t\t\t<div id=\"uael-accordion-9041761\" class=\"uael-faq-accordion\" role=\"tablist\">\n\t\t\t\t\t\t\t\t<div class= \"uael-accordion-title\" aria-expanded=\"false\" role=\"tab\">\n\t\t\t\t\t\t\t\t\t<span class=\"uael-accordion-icon uael-accordion-icon-right\">\n\t\t\t\t\t\t\t\t\t\t<span class=\"uael-accordion-icon-closed\"><svg class=\"e-font-icon-svg e-fas-plus\" viewBox=\"0 0 448 512\" xmlns=\"http:\/\/www.w3.org\/2000\/svg\"><path d=\"M416 208H272V64c0-17.67-14.33-32-32-32h-32c-17.67 0-32 14.33-32 32v144H32c-17.67 0-32 14.33-32 32v32c0 17.67 14.33 32 32 32h144v144c0 17.67 14.33 32 32 32h32c17.67 0 32-14.33 32-32V304h144c17.67 0 32-14.33 32-32v-32c0-17.67-14.33-32-32-32z\"><\/path><\/svg><\/span>\n\t\t\t\t\t\t\t\t\t\t<span class=\"uael-accordion-icon-opened\"><svg class=\"e-font-icon-svg e-fas-minus\" viewBox=\"0 0 448 512\" xmlns=\"http:\/\/www.w3.org\/2000\/svg\"><path d=\"M416 208H32c-17.67 0-32 14.33-32 32v32c0 17.67 14.33 32 32 32h384c17.67 0 32-14.33 32-32v-32c0-17.67-14.33-32-32-32z\"><\/path><\/svg><\/span>\n\t\t\t\t\t\t\t\t\t<\/span>\n\t\t\t\t\t\t\t\t\t<h4 class=\"uael-question-9041761 uael-question-span\" tabindex=\"0\" id=\"uael-faq-3-6a96799505f0d\">Station de perfusion <br> Th\u00e9rapies intraveineuses en cas de migraine, scl\u00e9rose en plaques, etc. <\/h4>\n\t\t\t\t\t\t\t\t<\/div>\n\t\t\t\t\t\t\t\t<div class=\"uael-accordion-content\" role=\"tabpanel\">\n\t\t\t\t\t\t\t\t\t<span>\n\t\t\t\t\t\t\t\t\t<span><p>Berner Neurologie propose une station de perfusion pour les patients souffrant de maux de t\u00eate, de scl\u00e9rose en plaques (SEP), d\u2019inflammations nerveuses et musculaires (p. ex. polyneuropathie inflammatoire d\u00e9my\u00e9linisante chronique \/ PIDC). L\u2019offre de traitement comprend les inhibiteurs de la CGRP en cas de migraine, l\u2019ocrelizumab en cas de scl\u00e9rose en plaques et les immunoglobulines intraveineuses en cas de PIDC. Notre station de perfusion est un espace prot\u00e9g\u00e9 dans lequel vous pouvez vous sentir en s\u00e9curit\u00e9 et \u00e0 l\u2019aise pendant votre th\u00e9rapie.<\/p><p>Si vous souffrez de maux de t\u00eate, d\u2019une scl\u00e9rose en plaques ou d\u2019inflammations neuromusculaires et que vous avez besoin d\u2019une th\u00e9rapie intraveineuse, vous \u00eates entre de bonnes mains dans notre cabinet. Notre personnel soignant exp\u00e9riment\u00e9 surveille attentivement votre traitement et s\u2019assure que vous recevez les meilleurs soins possibles.<\/p><p>Nous nous tenons \u00e0 votre disposition pour toute question sur votre traitement ou sur la station de perfusion.<\/p><\/span>\t\t\t\t\t\t\t\t\t<\/span>\n\t\t\t\t\t\t\t\t<\/div>\n\t\t\t\t\t\t\t<\/div>\n\t\t\t\t\t\t\t\t\t\t\t<\/div>\n\t\t\t<\/div>\n\t\t\t\t\t\t\t<\/div>\n\t\t\t\t<\/div>\n\t\t\t\t\t<\/div>\n\t\t<\/div>\n\t\t\t\t\t<\/div>\n\t\t<\/section>\n\t\t\t\t\t<\/div>\n\t\t<\/div>\n\t\t\t\t\t<\/div>\n\t\t<\/section>\n\t\t\t\t<section class=\"elementor-section elementor-top-section elementor-element elementor-element-a368b2b elementor-section-boxed elementor-section-height-default elementor-section-height-default\" data-id=\"a368b2b\" data-element_type=\"section\" data-e-type=\"section\" data-settings=\"{&quot;background_background&quot;:&quot;classic&quot;}\">\n\t\t\t\t\t\t<div class=\"elementor-container elementor-column-gap-default\">\n\t\t\t\t\t<div class=\"elementor-column elementor-col-100 elementor-top-column elementor-element elementor-element-edb133e\" data-id=\"edb133e\" data-element_type=\"column\" data-e-type=\"column\">\n\t\t\t<div class=\"elementor-widget-wrap elementor-element-populated\">\n\t\t\t\t\t\t<div class=\"elementor-element elementor-element-dfce092 elementor-widget__width-initial elementor-widget-divider--view-line elementor-widget elementor-widget-divider\" data-id=\"dfce092\" data-element_type=\"widget\" data-e-type=\"widget\" data-widget_type=\"divider.default\">\n\t\t\t\t<div class=\"elementor-widget-container\">\n\t\t\t\t\t\t\t<div class=\"elementor-divider\">\n\t\t\t<span class=\"elementor-divider-separator\">\n\t\t\t\t\t\t<\/span>\n\t\t<\/div>\n\t\t\t\t\t\t<\/div>\n\t\t\t\t<\/div>\n\t\t\t\t<div class=\"elementor-element elementor-element-64b608a elementor-widget__width-initial elementor-widget elementor-widget-heading\" data-id=\"64b608a\" data-element_type=\"widget\" data-e-type=\"widget\" data-widget_type=\"heading.default\">\n\t\t\t\t<div class=\"elementor-widget-container\">\n\t\t\t\t\t<h3 class=\"elementor-heading-title elementor-size-default\">QUESTIONS FR\u00c9QUEMMENT POS\u00c9ES<\/h3>\t\t\t\t<\/div>\n\t\t\t\t<\/div>\n\t\t\t\t<div class=\"elementor-element elementor-element-ced47c0 elementor-widget elementor-widget-spacer\" data-id=\"ced47c0\" data-element_type=\"widget\" data-e-type=\"widget\" data-widget_type=\"spacer.default\">\n\t\t\t\t<div class=\"elementor-widget-container\">\n\t\t\t\t\t\t\t<div class=\"elementor-spacer\">\n\t\t\t<div class=\"elementor-spacer-inner\"><\/div>\n\t\t<\/div>\n\t\t\t\t\t\t<\/div>\n\t\t\t\t<\/div>\n\t\t\t\t<div class=\"elementor-element elementor-element-23126aa elementor-hidden-mobile elementor-widget elementor-widget-heading\" data-id=\"23126aa\" data-element_type=\"widget\" data-e-type=\"widget\" data-widget_type=\"heading.default\">\n\t\t\t\t<div class=\"elementor-widget-container\">\n\t\t\t\t\t<h2 class=\"elementor-heading-title elementor-size-default\">Maladies \u2013<br \/>Gamme de traitements<\/h2>\t\t\t\t<\/div>\n\t\t\t\t<\/div>\n\t\t\t\t<div class=\"elementor-element elementor-element-2573d15 elementor-hidden-desktop elementor-hidden-tablet elementor-widget elementor-widget-heading\" data-id=\"2573d15\" data-element_type=\"widget\" data-e-type=\"widget\" data-widget_type=\"heading.default\">\n\t\t\t\t<div class=\"elementor-widget-container\">\n\t\t\t\t\t<h2 class=\"elementor-heading-title elementor-size-default\">Maladies \u2013<br \/>Gamme de traitements<\/h2>\t\t\t\t<\/div>\n\t\t\t\t<\/div>\n\t\t\t\t<section class=\"elementor-section elementor-inner-section elementor-element elementor-element-6e6e4cb elementor-section-full_width elementor-section-height-default elementor-section-height-default\" data-id=\"6e6e4cb\" data-element_type=\"section\" data-e-type=\"section\">\n\t\t\t\t\t\t<div class=\"elementor-container elementor-column-gap-default\">\n\t\t\t\t\t<div class=\"elementor-column elementor-col-50 elementor-inner-column elementor-element elementor-element-174bb65\" data-id=\"174bb65\" data-element_type=\"column\" data-e-type=\"column\">\n\t\t\t<div class=\"elementor-widget-wrap elementor-element-populated\">\n\t\t\t\t\t\t<div class=\"elementor-element elementor-element-f471571 elementor-widget elementor-widget-text-editor\" data-id=\"f471571\" data-element_type=\"widget\" data-e-type=\"widget\" data-widget_type=\"text-editor.default\">\n\t\t\t\t<div class=\"elementor-widget-container\">\n\t\t\t\t\t\t\t\t\t<p>Nous souhaitons r\u00e9pondre ci-dessous \u00e0 quelques questions importantes qui peuvent vous aider \u00e0 mieux comprendre les maladies neurologiques et \u00e0 promouvoir votre sant\u00e9. N\u2019h\u00e9sitez pas \u00e0 nous contacter si vous avez d\u2019autres questions. Nous sommes l\u00e0 pour vous fournir des informations professionnelles et un soutien afin que vous puissiez prendre les meilleures d\u00e9cisions pour votre sant\u00e9 neurologique.  <\/p>\t\t\t\t\t\t\t\t<\/div>\n\t\t\t\t<\/div>\n\t\t\t\t\t<\/div>\n\t\t<\/div>\n\t\t\t\t<div class=\"elementor-column elementor-col-50 elementor-inner-column elementor-element elementor-element-4bffa75\" data-id=\"4bffa75\" data-element_type=\"column\" data-e-type=\"column\">\n\t\t\t<div class=\"elementor-widget-wrap\">\n\t\t\t\t\t\t\t<\/div>\n\t\t<\/div>\n\t\t\t\t\t<\/div>\n\t\t<\/section>\n\t\t\t\t<section class=\"elementor-section elementor-inner-section elementor-element elementor-element-ba611a0 elementor-section-full_width elementor-section-height-default elementor-section-height-default\" data-id=\"ba611a0\" data-element_type=\"section\" data-e-type=\"section\">\n\t\t\t\t\t\t<div class=\"elementor-container elementor-column-gap-default\">\n\t\t\t\t\t<div class=\"elementor-column elementor-col-50 elementor-inner-column elementor-element elementor-element-e8430a3\" data-id=\"e8430a3\" data-element_type=\"column\" data-e-type=\"column\">\n\t\t\t<div class=\"elementor-widget-wrap elementor-element-populated\">\n\t\t\t\t\t\t<div class=\"elementor-element elementor-element-ed96e2b align-at-right uael-faq-box-layout-yes elementor-widget elementor-widget-uael-faq\" data-id=\"ed96e2b\" data-element_type=\"widget\" data-e-type=\"widget\" data-widget_type=\"uael-faq.default\">\n\t\t\t\t<div class=\"elementor-widget-container\">\n\t\t\t\t\t\n\t\t\t<div id='uael-faq-wrapper-249' class=\"uael-faq-wrapper\">\n\t\t\t\t<div class=\"uael-faq-container uael-faq-layout-accordion\" data-layout=\"accordion\" >\n\t\t\t\t\t\t\t\t\t\t\t\t<div id=\"uael-accordion-5ba5c9f\" class=\"uael-faq-accordion\" role=\"tablist\">\n\t\t\t\t\t\t\t\t<div class= \"uael-accordion-title\" aria-expanded=\"false\" role=\"tab\">\n\t\t\t\t\t\t\t\t\t<span class=\"uael-accordion-icon uael-accordion-icon-right\">\n\t\t\t\t\t\t\t\t\t\t<span class=\"uael-accordion-icon-closed\"><svg class=\"e-font-icon-svg e-fas-plus\" viewBox=\"0 0 448 512\" xmlns=\"http:\/\/www.w3.org\/2000\/svg\"><path d=\"M416 208H272V64c0-17.67-14.33-32-32-32h-32c-17.67 0-32 14.33-32 32v144H32c-17.67 0-32 14.33-32 32v32c0 17.67 14.33 32 32 32h144v144c0 17.67 14.33 32 32 32h32c17.67 0 32-14.33 32-32V304h144c17.67 0 32-14.33 32-32v-32c0-17.67-14.33-32-32-32z\"><\/path><\/svg><\/span>\n\t\t\t\t\t\t\t\t\t\t<span class=\"uael-accordion-icon-opened\"><svg class=\"e-font-icon-svg e-fas-minus\" viewBox=\"0 0 448 512\" xmlns=\"http:\/\/www.w3.org\/2000\/svg\"><path d=\"M416 208H32c-17.67 0-32 14.33-32 32v32c0 17.67 14.33 32 32 32h384c17.67 0 32-14.33 32-32v-32c0-17.67-14.33-32-32-32z\"><\/path><\/svg><\/span>\n\t\t\t\t\t\t\t\t\t<\/span>\n\t\t\t\t\t\t\t\t\t<h4 class=\"uael-question-5ba5c9f uael-question-span\" tabindex=\"0\" id=\"uael-faq-1-6a966ed30f1be\">Comment reconna\u00eetre un accident vasculaire c\u00e9r\u00e9bral?<\/h4>\n\t\t\t\t\t\t\t\t<\/div>\n\t\t\t\t\t\t\t\t<div class=\"uael-accordion-content\" role=\"tabpanel\">\n\t\t\t\t\t\t\t\t\t<span>\n\t\t\t\t\t\t\t\t\t<span><p>Les signes les plus courants d\u2019un AVC sont une paralysie faciale soudaine, une faiblesse des bras et des probl\u00e8mes d\u2019\u00e9locution. Si vous remarquez l\u2019un de ces sympt\u00f4mes, une aide m\u00e9dicale rapide est cruciale. N\u2019oubliez pas la r\u00e8gle FAST: Face (visage), Arms (bras), Speech (parole), Time (temps). En cas de suspicion d\u2019AVC, chaque minute compte. En cas d\u2019urgence, pr\u00e9venez les secours en appelant le 144.    <\/p><\/span>\t\t\t\t\t\t\t\t\t<\/span>\n\t\t\t\t\t\t\t\t<\/div>\n\t\t\t\t\t\t\t<\/div>\n\t\t\t\t\t\t\t\t\t\t\t\t\t\t<div id=\"uael-accordion-e84a30b\" class=\"uael-faq-accordion\" role=\"tablist\">\n\t\t\t\t\t\t\t\t<div class= \"uael-accordion-title\" aria-expanded=\"false\" role=\"tab\">\n\t\t\t\t\t\t\t\t\t<span class=\"uael-accordion-icon uael-accordion-icon-right\">\n\t\t\t\t\t\t\t\t\t\t<span class=\"uael-accordion-icon-closed\"><svg class=\"e-font-icon-svg e-fas-plus\" viewBox=\"0 0 448 512\" xmlns=\"http:\/\/www.w3.org\/2000\/svg\"><path d=\"M416 208H272V64c0-17.67-14.33-32-32-32h-32c-17.67 0-32 14.33-32 32v144H32c-17.67 0-32 14.33-32 32v32c0 17.67 14.33 32 32 32h144v144c0 17.67 14.33 32 32 32h32c17.67 0 32-14.33 32-32V304h144c17.67 0 32-14.33 32-32v-32c0-17.67-14.33-32-32-32z\"><\/path><\/svg><\/span>\n\t\t\t\t\t\t\t\t\t\t<span class=\"uael-accordion-icon-opened\"><svg class=\"e-font-icon-svg e-fas-minus\" viewBox=\"0 0 448 512\" xmlns=\"http:\/\/www.w3.org\/2000\/svg\"><path d=\"M416 208H32c-17.67 0-32 14.33-32 32v32c0 17.67 14.33 32 32 32h384c17.67 0 32-14.33 32-32v-32c0-17.67-14.33-32-32-32z\"><\/path><\/svg><\/span>\n\t\t\t\t\t\t\t\t\t<\/span>\n\t\t\t\t\t\t\t\t\t<h4 class=\"uael-question-e84a30b uael-question-span\" tabindex=\"0\" id=\"uael-faq-2-6a966ed30f277\">Quels traitements sont propos\u00e9s pour la migraine?<\/h4>\n\t\t\t\t\t\t\t\t<\/div>\n\t\t\t\t\t\t\t\t<div class=\"uael-accordion-content\" role=\"tabpanel\">\n\t\t\t\t\t\t\t\t\t<span>\n\t\t\t\t\t\t\t\t\t<span><ul><li><strong>Th\u00e9rapie m\u00e9dicamenteuse:<\/strong> nous proposons une large gamme de m\u00e9dicaments, y compris des triptans et des m\u00e9dicaments pr\u00e9ventifs, tels que les anticorps CGRP, afin de pr\u00e9venir ou de r\u00e9duire les crises de migraine.<\/li><li><strong>Injections de toxine botulique: <\/strong>ces injections cibl\u00e9es peuvent r\u00e9duire les crises de migraine chez certains patients et sont effectu\u00e9es par nos m\u00e9decins exp\u00e9riment\u00e9s.<\/li><li><strong>Modifications du mode de vie: <\/strong>nous \u00e9laborons ensemble des approches personnalis\u00e9es pour identifier et traiter les facteurs d\u00e9clencheurs, notamment l\u2019alimentation, le sommeil et la gestion du stress<\/li><li><strong>Acupuncture: <\/strong>cette th\u00e9rapie alternative peut contribuer \u00e0 la pr\u00e9vention des migraines.<\/li><li><strong>Cefaly: <\/strong>ce dispositif m\u00e9dical de neurostimulation \u00e9lectrique transcutan\u00e9e (TENS) peut soulager les crises de migraine.<\/li><li><strong>Biofeedback et techniques de relaxation: <\/strong>ces approches non m\u00e9dicamenteuses (p. ex. yoga, technique de relaxation musculaire progressive Jacobsin) peuvent vous aider \u00e0 r\u00e9duire les tensions et \u00e0 minimiser les crises de migraine.<\/li><li><strong>Infiltrationdu NGO<\/strong> <strong>(nerf grand occipital): <\/strong>cette infiltration sp\u00e9ciale dans la r\u00e9gion du nerf occipital peut contribuer \u00e0 soulager les sympt\u00f4mes de la migraine et est r\u00e9alis\u00e9e par nos neurologues exp\u00e9riment\u00e9s.<\/li><\/ul><\/span>\t\t\t\t\t\t\t\t\t<\/span>\n\t\t\t\t\t\t\t\t<\/div>\n\t\t\t\t\t\t\t<\/div>\n\t\t\t\t\t\t\t\t\t\t\t\t\t\t<div id=\"uael-accordion-22309cb\" class=\"uael-faq-accordion\" role=\"tablist\">\n\t\t\t\t\t\t\t\t<div class= \"uael-accordion-title\" aria-expanded=\"false\" role=\"tab\">\n\t\t\t\t\t\t\t\t\t<span class=\"uael-accordion-icon uael-accordion-icon-right\">\n\t\t\t\t\t\t\t\t\t\t<span class=\"uael-accordion-icon-closed\"><svg class=\"e-font-icon-svg e-fas-plus\" viewBox=\"0 0 448 512\" xmlns=\"http:\/\/www.w3.org\/2000\/svg\"><path d=\"M416 208H272V64c0-17.67-14.33-32-32-32h-32c-17.67 0-32 14.33-32 32v144H32c-17.67 0-32 14.33-32 32v32c0 17.67 14.33 32 32 32h144v144c0 17.67 14.33 32 32 32h32c17.67 0 32-14.33 32-32V304h144c17.67 0 32-14.33 32-32v-32c0-17.67-14.33-32-32-32z\"><\/path><\/svg><\/span>\n\t\t\t\t\t\t\t\t\t\t<span class=\"uael-accordion-icon-opened\"><svg class=\"e-font-icon-svg e-fas-minus\" viewBox=\"0 0 448 512\" xmlns=\"http:\/\/www.w3.org\/2000\/svg\"><path d=\"M416 208H32c-17.67 0-32 14.33-32 32v32c0 17.67 14.33 32 32 32h384c17.67 0 32-14.33 32-32v-32c0-17.67-14.33-32-32-32z\"><\/path><\/svg><\/span>\n\t\t\t\t\t\t\t\t\t<\/span>\n\t\t\t\t\t\t\t\t\t<h4 class=\"uael-question-22309cb uael-question-span\" tabindex=\"0\" id=\"uael-faq-3-6a966ed30f2d0\">Quels sont les types de vertiges les plus courants?<\/h4>\n\t\t\t\t\t\t\t\t<\/div>\n\t\t\t\t\t\t\t\t<div class=\"uael-accordion-content\" role=\"tabpanel\">\n\t\t\t\t\t\t\t\t\t<span>\n\t\t\t\t\t\t\t\t\t<span><p>Les vertiges peuvent \u00eatre un sympt\u00f4me inqui\u00e9tant et avoir diff\u00e9rentes causes. Les types de vertiges les plus courants sont les suivants: <\/p><ul><li><strong>Vertige positionnel paroxystique b\u00e9nin (VPPB): <\/strong>il s\u2019agit d\u2019une cause fr\u00e9quente de vertiges d\u00e9clench\u00e9s par certains mouvements de la t\u00eate. Bien que le VPPB soit souvent b\u00e9nin, les troubles peuvent n\u00e9anmoins \u00eatre tr\u00e8s handicapants. <\/li><li><strong>N\u00e9vrite vestibulaire: <\/strong>cette maladie inflammatoire de l\u2019oreille interne peut provoquer des vertiges soudains et des troubles de l\u2019\u00e9quilibre.<\/li><li><strong>Maladie de Meni\u00e8re:<\/strong> cette maladie chronique de l\u2019oreille interne s\u2019accompagne souvent de crises de vertige, de pertes auditives et d\u2019acouph\u00e8nes.<\/li><li><strong>Vertiges orthostatiques: <\/strong>ils surviennent lorsque l\u2019on se l\u00e8ve d\u2019une position assise ou couch\u00e9e et peuvent indiquer des probl\u00e8mes circulatoires.<\/li><li><strong>Vertiges associ\u00e9s \u00e0 la migraine: <\/strong>certaines personnes souffrant de migraines \u00e9prouvent des vertiges dans le cadre de leurs crises de maux de t\u00eate ou m\u00eame ind\u00e9pendamment de leurs maux de t\u00eate.<\/li><li>Vertiges fonctionnels (PPPD): ces vertiges ont des causes psychologiques et peuvent survenir en raison de l\u2019anxi\u00e9t\u00e9 ou du stress.<\/li><\/ul><\/span>\t\t\t\t\t\t\t\t\t<\/span>\n\t\t\t\t\t\t\t\t<\/div>\n\t\t\t\t\t\t\t<\/div>\n\t\t\t\t\t\t\t\t\t\t\t<\/div>\n\t\t\t<\/div>\n\t\t\t\t\t\t\t<\/div>\n\t\t\t\t<\/div>\n\t\t\t\t\t<\/div>\n\t\t<\/div>\n\t\t\t\t<div class=\"elementor-column elementor-col-50 elementor-inner-column elementor-element elementor-element-1041078\" data-id=\"1041078\" data-element_type=\"column\" data-e-type=\"column\">\n\t\t\t<div class=\"elementor-widget-wrap elementor-element-populated\">\n\t\t\t\t\t\t<div class=\"elementor-element elementor-element-fac3270 align-at-right uael-faq-box-layout-yes elementor-widget elementor-widget-uael-faq\" data-id=\"fac3270\" data-element_type=\"widget\" data-e-type=\"widget\" data-widget_type=\"uael-faq.default\">\n\t\t\t\t<div class=\"elementor-widget-container\">\n\t\t\t\t\t\n\t\t\t<div id='uael-faq-wrapper-262' class=\"uael-faq-wrapper\">\n\t\t\t\t<div class=\"uael-faq-container uael-faq-layout-accordion\" data-layout=\"accordion\" >\n\t\t\t\t\t\t\t\t\t\t\t\t<div id=\"uael-accordion-5ba5c9f\" class=\"uael-faq-accordion\" role=\"tablist\">\n\t\t\t\t\t\t\t\t<div class= \"uael-accordion-title\" aria-expanded=\"false\" role=\"tab\">\n\t\t\t\t\t\t\t\t\t<span class=\"uael-accordion-icon uael-accordion-icon-right\">\n\t\t\t\t\t\t\t\t\t\t<span class=\"uael-accordion-icon-closed\"><svg class=\"e-font-icon-svg e-fas-plus\" viewBox=\"0 0 448 512\" xmlns=\"http:\/\/www.w3.org\/2000\/svg\"><path d=\"M416 208H272V64c0-17.67-14.33-32-32-32h-32c-17.67 0-32 14.33-32 32v144H32c-17.67 0-32 14.33-32 32v32c0 17.67 14.33 32 32 32h144v144c0 17.67 14.33 32 32 32h32c17.67 0 32-14.33 32-32V304h144c17.67 0 32-14.33 32-32v-32c0-17.67-14.33-32-32-32z\"><\/path><\/svg><\/span>\n\t\t\t\t\t\t\t\t\t\t<span class=\"uael-accordion-icon-opened\"><svg class=\"e-font-icon-svg e-fas-minus\" viewBox=\"0 0 448 512\" xmlns=\"http:\/\/www.w3.org\/2000\/svg\"><path d=\"M416 208H32c-17.67 0-32 14.33-32 32v32c0 17.67 14.33 32 32 32h384c17.67 0 32-14.33 32-32v-32c0-17.67-14.33-32-32-32z\"><\/path><\/svg><\/span>\n\t\t\t\t\t\t\t\t\t<\/span>\n\t\t\t\t\t\t\t\t\t<h4 class=\"uael-question-5ba5c9f uael-question-span\" tabindex=\"0\" id=\"uael-faq-1-6a966ed30f8fd\">Quels sont les troubles de la m\u00e9moire qui peuvent \u00eatre soign\u00e9s?<\/h4>\n\t\t\t\t\t\t\t\t<\/div>\n\t\t\t\t\t\t\t\t<div class=\"uael-accordion-content\" role=\"tabpanel\">\n\t\t\t\t\t\t\t\t\t<span>\n\t\t\t\t\t\t\t\t\t<span><ul><li><strong>Troubles de la m\u00e9moire dus aux m\u00e9dicaments: <\/strong>si les probl\u00e8mes de m\u00e9moire sont dus aux effets secondaires de certains m\u00e9dicaments, l\u2019arr\u00eat ou l\u2019adaptation de la m\u00e9dication peut permettre \u00e0 la m\u00e9moire de fonctionner \u00e0 nouveau normalement.<\/li><li><strong>Troubles de la m\u00e9moire dus au manque de sommeil:<\/strong> la privation de sommeil peut entra\u00eener des probl\u00e8mes de m\u00e9moire temporaires. Une hygi\u00e8ne et des habitudes de sommeil suffisantes peuvent contribuer \u00e0 rem\u00e9dier \u00e0 ces troubles. <\/li><li><strong>Troubles de la m\u00e9moire dus au stress ou \u00e0 la d\u00e9pression: <\/strong>une aide psychologique ou un traitement m\u00e9dical peuvent contribuer \u00e0 att\u00e9nuer les probl\u00e8mes de m\u00e9moire dus \u00e0 un stress psychologique.<\/li><li><strong>Troubles de la m\u00e9moire dus \u00e0 des carences alimentaires: <\/strong>une carence en certains nutriments tels que la vitamine B12 peut entra\u00eener des probl\u00e8mes de m\u00e9moire. Le traitement peut inclure la prise de compl\u00e9ments alimentaires et l\u2019adaptation du r\u00e9gime alimentaire. <\/li><\/ul><\/span>\t\t\t\t\t\t\t\t\t<\/span>\n\t\t\t\t\t\t\t\t<\/div>\n\t\t\t\t\t\t\t<\/div>\n\t\t\t\t\t\t\t\t\t\t\t\t\t\t<div id=\"uael-accordion-e84a30b\" class=\"uael-faq-accordion\" role=\"tablist\">\n\t\t\t\t\t\t\t\t<div class= \"uael-accordion-title\" aria-expanded=\"false\" role=\"tab\">\n\t\t\t\t\t\t\t\t\t<span class=\"uael-accordion-icon uael-accordion-icon-right\">\n\t\t\t\t\t\t\t\t\t\t<span class=\"uael-accordion-icon-closed\"><svg class=\"e-font-icon-svg e-fas-plus\" viewBox=\"0 0 448 512\" xmlns=\"http:\/\/www.w3.org\/2000\/svg\"><path d=\"M416 208H272V64c0-17.67-14.33-32-32-32h-32c-17.67 0-32 14.33-32 32v144H32c-17.67 0-32 14.33-32 32v32c0 17.67 14.33 32 32 32h144v144c0 17.67 14.33 32 32 32h32c17.67 0 32-14.33 32-32V304h144c17.67 0 32-14.33 32-32v-32c0-17.67-14.33-32-32-32z\"><\/path><\/svg><\/span>\n\t\t\t\t\t\t\t\t\t\t<span class=\"uael-accordion-icon-opened\"><svg class=\"e-font-icon-svg e-fas-minus\" viewBox=\"0 0 448 512\" xmlns=\"http:\/\/www.w3.org\/2000\/svg\"><path d=\"M416 208H32c-17.67 0-32 14.33-32 32v32c0 17.67 14.33 32 32 32h384c17.67 0 32-14.33 32-32v-32c0-17.67-14.33-32-32-32z\"><\/path><\/svg><\/span>\n\t\t\t\t\t\t\t\t\t<\/span>\n\t\t\t\t\t\t\t\t\t<h4 class=\"uael-question-e84a30b uael-question-span\" tabindex=\"0\" id=\"uael-faq-2-6a966ed30f994\">Les traitements au Botox sont-ils dangereux?<\/h4>\n\t\t\t\t\t\t\t\t<\/div>\n\t\t\t\t\t\t\t\t<div class=\"uael-accordion-content\" role=\"tabpanel\">\n\t\t\t\t\t\t\t\t\t<span>\n\t\t\t\t\t\t\t\t\t<span>Les traitements neurologiques au Botox sont g\u00e9n\u00e9ralement s\u00fbrs et bien tol\u00e9r\u00e9s lorsqu\u2019ils sont effectu\u00e9s par des professionnels qualifi\u00e9s. Le Botox, ou toxine botulique, est utilis\u00e9 en neurologie pour traiter diff\u00e9rentes maladies, notamment la dystonie, l\u2019h\u00e9mispasme facial, la migraine et la spasticit\u00e9. \n<br><br>Quelques points importants sont \u00e0 prendre en consid\u00e9ration:\n<ul>\n \t<li><strong>Un prestataire qualifi\u00e9:<\/strong> le traitement doit \u00eatre effectu\u00e9 par un neurologue exp\u00e9riment\u00e9 ou un m\u00e9decin sp\u00e9cialiste certifi\u00e9 qui poss\u00e8de les connaissances et l\u2019exp\u00e9rience n\u00e9cessaires pour effectuer les injections de mani\u00e8re s\u00fbre et efficace.<\/li>\n \t<li><strong>Risques individuels: <\/strong>la s\u00e9curit\u00e9 du traitement au Botox peut varier d\u2019un cas \u00e0 l\u2019autre. Votre m\u00e9decin \u00e9valuera vos ant\u00e9c\u00e9dents m\u00e9dicaux et recommandera les meilleures options de traitement en fonction de votre situation. <\/li>\n \t<li><strong>Effets secondaires: <\/strong>bien que le Botox soit g\u00e9n\u00e9ralement bien tol\u00e9r\u00e9, des effets secondaires temporaires peuvent survenir, comme une l\u00e9g\u00e8re douleur au site d\u2019injection, une faiblesse musculaire temporaire ou une l\u00e9g\u00e8re rougeur. Ces effets secondaires sont g\u00e9n\u00e9ralement de courte dur\u00e9e. <\/li>\n \t<li><strong>Minimiser les risques: <\/strong>les risques peuvent \u00eatre minimis\u00e9s si les injections sont effectu\u00e9es par un m\u00e9decin exp\u00e9riment\u00e9 et si vous suivez les directives recommand\u00e9es apr\u00e8s le traitement.<\/li>\n \t<li><strong>Communication importante: <\/strong>informez votre m\u00e9decin de tout m\u00e9dicament, allergie ou probl\u00e8me de sant\u00e9 vous concernant afin de vous assurer que le traitement est sans danger pour vous.<\/li>\n<\/ul>\nDans l\u2019ensemble, les traitements neurologiques au Botox sont s\u00fbrs et efficaces s\u2019ils sont effectu\u00e9s correctement. Discutez de toutes vos questions et pr\u00e9occupations avec votre m\u00e9decin avant de suivre le traitement. <\/span>\t\t\t\t\t\t\t\t\t<\/span>\n\t\t\t\t\t\t\t\t<\/div>\n\t\t\t\t\t\t\t<\/div>\n\t\t\t\t\t\t\t\t\t\t\t\t\t\t<div id=\"uael-accordion-d780202\" class=\"uael-faq-accordion\" role=\"tablist\">\n\t\t\t\t\t\t\t\t<div class= \"uael-accordion-title\" aria-expanded=\"false\" role=\"tab\">\n\t\t\t\t\t\t\t\t\t<span class=\"uael-accordion-icon uael-accordion-icon-right\">\n\t\t\t\t\t\t\t\t\t\t<span class=\"uael-accordion-icon-closed\"><svg class=\"e-font-icon-svg e-fas-plus\" viewBox=\"0 0 448 512\" xmlns=\"http:\/\/www.w3.org\/2000\/svg\"><path d=\"M416 208H272V64c0-17.67-14.33-32-32-32h-32c-17.67 0-32 14.33-32 32v144H32c-17.67 0-32 14.33-32 32v32c0 17.67 14.33 32 32 32h144v144c0 17.67 14.33 32 32 32h32c17.67 0 32-14.33 32-32V304h144c17.67 0 32-14.33 32-32v-32c0-17.67-14.33-32-32-32z\"><\/path><\/svg><\/span>\n\t\t\t\t\t\t\t\t\t\t<span class=\"uael-accordion-icon-opened\"><svg class=\"e-font-icon-svg e-fas-minus\" viewBox=\"0 0 448 512\" xmlns=\"http:\/\/www.w3.org\/2000\/svg\"><path d=\"M416 208H32c-17.67 0-32 14.33-32 32v32c0 17.67 14.33 32 32 32h384c17.67 0 32-14.33 32-32v-32c0-17.67-14.33-32-32-32z\"><\/path><\/svg><\/span>\n\t\t\t\t\t\t\t\t\t<\/span>\n\t\t\t\t\t\t\t\t\t<h4 class=\"uael-question-d780202 uael-question-span\" tabindex=\"0\" id=\"uael-faq-3-6a966ed30f9ea\">Comment la scl\u00e9rose en plaques est-elle trait\u00e9e?<\/h4>\n\t\t\t\t\t\t\t\t<\/div>\n\t\t\t\t\t\t\t\t<div class=\"uael-accordion-content\" role=\"tabpanel\">\n\t\t\t\t\t\t\t\t\t<span>\n\t\t\t\t\t\t\t\t\t<span><p>Le traitement de la SEP a consid\u00e9rablement progress\u00e9 ces derni\u00e8res ann\u00e9es et nous nous effor\u00e7ons de vous proposer les meilleures options possibles.<\/p><ul><li><strong>Traitements immunomodulateurs: <\/strong>il existe un certain nombre de m\u00e9dicaments qui peuvent moduler le syst\u00e8me immunitaire et r\u00e9duire l\u2019inflammation dans les nerfs. Ces m\u00e9dicaments peuvent r\u00e9duire la fr\u00e9quence et la gravit\u00e9 des pouss\u00e9es. <\/li><li><strong>Traitements symptomatiques: <\/strong>la SEP peut provoquer une multitude de sympt\u00f4mes, dont la fatigue, la faiblesse musculaire, la spasticit\u00e9 musculaire et les probl\u00e8mes de coordination. Nous proposons des traitements symptomatiques afin d\u2019am\u00e9liorer votre qualit\u00e9 de vie. <\/li><li><strong>Physioth\u00e9rapie et r\u00e9\u00e9ducation: <\/strong>la r\u00e9\u00e9ducation est un \u00e9l\u00e9ment important du traitement afin de maintenir ou d\u2019am\u00e9liorer votre mobilit\u00e9 et votre qualit\u00e9 de vie.<\/li><li><strong>Soutien psychologique: <\/strong>la sant\u00e9 mentale joue un r\u00f4le crucial dans la SEP. Le soutien psychologique aide \u00e0 surmonter les d\u00e9fis \u00e9motionnels li\u00e9s \u00e0 cette maladie.<\/li><\/ul><\/span>\t\t\t\t\t\t\t\t\t<\/span>\n\t\t\t\t\t\t\t\t<\/div>\n\t\t\t\t\t\t\t<\/div>\n\t\t\t\t\t\t\t\t\t\t\t<\/div>\n\t\t\t<\/div>\n\t\t\t\t\t\t\t<\/div>\n\t\t\t\t<\/div>\n\t\t\t\t\t<\/div>\n\t\t<\/div>\n\t\t\t\t\t<\/div>\n\t\t<\/section>\n\t\t\t\t\t<\/div>\n\t\t<\/div>\n\t\t\t\t\t<\/div>\n\t\t<\/section>\n\t\t\t\t<section class=\"elementor-section elementor-top-section elementor-element elementor-element-0167d93 elementor-section-full_width elementor-section-height-default elementor-section-height-default\" data-id=\"0167d93\" data-element_type=\"section\" data-e-type=\"section\">\n\t\t\t\t\t\t<div class=\"elementor-container elementor-column-gap-default\">\n\t\t\t\t\t<div class=\"elementor-column elementor-col-100 elementor-top-column elementor-element elementor-element-8473a78\" data-id=\"8473a78\" data-element_type=\"column\" data-e-type=\"column\">\n\t\t\t<div class=\"elementor-widget-wrap elementor-element-populated\">\n\t\t\t\t\t\t<div class=\"elementor-element elementor-element-4967206 elementor-widget elementor-widget-template\" data-id=\"4967206\" data-element_type=\"widget\" data-e-type=\"widget\" data-widget_type=\"template.default\">\n\t\t\t\t<div class=\"elementor-widget-container\">\n\t\t\t\t\t\t\t<div class=\"elementor-template\">\n\t\t\t\t\t<div data-elementor-type=\"section\" data-elementor-id=\"5765\" class=\"elementor elementor-5765 elementor-4385 elementor-4385\" data-elementor-post-type=\"elementor_library\">\n\t\t\t\t\t<section class=\"elementor-section elementor-top-section elementor-element elementor-element-4ad8b784 elementor-section-boxed elementor-section-height-default elementor-section-height-default\" data-id=\"4ad8b784\" data-element_type=\"section\" data-e-type=\"section\" data-settings=\"{&quot;background_background&quot;:&quot;classic&quot;}\">\n\t\t\t\t\t\t<div class=\"elementor-container elementor-column-gap-default\">\n\t\t\t\t\t<div class=\"elementor-column elementor-col-50 elementor-top-column elementor-element elementor-element-38824d30\" data-id=\"38824d30\" data-element_type=\"column\" data-e-type=\"column\">\n\t\t\t<div class=\"elementor-widget-wrap elementor-element-populated\">\n\t\t\t\t\t\t<div class=\"elementor-element elementor-element-4072a2f9 elementor-widget elementor-widget-heading\" data-id=\"4072a2f9\" data-element_type=\"widget\" data-e-type=\"widget\" data-widget_type=\"heading.default\">\n\t\t\t\t<div class=\"elementor-widget-container\">\n\t\t\t\t\t<h2 class=\"elementor-heading-title elementor-size-default\">Vous pr\u00e9sentez des troubles neurologiques?<\/h2>\t\t\t\t<\/div>\n\t\t\t\t<\/div>\n\t\t\t\t<div class=\"elementor-element elementor-element-4dcbac74 elementor-widget elementor-widget-text-editor\" data-id=\"4dcbac74\" data-element_type=\"widget\" data-e-type=\"widget\" data-widget_type=\"text-editor.default\">\n\t\t\t\t<div class=\"elementor-widget-container\">\n\t\t\t\t\t\t\t\t\t<p>Prenez rendez-vous. <br>Nous disposons de l&rsquo;expertise et de l&rsquo;exp\u00e9rience n\u00e9cessaires.<\/p>\t\t\t\t\t\t\t\t<\/div>\n\t\t\t\t<\/div>\n\t\t\t\t<div class=\"elementor-element elementor-element-440ec48 elementor-mobile-align-center elementor-widget__width-auto elementor-widget elementor-widget-button\" data-id=\"440ec48\" data-element_type=\"widget\" data-e-type=\"widget\" data-widget_type=\"button.default\">\n\t\t\t\t<div class=\"elementor-widget-container\">\n\t\t\t\t\t\t\t\t\t<div class=\"elementor-button-wrapper\">\n\t\t\t\t\t<a class=\"elementor-button elementor-button-link elementor-size-sm\" href=\"tel:+41%2031%20310%2048%2058\">\n\t\t\t\t\t\t<span class=\"elementor-button-content-wrapper\">\n\t\t\t\t\t\t\t\t\t<span class=\"elementor-button-text\">+41 31 310 48 58<\/span>\n\t\t\t\t\t<\/span>\n\t\t\t\t\t<\/a>\n\t\t\t\t<\/div>\n\t\t\t\t\t\t\t\t<\/div>\n\t\t\t\t<\/div>\n\t\t\t\t<div class=\"elementor-element elementor-element-403f466 elementor-mobile-align-center elementor-widget__width-auto elementor-widget elementor-widget-button\" data-id=\"403f466\" data-element_type=\"widget\" data-e-type=\"widget\" data-widget_type=\"button.default\">\n\t\t\t\t<div class=\"elementor-widget-container\">\n\t\t\t\t\t\t\t\t\t<div class=\"elementor-button-wrapper\">\n\t\t\t\t\t<a class=\"elementor-button elementor-button-link elementor-size-sm\" href=\"mailto:%20berner-neurologie@hin.ch\">\n\t\t\t\t\t\t<span class=\"elementor-button-content-wrapper\">\n\t\t\t\t\t\t\t\t\t<span class=\"elementor-button-text\">Envoyer un e-mail<\/span>\n\t\t\t\t\t<\/span>\n\t\t\t\t\t<\/a>\n\t\t\t\t<\/div>\n\t\t\t\t\t\t\t\t<\/div>\n\t\t\t\t<\/div>\n\t\t\t\t\t<\/div>\n\t\t<\/div>\n\t\t\t\t<div class=\"elementor-column elementor-col-50 elementor-top-column elementor-element elementor-element-52ef8a4c\" data-id=\"52ef8a4c\" data-element_type=\"column\" data-e-type=\"column\">\n\t\t\t<div class=\"elementor-widget-wrap elementor-element-populated\">\n\t\t\t\t\t\t<div class=\"elementor-element elementor-element-2f412e2 elementor-widget elementor-widget-adduse_team_slider\" data-id=\"2f412e2\" data-element_type=\"widget\" data-e-type=\"widget\" data-widget_type=\"adduse_team_slider.default\">\n\t\t\t\t<div class=\"elementor-widget-container\">\n\t\t\t\t\t\t\t<div\n\t\t\tclass=\"adduse-ts-carousel swiper\"\n\t\t\tid=\"adduse-ts-carousel-1\"\n\t\t\t\t\t\trole=\"region\"\n\t\t\taria-roledescription=\"Karussell\"\n\t\t\taria-label=\"Team Slider\"\n\t\t>\n\t\t\t<div class=\"swiper-wrapper\">\n\t\t\t\t\t\t\t\t\t<div class=\"swiper-slide\">\n\t\t\t\t\t\t<figure class=\"adduse-ts-slide-inner\">\n\t\t\t\t\t\t\t\t\t\t\t\t\t\t\t<img loading=\"lazy\" width=\"696\" height=\"696\" src=\"https:\/\/berner-neurologie.ch\/wp-content\/uploads\/2024\/08\/NeurologieBern_Petersen_Jens_cta.png\" class=\"adduse-ts-slide-image wp-post-image\" alt=\"PD Dr. m\u00e9d. Jens Petersen\" loading=\"lazy\" decoding=\"async\" srcset=\"https:\/\/berner-neurologie.ch\/wp-content\/uploads\/2024\/08\/NeurologieBern_Petersen_Jens_cta.png 696w, https:\/\/berner-neurologie.ch\/wp-content\/uploads\/2024\/08\/NeurologieBern_Petersen_Jens_cta-450x450.png 450w\" sizes=\"auto, (max-width: 696px) 100vw, 696px\" \/>\t\t\t\t\t\t\t\n\t\t\t\t\t\t\t\t\t\t\t\t\t\t\t<figcaption class=\"adduse-ts-slide-caption\">PD Dr. m\u00e9d. Jens Petersen<\/figcaption>\n\t\t\t\t\t\t\t\t\t\t\t\t\t<\/figure>\n\t\t\t\t\t<\/div>\n\t\t\t\t\t\t\t\t\t<div class=\"swiper-slide\">\n\t\t\t\t\t\t<figure class=\"adduse-ts-slide-inner\">\n\t\t\t\t\t\t\t\t\t\t\t\t\t\t\t<img loading=\"lazy\" width=\"696\" height=\"698\" src=\"https:\/\/berner-neurologie.ch\/wp-content\/uploads\/2023\/10\/NeurologierBern_Amberger_Ulfrid_cta.png\" class=\"adduse-ts-slide-image wp-post-image\" alt=\"Dr. m\u00e9d. Ulfrid Amberger\" loading=\"lazy\" decoding=\"async\" srcset=\"https:\/\/berner-neurologie.ch\/wp-content\/uploads\/2023\/10\/NeurologierBern_Amberger_Ulfrid_cta.png 696w, https:\/\/berner-neurologie.ch\/wp-content\/uploads\/2023\/10\/NeurologierBern_Amberger_Ulfrid_cta-450x450.png 450w\" sizes=\"auto, (max-width: 696px) 100vw, 696px\" \/>\t\t\t\t\t\t\t\n\t\t\t\t\t\t\t\t\t\t\t\t\t\t\t<figcaption class=\"adduse-ts-slide-caption\">Dr. m\u00e9d. Ulfrid Amberger<\/figcaption>\n\t\t\t\t\t\t\t\t\t\t\t\t\t<\/figure>\n\t\t\t\t\t<\/div>\n\t\t\t\t\t\t\t\t\t<div class=\"swiper-slide\">\n\t\t\t\t\t\t<figure class=\"adduse-ts-slide-inner\">\n\t\t\t\t\t\t\t\t\t\t\t\t\t\t\t<img loading=\"lazy\" width=\"696\" height=\"698\" src=\"https:\/\/berner-neurologie.ch\/wp-content\/uploads\/2025\/07\/NeurologierBern_Marisa_Blanquet_cta.png\" class=\"adduse-ts-slide-image wp-post-image\" alt=\"Dr. m\u00e9d. Marisa Blanquet\" loading=\"lazy\" decoding=\"async\" srcset=\"https:\/\/berner-neurologie.ch\/wp-content\/uploads\/2025\/07\/NeurologierBern_Marisa_Blanquet_cta.png 696w, https:\/\/berner-neurologie.ch\/wp-content\/uploads\/2025\/07\/NeurologierBern_Marisa_Blanquet_cta-450x450.png 450w\" sizes=\"auto, (max-width: 696px) 100vw, 696px\" \/>\t\t\t\t\t\t\t\n\t\t\t\t\t\t\t\t\t\t\t\t\t\t\t<figcaption class=\"adduse-ts-slide-caption\">Dr. m\u00e9d. Marisa Blanquet<\/figcaption>\n\t\t\t\t\t\t\t\t\t\t\t\t\t<\/figure>\n\t\t\t\t\t<\/div>\n\t\t\t\t\t\t\t\t\t<div class=\"swiper-slide\">\n\t\t\t\t\t\t<figure class=\"adduse-ts-slide-inner\">\n\t\t\t\t\t\t\t\t\t\t\t\t\t\t\t<img loading=\"lazy\" width=\"696\" height=\"698\" src=\"https:\/\/berner-neurologie.ch\/wp-content\/uploads\/2025\/09\/NeurologieBern_Gropp_Claire-Marie_cta.png\" class=\"adduse-ts-slide-image wp-post-image\" alt=\"Dr. m\u00e9d. Claire-Marie Gropp\" loading=\"lazy\" decoding=\"async\" srcset=\"https:\/\/berner-neurologie.ch\/wp-content\/uploads\/2025\/09\/NeurologieBern_Gropp_Claire-Marie_cta.png 696w, https:\/\/berner-neurologie.ch\/wp-content\/uploads\/2025\/09\/NeurologieBern_Gropp_Claire-Marie_cta-450x450.png 450w\" sizes=\"auto, (max-width: 696px) 100vw, 696px\" \/>\t\t\t\t\t\t\t\n\t\t\t\t\t\t\t\t\t\t\t\t\t\t\t<figcaption class=\"adduse-ts-slide-caption\">Dr. m\u00e9d. Claire-Marie Gropp<\/figcaption>\n\t\t\t\t\t\t\t\t\t\t\t\t\t<\/figure>\n\t\t\t\t\t<\/div>\n\t\t\t\t\t\t\t<\/div>\n\n\t\t\t\t\t\t\t<button class=\"adduse-ts-button adduse-ts-button-prev\" type=\"button\" aria-label=\"Vorheriges Bild\"><svg viewBox=\"0 0 24 24\" width=\"20\" height=\"20\" fill=\"none\" stroke=\"currentColor\" stroke-width=\"2\" stroke-linecap=\"square\" stroke-linejoin=\"miter\" aria-hidden=\"true\" focusable=\"false\"><path d=\"M15 4 L7 12 L15 20\"\/><\/svg><\/button>\n\t\t\t\t<button class=\"adduse-ts-button adduse-ts-button-next\" type=\"button\" aria-label=\"N\u00e4chstes Bild\"><svg viewBox=\"0 0 24 24\" width=\"20\" height=\"20\" fill=\"none\" stroke=\"currentColor\" stroke-width=\"2\" stroke-linecap=\"square\" stroke-linejoin=\"miter\" aria-hidden=\"true\" focusable=\"false\"><path d=\"M9 4 L17 12 L9 20\"\/><\/svg><\/button>\n\t\t\t\n\t\t\t<div class=\"adduse-ts-pagination swiper-pagination\"><\/div>\n\t\t<\/div>\n\t\t\t\t\t\t<\/div>\n\t\t\t\t<\/div>\n\t\t\t\t\t<\/div>\n\t\t<\/div>\n\t\t\t\t\t<\/div>\n\t\t<\/section>\n\t\t\t\t<section class=\"elementor-section elementor-top-section elementor-element elementor-element-fd8cb63 elementor-section-boxed elementor-section-height-default elementor-section-height-default\" data-id=\"fd8cb63\" data-element_type=\"section\" data-e-type=\"section\">\n\t\t\t\t\t\t<div class=\"elementor-container elementor-column-gap-default\">\n\t\t\t\t\t<div class=\"elementor-column elementor-col-100 elementor-top-column elementor-element elementor-element-4ef800d\" data-id=\"4ef800d\" data-element_type=\"column\" data-e-type=\"column\">\n\t\t\t<div class=\"elementor-widget-wrap\">\n\t\t\t\t\t\t\t<\/div>\n\t\t<\/div>\n\t\t\t\t\t<\/div>\n\t\t<\/section>\n\t\t\t\t<\/div>\n\t\t\t\t<\/div>\n\t\t\t\t\t\t<\/div>\n\t\t\t\t<\/div>\n\t\t\t\t\t<\/div>\n\t\t<\/div>\n\t\t\t\t\t<\/div>\n\t\t<\/section>\n\t\t\t\t<\/div>\n\t\t","protected":false},"excerpt":{"rendered":"<p>\u00c0 propos de Berner Neurologie Nous proposons une large gamme de services m\u00e9dicaux, notamment le diagnostic et le traitement de maladies neurologiques telles que les maux de t\u00eate, les maladies des nerfs et des muscles, les vertiges, la scl\u00e9rose en plaques et bien plus encore. Nous utilisons des m\u00e9thodes de diagnostic de pointe et des [&hellip;]<\/p>\n","protected":false},"author":2,"featured_media":0,"parent":0,"menu_order":0,"comment_status":"closed","ping_status":"closed","template":"","meta":{"_acf_changed":false,"inline_featured_image":false,"site-sidebar-layout":"no-sidebar","site-content-layout":"page-builder","ast-site-content-layout":"full-width-container","site-content-style":"unboxed","site-sidebar-style":"unboxed","ast-global-header-display":"","ast-banner-title-visibility":"","ast-main-header-display":"","ast-hfb-above-header-display":"","ast-hfb-below-header-display":"","ast-hfb-mobile-header-display":"","site-post-title":"disabled","ast-breadcrumbs-content":"","ast-featured-img":"disabled","footer-sml-layout":"","ast-disable-related-posts":"","theme-transparent-header-meta":"disabled","adv-header-id-meta":"","stick-header-meta":"","header-above-stick-meta":"","header-main-stick-meta":"","header-below-stick-meta":"","astra-migrate-meta-layouts":"default","ast-page-background-enabled":"default","ast-page-background-meta":{"desktop":{"background-color":"var(--ast-global-color-4)","background-image":"","background-repeat":"repeat","background-position":"center center","background-size":"auto","background-attachment":"scroll","background-type":"","background-media":"","overlay-type":"","overlay-color":"","overlay-opacity":"","overlay-gradient":""},"tablet":{"background-color":"","background-image":"","background-repeat":"repeat","background-position":"center center","background-size":"auto","background-attachment":"scroll","background-type":"","background-media":"","overlay-type":"","overlay-color":"","overlay-opacity":"","overlay-gradient":""},"mobile":{"background-color":"","background-image":"","background-repeat":"repeat","background-position":"center center","background-size":"auto","background-attachment":"scroll","background-type":"","background-media":"","overlay-type":"","overlay-color":"","overlay-opacity":"","overlay-gradient":""}},"ast-content-background-meta":{"desktop":{"background-color":"var(--ast-global-color-5)","background-image":"","background-repeat":"repeat","background-position":"center center","background-size":"auto","background-attachment":"scroll","background-type":"","background-media":"","overlay-type":"","overlay-color":"","overlay-opacity":"","overlay-gradient":""},"tablet":{"background-color":"var(--ast-global-color-5)","background-image":"","background-repeat":"repeat","background-position":"center center","background-size":"auto","background-attachment":"scroll","background-type":"","background-media":"","overlay-type":"","overlay-color":"","overlay-opacity":"","overlay-gradient":""},"mobile":{"background-color":"var(--ast-global-color-5)","background-image":"","background-repeat":"repeat","background-position":"center center","background-size":"auto","background-attachment":"scroll","background-type":"","background-media":"","overlay-type":"","overlay-color":"","overlay-opacity":"","overlay-gradient":""}},"footnotes":""},"class_list":["post-2322","page","type-page","status-publish","hentry"],"acf":[],"yoast_head":"<!-- This site is optimized with the Yoast SEO plugin v28.3 - https:\/\/yoast.com\/product\/yoast-seo-wordpress\/ -->\n<title>Offre - Berner Neurologie Praxis<\/title>\n<meta name=\"description\" content=\"Nous proposons une large gamme de services m\u00e9dicaux, notamment le diagnostic et le traitement des maladies neurologiques.\" \/>\n<meta name=\"robots\" content=\"index, follow, max-snippet:-1, max-image-preview:large, max-video-preview:-1\" \/>\n<link rel=\"canonical\" href=\"https:\/\/berner-neurologie.ch\/fr\/angebot\/\" \/>\n<meta property=\"og:locale\" content=\"fr_FR\" \/>\n<meta property=\"og:type\" content=\"article\" \/>\n<meta property=\"og:title\" content=\"Offre - Berner Neurologie Praxis\" \/>\n<meta property=\"og:description\" content=\"Nous proposons une large gamme de services m\u00e9dicaux, notamment le diagnostic et le traitement des maladies neurologiques.\" \/>\n<meta property=\"og:url\" content=\"https:\/\/berner-neurologie.ch\/fr\/angebot\/\" \/>\n<meta property=\"og:site_name\" content=\"Berner Neurologie Praxis\" \/>\n<meta property=\"article:modified_time\" content=\"2026-07-01T10:45:26+00:00\" \/>\n<meta property=\"og:image\" content=\"https:\/\/berner-neurologie.ch\/wp-content\/uploads\/2023\/09\/NeurologieBern_Petersen_Jens_cta.png\" \/>\n<meta name=\"twitter:card\" content=\"summary_large_image\" \/>\n<meta name=\"twitter:label1\" content=\"Dur\u00e9e de lecture estim\u00e9e\" \/>\n\t<meta name=\"twitter:data1\" content=\"20 minutes\" \/>\n<script type=\"application\/ld+json\" class=\"yoast-schema-graph\">{\"@context\":\"https:\\\/\\\/schema.org\",\"@graph\":[{\"@type\":\"WebPage\",\"@id\":\"https:\\\/\\\/berner-neurologie.ch\\\/fr\\\/angebot\\\/\",\"url\":\"https:\\\/\\\/berner-neurologie.ch\\\/fr\\\/angebot\\\/\",\"name\":\"Offre - Berner Neurologie Praxis\",\"isPartOf\":{\"@id\":\"https:\\\/\\\/berner-neurologie.ch\\\/fr\\\/#website\"},\"primaryImageOfPage\":{\"@id\":\"https:\\\/\\\/berner-neurologie.ch\\\/fr\\\/angebot\\\/#primaryimage\"},\"image\":{\"@id\":\"https:\\\/\\\/berner-neurologie.ch\\\/fr\\\/angebot\\\/#primaryimage\"},\"thumbnailUrl\":\"https:\\\/\\\/berner-neurologie.ch\\\/wp-content\\\/uploads\\\/2023\\\/09\\\/NeurologieBern_Petersen_Jens_cta.png\",\"datePublished\":\"2021-11-21T14:12:46+00:00\",\"dateModified\":\"2026-07-01T10:45:26+00:00\",\"description\":\"Nous proposons une large gamme de services m\u00e9dicaux, notamment le diagnostic et le traitement des maladies neurologiques.\",\"breadcrumb\":{\"@id\":\"https:\\\/\\\/berner-neurologie.ch\\\/fr\\\/angebot\\\/#breadcrumb\"},\"inLanguage\":\"fr-FR\",\"potentialAction\":[{\"@type\":\"ReadAction\",\"target\":[\"https:\\\/\\\/berner-neurologie.ch\\\/fr\\\/angebot\\\/\"]}]},{\"@type\":\"ImageObject\",\"inLanguage\":\"fr-FR\",\"@id\":\"https:\\\/\\\/berner-neurologie.ch\\\/fr\\\/angebot\\\/#primaryimage\",\"url\":\"https:\\\/\\\/berner-neurologie.ch\\\/wp-content\\\/uploads\\\/2023\\\/09\\\/NeurologieBern_Petersen_Jens_cta.png\",\"contentUrl\":\"https:\\\/\\\/berner-neurologie.ch\\\/wp-content\\\/uploads\\\/2023\\\/09\\\/NeurologieBern_Petersen_Jens_cta.png\"},{\"@type\":\"BreadcrumbList\",\"@id\":\"https:\\\/\\\/berner-neurologie.ch\\\/fr\\\/angebot\\\/#breadcrumb\",\"itemListElement\":[{\"@type\":\"ListItem\",\"position\":1,\"name\":\"Startseite\",\"item\":\"https:\\\/\\\/berner-neurologie.ch\\\/fr\\\/\"},{\"@type\":\"ListItem\",\"position\":2,\"name\":\"Offre\"}]},{\"@type\":\"WebSite\",\"@id\":\"https:\\\/\\\/berner-neurologie.ch\\\/fr\\\/#website\",\"url\":\"https:\\\/\\\/berner-neurologie.ch\\\/fr\\\/\",\"name\":\"Berner Neurologie - Kompetenzzentrum f\u00fcr Neurologie\",\"description\":\"\",\"publisher\":{\"@id\":\"https:\\\/\\\/berner-neurologie.ch\\\/fr\\\/#organization\"},\"potentialAction\":[{\"@type\":\"SearchAction\",\"target\":{\"@type\":\"EntryPoint\",\"urlTemplate\":\"https:\\\/\\\/berner-neurologie.ch\\\/fr\\\/?s={search_term_string}\"},\"query-input\":{\"@type\":\"PropertyValueSpecification\",\"valueRequired\":true,\"valueName\":\"search_term_string\"}}],\"inLanguage\":\"fr-FR\"},{\"@type\":\"Organization\",\"@id\":\"https:\\\/\\\/berner-neurologie.ch\\\/fr\\\/#organization\",\"name\":\"Berner Neurologie - Kompetenzzentrum f\u00fcr Neurologie\",\"url\":\"https:\\\/\\\/berner-neurologie.ch\\\/fr\\\/\",\"logo\":{\"@type\":\"ImageObject\",\"inLanguage\":\"fr-FR\",\"@id\":\"https:\\\/\\\/berner-neurologie.ch\\\/fr\\\/#\\\/schema\\\/logo\\\/image\\\/\",\"url\":\"https:\\\/\\\/berner-neurologie.ch\\\/wp-content\\\/uploads\\\/2026\\\/07\\\/logo_berne-neurologie_blue.png\",\"contentUrl\":\"https:\\\/\\\/berner-neurologie.ch\\\/wp-content\\\/uploads\\\/2026\\\/07\\\/logo_berne-neurologie_blue.png\",\"width\":1000,\"height\":1000,\"caption\":\"Berner Neurologie - Kompetenzzentrum f\u00fcr Neurologie\"},\"image\":{\"@id\":\"https:\\\/\\\/berner-neurologie.ch\\\/fr\\\/#\\\/schema\\\/logo\\\/image\\\/\"}}]}<\/script>\n<!-- \/ Yoast SEO plugin. -->","yoast_head_json":{"title":"Offre - Berner Neurologie Praxis","description":"Nous proposons une large gamme de services m\u00e9dicaux, notamment le diagnostic et le traitement des maladies neurologiques.","robots":{"index":"index","follow":"follow","max-snippet":"max-snippet:-1","max-image-preview":"max-image-preview:large","max-video-preview":"max-video-preview:-1"},"canonical":"https:\/\/berner-neurologie.ch\/fr\/angebot\/","og_locale":"fr_FR","og_type":"article","og_title":"Offre - Berner Neurologie Praxis","og_description":"Nous proposons une large gamme de services m\u00e9dicaux, notamment le diagnostic et le traitement des maladies neurologiques.","og_url":"https:\/\/berner-neurologie.ch\/fr\/angebot\/","og_site_name":"Berner Neurologie Praxis","article_modified_time":"2026-07-01T10:45:26+00:00","og_image":[{"url":"https:\/\/berner-neurologie.ch\/wp-content\/uploads\/2023\/09\/NeurologieBern_Petersen_Jens_cta.png","type":"","width":"","height":""}],"twitter_card":"summary_large_image","twitter_misc":{"Dur\u00e9e de lecture estim\u00e9e":"20 minutes"},"schema":{"@context":"https:\/\/schema.org","@graph":[{"@type":"WebPage","@id":"https:\/\/berner-neurologie.ch\/fr\/angebot\/","url":"https:\/\/berner-neurologie.ch\/fr\/angebot\/","name":"Offre - Berner Neurologie Praxis","isPartOf":{"@id":"https:\/\/berner-neurologie.ch\/fr\/#website"},"primaryImageOfPage":{"@id":"https:\/\/berner-neurologie.ch\/fr\/angebot\/#primaryimage"},"image":{"@id":"https:\/\/berner-neurologie.ch\/fr\/angebot\/#primaryimage"},"thumbnailUrl":"https:\/\/berner-neurologie.ch\/wp-content\/uploads\/2023\/09\/NeurologieBern_Petersen_Jens_cta.png","datePublished":"2021-11-21T14:12:46+00:00","dateModified":"2026-07-01T10:45:26+00:00","description":"Nous proposons une large gamme de services m\u00e9dicaux, notamment le diagnostic et le traitement des maladies neurologiques.","breadcrumb":{"@id":"https:\/\/berner-neurologie.ch\/fr\/angebot\/#breadcrumb"},"inLanguage":"fr-FR","potentialAction":[{"@type":"ReadAction","target":["https:\/\/berner-neurologie.ch\/fr\/angebot\/"]}]},{"@type":"ImageObject","inLanguage":"fr-FR","@id":"https:\/\/berner-neurologie.ch\/fr\/angebot\/#primaryimage","url":"https:\/\/berner-neurologie.ch\/wp-content\/uploads\/2023\/09\/NeurologieBern_Petersen_Jens_cta.png","contentUrl":"https:\/\/berner-neurologie.ch\/wp-content\/uploads\/2023\/09\/NeurologieBern_Petersen_Jens_cta.png"},{"@type":"BreadcrumbList","@id":"https:\/\/berner-neurologie.ch\/fr\/angebot\/#breadcrumb","itemListElement":[{"@type":"ListItem","position":1,"name":"Startseite","item":"https:\/\/berner-neurologie.ch\/fr\/"},{"@type":"ListItem","position":2,"name":"Offre"}]},{"@type":"WebSite","@id":"https:\/\/berner-neurologie.ch\/fr\/#website","url":"https:\/\/berner-neurologie.ch\/fr\/","name":"Berner Neurologie - Kompetenzzentrum f\u00fcr Neurologie","description":"","publisher":{"@id":"https:\/\/berner-neurologie.ch\/fr\/#organization"},"potentialAction":[{"@type":"SearchAction","target":{"@type":"EntryPoint","urlTemplate":"https:\/\/berner-neurologie.ch\/fr\/?s={search_term_string}"},"query-input":{"@type":"PropertyValueSpecification","valueRequired":true,"valueName":"search_term_string"}}],"inLanguage":"fr-FR"},{"@type":"Organization","@id":"https:\/\/berner-neurologie.ch\/fr\/#organization","name":"Berner Neurologie - Kompetenzzentrum f\u00fcr Neurologie","url":"https:\/\/berner-neurologie.ch\/fr\/","logo":{"@type":"ImageObject","inLanguage":"fr-FR","@id":"https:\/\/berner-neurologie.ch\/fr\/#\/schema\/logo\/image\/","url":"https:\/\/berner-neurologie.ch\/wp-content\/uploads\/2026\/07\/logo_berne-neurologie_blue.png","contentUrl":"https:\/\/berner-neurologie.ch\/wp-content\/uploads\/2026\/07\/logo_berne-neurologie_blue.png","width":1000,"height":1000,"caption":"Berner Neurologie - Kompetenzzentrum f\u00fcr Neurologie"},"image":{"@id":"https:\/\/berner-neurologie.ch\/fr\/#\/schema\/logo\/image\/"}}]}},"_links":{"self":[{"href":"https:\/\/berner-neurologie.ch\/fr\/wp-json\/wp\/v2\/pages\/2322","targetHints":{"allow":["GET"]}}],"collection":[{"href":"https:\/\/berner-neurologie.ch\/fr\/wp-json\/wp\/v2\/pages"}],"about":[{"href":"https:\/\/berner-neurologie.ch\/fr\/wp-json\/wp\/v2\/types\/page"}],"author":[{"embeddable":true,"href":"https:\/\/berner-neurologie.ch\/fr\/wp-json\/wp\/v2\/users\/2"}],"replies":[{"embeddable":true,"href":"https:\/\/berner-neurologie.ch\/fr\/wp-json\/wp\/v2\/comments?post=2322"}],"version-history":[{"count":307,"href":"https:\/\/berner-neurologie.ch\/fr\/wp-json\/wp\/v2\/pages\/2322\/revisions"}],"predecessor-version":[{"id":7742,"href":"https:\/\/berner-neurologie.ch\/fr\/wp-json\/wp\/v2\/pages\/2322\/revisions\/7742"}],"wp:attachment":[{"href":"https:\/\/berner-neurologie.ch\/fr\/wp-json\/wp\/v2\/media?parent=2322"}],"curies":[{"name":"wp","href":"https:\/\/api.w.org\/{rel}","templated":true}]}}